{"id":1871,"date":"2022-03-03T04:49:17","date_gmt":"2022-03-03T04:49:17","guid":{"rendered":"https:\/\/digitsproject.eu\/?page_id=1871"},"modified":"2024-09-17T07:18:08","modified_gmt":"2024-09-17T07:18:08","slug":"uber","status":"publish","type":"page","link":"https:\/\/digitsproject.eu\/?page_id=1871&lang=de","title":{"rendered":"\u00dcber"},"content":{"rendered":"\t\t<div data-elementor-type=\"wp-page\" data-elementor-id=\"1871\" class=\"elementor elementor-1871\">\n\t\t\t\t\t\t\t\t\t<section class=\"elementor-section elementor-top-section elementor-element elementor-element-16d1e3d elementor-section-boxed elementor-section-height-default elementor-section-height-default\" data-id=\"16d1e3d\" data-element_type=\"section\" data-settings=\"{&quot;background_background&quot;:&quot;classic&quot;}\">\n\t\t\t\t\t\t<div class=\"elementor-container elementor-column-gap-no\">\n\t\t\t\t\t<div class=\"elementor-column elementor-col-100 elementor-top-column elementor-element elementor-element-090e8c2\" data-id=\"090e8c2\" data-element_type=\"column\">\n\t\t\t<div class=\"elementor-widget-wrap elementor-element-populated\">\n\t\t\t\t\t\t\t\t<section class=\"elementor-section elementor-inner-section elementor-element elementor-element-38910db elementor-section-boxed elementor-section-height-default elementor-section-height-default\" data-id=\"38910db\" data-element_type=\"section\">\n\t\t\t\t\t\t<div class=\"elementor-container elementor-column-gap-no\">\n\t\t\t\t\t<div class=\"elementor-column elementor-col-100 elementor-inner-column elementor-element elementor-element-4191865\" data-id=\"4191865\" data-element_type=\"column\">\n\t\t\t<div class=\"elementor-widget-wrap elementor-element-populated\">\n\t\t\t\t\t\t\t\t<div class=\"elementor-element elementor-element-0286cda elementor-widget elementor-widget-heading\" data-id=\"0286cda\" data-element_type=\"widget\" data-widget_type=\"heading.default\">\n\t\t\t\t<div class=\"elementor-widget-container\">\n\t\t\t<style>\/*! elementor - v3.14.0 - 18-06-2023 *\/\n.elementor-heading-title{padding:0;margin:0;line-height:1}.elementor-widget-heading .elementor-heading-title[class*=elementor-size-]>a{color:inherit;font-size:inherit;line-height:inherit}.elementor-widget-heading .elementor-heading-title.elementor-size-small{font-size:15px}.elementor-widget-heading .elementor-heading-title.elementor-size-medium{font-size:19px}.elementor-widget-heading .elementor-heading-title.elementor-size-large{font-size:29px}.elementor-widget-heading .elementor-heading-title.elementor-size-xl{font-size:39px}.elementor-widget-heading .elementor-heading-title.elementor-size-xxl{font-size:59px}<\/style><h1 class=\"elementor-heading-title elementor-size-default\">Wir sind hier, um den Aufbau von F\u00e4higkeiten f\u00fcr TCN-Frauen zu unterst\u00fctzen<\/h1>\t\t<\/div>\n\t\t\t\t<\/div>\n\t\t\t\t\t<\/div>\n\t\t<\/div>\n\t\t\t\t\t\t\t<\/div>\n\t\t<\/section>\n\t\t\t\t<section class=\"elementor-section elementor-inner-section elementor-element elementor-element-68c9e5b elementor-section-content-middle elementor-section-boxed elementor-section-height-default elementor-section-height-default\" data-id=\"68c9e5b\" data-element_type=\"section\">\n\t\t\t\t\t\t<div class=\"elementor-container elementor-column-gap-no\">\n\t\t\t\t\t<div class=\"elementor-column elementor-col-50 elementor-inner-column elementor-element elementor-element-e034dd2\" data-id=\"e034dd2\" data-element_type=\"column\">\n\t\t\t<div class=\"elementor-widget-wrap elementor-element-populated\">\n\t\t\t\t\t\t\t\t<div class=\"elementor-element elementor-element-b30c5b0 elementor-widget__width-initial elementor-widget elementor-widget-image\" data-id=\"b30c5b0\" data-element_type=\"widget\" data-widget_type=\"image.default\">\n\t\t\t\t<div class=\"elementor-widget-container\">\n\t\t\t<style>\/*! elementor - v3.14.0 - 18-06-2023 *\/\n.elementor-widget-image{text-align:center}.elementor-widget-image a{display:inline-block}.elementor-widget-image a img[src$=\".svg\"]{width:48px}.elementor-widget-image img{vertical-align:middle;display:inline-block}<\/style>\t\t\t\t\t\t\t\t\t\t\t\t<img loading=\"lazy\" decoding=\"async\" width=\"1800\" height=\"1201\" src=\"https:\/\/digitsproject.eu\/wp-content\/uploads\/2024\/03\/3-last-picture-of-the-about-page.png\" class=\"attachment-full size-full wp-image-1686\" alt=\"\" \/>\t\t\t\t\t\t\t\t\t\t\t\t\t\t\t<\/div>\n\t\t\t\t<\/div>\n\t\t\t\t<div class=\"elementor-element elementor-element-4107317 elementor-widget elementor-widget-text-editor\" data-id=\"4107317\" data-element_type=\"widget\" data-widget_type=\"text-editor.default\">\n\t\t\t\t<div class=\"elementor-widget-container\">\n\t\t\t<style>\/*! elementor - v3.14.0 - 18-06-2023 *\/\n.elementor-widget-text-editor.elementor-drop-cap-view-stacked .elementor-drop-cap{background-color:#69727d;color:#fff}.elementor-widget-text-editor.elementor-drop-cap-view-framed .elementor-drop-cap{color:#69727d;border:3px solid;background-color:transparent}.elementor-widget-text-editor:not(.elementor-drop-cap-view-default) .elementor-drop-cap{margin-top:8px}.elementor-widget-text-editor:not(.elementor-drop-cap-view-default) .elementor-drop-cap-letter{width:1em;height:1em}.elementor-widget-text-editor .elementor-drop-cap{float:left;text-align:center;line-height:1;font-size:50px}.elementor-widget-text-editor .elementor-drop-cap-letter{display:inline-block}<\/style>\t\t\t\t<p>Das DIGITS: Soft DIGITal Skills building for TCN women ist ein zweij\u00e4hriges Projekt, das von der Europ\u00e4ischen Union im Rahmen des ERASMUS+ Programms kofinanziert wird. Das Projekt wird von Partnern in Polen, Griechenland, Rum\u00e4nien, Belgien, \u00d6sterreich und Deutschland umgesetzt. Das Projekt zielt darauf ab, die digitale Inklusion von Frauen aus Drittstaaten (TCN) durch praktische Tools und ma\u00dfgeschneiderte Bildungsma\u00dfnahmen zu verbessern, die zu einer besseren Lebensqualit\u00e4t f\u00fcr sie beitragen werden.<\/p>\t\t\t\t\t\t<\/div>\n\t\t\t\t<\/div>\n\t\t\t\t\t<\/div>\n\t\t<\/div>\n\t\t\t\t<div class=\"elementor-column elementor-col-50 elementor-inner-column elementor-element elementor-element-f54db97\" data-id=\"f54db97\" data-element_type=\"column\">\n\t\t\t<div class=\"elementor-widget-wrap elementor-element-populated\">\n\t\t\t\t\t\t\t\t<div class=\"elementor-element elementor-element-b5a5cf7 elementor-widget elementor-widget-heading\" data-id=\"b5a5cf7\" data-element_type=\"widget\" data-widget_type=\"heading.default\">\n\t\t\t\t<div class=\"elementor-widget-container\">\n\t\t\t<h2 class=\"elementor-heading-title elementor-size-default\">\u00dcber Projekt<\/h2>\t\t<\/div>\n\t\t\t\t<\/div>\n\t\t\t\t<div class=\"elementor-element elementor-element-b2f04de elementor-widget elementor-widget-text-editor\" data-id=\"b2f04de\" data-element_type=\"widget\" data-widget_type=\"text-editor.default\">\n\t\t\t\t<div class=\"elementor-widget-container\">\n\t\t\t\t\t\t\t<p>Das Hauptziel des DIGITS-Projekts ist es, die digitale Inklusion von TCN-Frauen in den ausgew\u00e4hlten EU-L\u00e4ndern durch praktische Tools und ma\u00dfgeschneiderte Bildungsma\u00dfnahmen zu verbessern, um ihnen eine bessere Lebensqualit\u00e4t zu erm\u00f6glichen. Genauer gesagt zielt das DIGITS-Projekt darauf ab, das nationale und transnationale Verst\u00e4ndnis f\u00fcr die Bed\u00fcrfnisse der digitalen Integration von Frauen in der EU zu verbessern. Es ist wichtig, praktische Tools zu entwickeln und n\u00fctzliche Ressourcen im Hinblick auf die digitale Integration und damit die soziale Gerechtigkeit f\u00fcr Frauen mit Migrationshintergrund zu sammeln.<\/p><p>Zu diesem Zweck wird das DIGITS-Konsortium im Einklang mit den Grunds\u00e4tzen der Strategie zur Geschlechtergleichstellung 2020-25 die Erh\u00f6hung der Beteiligungsquoten von Menschen mit geringeren M\u00f6glichkeiten, insbesondere von Migrantinnen mit geringen digitalen Kenntnissen, als Mittel zur F\u00f6rderung der Geschlechterperspektive in der vorgeschlagenen Aktion priorisieren.<\/p>\t\t\t\t\t\t<\/div>\n\t\t\t\t<\/div>\n\t\t\t\t\t<\/div>\n\t\t<\/div>\n\t\t\t\t\t\t\t<\/div>\n\t\t<\/section>\n\t\t\t\t\t<\/div>\n\t\t<\/div>\n\t\t\t\t\t\t\t<\/div>\n\t\t<\/section>\n\t\t\t\t<section class=\"elementor-section elementor-top-section elementor-element elementor-element-97c3e06 elementor-section-content-middle elementor-section-boxed elementor-section-height-default elementor-section-height-default\" data-id=\"97c3e06\" data-element_type=\"section\">\n\t\t\t\t\t\t<div class=\"elementor-container elementor-column-gap-no\">\n\t\t\t\t\t<div class=\"elementor-column elementor-col-33 elementor-top-column elementor-element elementor-element-7ac99c6\" data-id=\"7ac99c6\" data-element_type=\"column\">\n\t\t\t<div class=\"elementor-widget-wrap elementor-element-populated\">\n\t\t\t\t\t\t\t\t<div class=\"elementor-element elementor-element-e01088c elementor-widget elementor-widget-heading\" data-id=\"e01088c\" data-element_type=\"widget\" data-widget_type=\"heading.default\">\n\t\t\t\t<div class=\"elementor-widget-container\">\n\t\t\t<h2 class=\"elementor-heading-title elementor-size-default\">Zielsetzung<\/h2>\t\t<\/div>\n\t\t\t\t<\/div>\n\t\t\t\t<div class=\"elementor-element elementor-element-262ff26 elementor-widget elementor-widget-text-editor\" data-id=\"262ff26\" data-element_type=\"widget\" data-widget_type=\"text-editor.default\">\n\t\t\t\t<div class=\"elementor-widget-container\">\n\t\t\t\t\t\t\tDas Projekt konzentriert sich auf die Entwicklung und Anwendung von\nbahnbrechenden Methoden zum Aufbau digitaler Medienkompetenz. Die Methodik\nzum Aufbau von Kapazit\u00e4ten im Rahmen des DIGITS-Projekts wird auch zur\nEntwicklung und Verbesserung der F\u00e4higkeiten und Kompetenzen der folgenden\nPersonen beitragen:\t\t\t\t\t\t<\/div>\n\t\t\t\t<\/div>\n\t\t\t\t<div class=\"elementor-element elementor-element-97d40c8 elementor-icon-list--layout-traditional elementor-list-item-link-full_width elementor-widget elementor-widget-icon-list\" data-id=\"97d40c8\" data-element_type=\"widget\" data-widget_type=\"icon-list.default\">\n\t\t\t\t<div class=\"elementor-widget-container\">\n\t\t\t<link rel=\"stylesheet\" href=\"https:\/\/digitsproject.eu\/wp-content\/plugins\/elementor\/assets\/css\/widget-icon-list.min.css\">\t\t<ul class=\"elementor-icon-list-items\">\n\t\t\t\t\t\t\t<li class=\"elementor-icon-list-item\">\n\t\t\t\t\t\t\t\t\t\t<span class=\"elementor-icon-list-text\">1. Fachleute, P\u00e4dagogen und Freiwillige, die mit TCNs-Frauen arbeiten;<\/span>\n\t\t\t\t\t\t\t\t\t<\/li>\n\t\t\t\t\t\t\t\t<li class=\"elementor-icon-list-item\">\n\t\t\t\t\t\t\t\t\t\t<span class=\"elementor-icon-list-text\">2. TCNs-Frauen, die F\u00e4higkeiten und Kompetenzen im Umgang mit digitalen Technologien erwerben.<\/span>\n\t\t\t\t\t\t\t\t\t<\/li>\n\t\t\t\t\t\t<\/ul>\n\t\t\t\t<\/div>\n\t\t\t\t<\/div>\n\t\t\t\t\t<\/div>\n\t\t<\/div>\n\t\t\t\t<div class=\"elementor-column elementor-col-33 elementor-top-column elementor-element elementor-element-0f25b5c\" data-id=\"0f25b5c\" data-element_type=\"column\">\n\t\t\t<div class=\"elementor-widget-wrap elementor-element-populated\">\n\t\t\t\t\t\t\t\t<div class=\"elementor-element elementor-element-d022457 elementor-widget elementor-widget-image\" data-id=\"d022457\" data-element_type=\"widget\" data-widget_type=\"image.default\">\n\t\t\t\t<div class=\"elementor-widget-container\">\n\t\t\t\t\t\t\t\t\t\t\t\t\t\t\t<img loading=\"lazy\" decoding=\"async\" width=\"1800\" height=\"1331\" src=\"https:\/\/digitsproject.eu\/wp-content\/uploads\/2024\/03\/4-picture-for-the-second-pahe-in-objectives.png\" class=\"attachment-full size-full wp-image-1687\" alt=\"\" \/>\t\t\t\t\t\t\t\t\t\t\t\t\t\t\t<\/div>\n\t\t\t\t<\/div>\n\t\t\t\t\t<\/div>\n\t\t<\/div>\n\t\t\t\t<div class=\"elementor-column elementor-col-33 elementor-top-column elementor-element elementor-element-597af64\" data-id=\"597af64\" data-element_type=\"column\">\n\t\t\t<div class=\"elementor-widget-wrap elementor-element-populated\">\n\t\t\t\t\t\t\t\t<div class=\"elementor-element elementor-element-0f86889 elementor-widget__width-initial elementor-widget elementor-widget-text-editor\" data-id=\"0f86889\" data-element_type=\"widget\" data-widget_type=\"text-editor.default\">\n\t\t\t\t<div class=\"elementor-widget-container\">\n\t\t\t\t\t\t\tUnsere Strategie umfasst die Verbesserung der F\u00e4higkeiten von Fachleuten und\nAkteuren, die direkt mit TCN-Frauen zusammenarbeiten, und konzentriert sich auf\nden Aufbau ihrer digitalen F\u00e4higkeiten und ihre langfristige St\u00e4rkung. Ein spezifisches Ziel ist auch die Sensibilisierung von Fachleuten, relevanten Interessengruppen und der \u00d6ffentlichkeit f\u00fcr die Bed\u00fcrfnisse von TCN-Frauen im Bereich der digitalen Integration. Die im Rahmen des DIGITS-Projekts entwickelte Webplattform f\u00fcr den Kapazit\u00e4tsaufbau wird ein attraktives Tool mit hoher Zug\u00e4nglichkeit und flexibler, benutzerfreundlicher digitaler Entwicklung sein, das sich leicht an verschiedene Kontexte anpassen l\u00e4sst. Auf diese Weise wird die Integration in das Lernen und Training auf allen Ebenen verbessert und seine Nachhaltigkeit und Kompatibilit\u00e4t mit den anstehenden sozialen und lernbezogenen Herausforderungen unterst\u00fctzt.\t\t\t\t\t\t<\/div>\n\t\t\t\t<\/div>\n\t\t\t\t\t<\/div>\n\t\t<\/div>\n\t\t\t\t\t\t\t<\/div>\n\t\t<\/section>\n\t\t\t\t<section class=\"elementor-section elementor-top-section elementor-element elementor-element-bb6992b elementor-section-boxed elementor-section-height-default elementor-section-height-default\" data-id=\"bb6992b\" data-element_type=\"section\" data-settings=\"{&quot;background_background&quot;:&quot;classic&quot;}\">\n\t\t\t\t\t\t<div class=\"elementor-container elementor-column-gap-no\">\n\t\t\t\t\t<div class=\"elementor-column elementor-col-100 elementor-top-column elementor-element elementor-element-c1f8b35\" data-id=\"c1f8b35\" data-element_type=\"column\">\n\t\t\t<div class=\"elementor-widget-wrap elementor-element-populated\">\n\t\t\t\t\t\t\t\t<section class=\"elementor-section elementor-inner-section elementor-element elementor-element-6260323 elementor-section-boxed elementor-section-height-default elementor-section-height-default\" data-id=\"6260323\" data-element_type=\"section\">\n\t\t\t\t\t\t<div class=\"elementor-container elementor-column-gap-no\">\n\t\t\t\t\t<div class=\"elementor-column elementor-col-100 elementor-inner-column elementor-element elementor-element-a331040\" data-id=\"a331040\" data-element_type=\"column\">\n\t\t\t<div class=\"elementor-widget-wrap elementor-element-populated\">\n\t\t\t\t\t\t\t\t<div class=\"elementor-element elementor-element-982bb7e elementor-widget elementor-widget-heading\" data-id=\"982bb7e\" data-element_type=\"widget\" data-widget_type=\"heading.default\">\n\t\t\t\t<div class=\"elementor-widget-container\">\n\t\t\t<h1 class=\"elementor-heading-title elementor-size-default\">\u00dcber Partner<\/h1>\t\t<\/div>\n\t\t\t\t<\/div>\n\t\t\t\t\t<\/div>\n\t\t<\/div>\n\t\t\t\t\t\t\t<\/div>\n\t\t<\/section>\n\t\t\t\t<section class=\"elementor-section elementor-inner-section elementor-element elementor-element-6317766 elementor-section-content-middle elementor-section-boxed elementor-section-height-default elementor-section-height-default\" data-id=\"6317766\" data-element_type=\"section\">\n\t\t\t\t\t\t<div class=\"elementor-container elementor-column-gap-no\">\n\t\t\t\t\t<div class=\"elementor-column elementor-col-50 elementor-inner-column elementor-element elementor-element-bd18fc8\" data-id=\"bd18fc8\" data-element_type=\"column\">\n\t\t\t<div class=\"elementor-widget-wrap elementor-element-populated\">\n\t\t\t\t\t\t\t\t<div class=\"elementor-element elementor-element-c24c881 elementor-widget elementor-widget-image\" data-id=\"c24c881\" data-element_type=\"widget\" data-widget_type=\"image.default\">\n\t\t\t\t<div class=\"elementor-widget-container\">\n\t\t\t\t\t\t\t\t\t\t\t\t\t\t\t<img loading=\"lazy\" decoding=\"async\" width=\"150\" height=\"150\" src=\"https:\/\/digitsproject.eu\/wp-content\/uploads\/2023\/06\/AIS-logo-150-1.png\" class=\"attachment-full size-full wp-image-1471\" alt=\"\" \/>\t\t\t\t\t\t\t\t\t\t\t\t\t\t\t<\/div>\n\t\t\t\t<\/div>\n\t\t\t\t\t<\/div>\n\t\t<\/div>\n\t\t\t\t<div class=\"elementor-column elementor-col-50 elementor-inner-column elementor-element elementor-element-7664ec6\" data-id=\"7664ec6\" data-element_type=\"column\">\n\t\t\t<div class=\"elementor-widget-wrap elementor-element-populated\">\n\t\t\t\t\t\t\t\t<div class=\"elementor-element elementor-element-7db8c99 elementor-widget elementor-widget-heading\" data-id=\"7db8c99\" data-element_type=\"widget\" data-widget_type=\"heading.default\">\n\t\t\t\t<div class=\"elementor-widget-container\">\n\t\t\t<h2 class=\"elementor-heading-title elementor-size-default\">Austrian Association of Inclusive Society<\/h2>\t\t<\/div>\n\t\t\t\t<\/div>\n\t\t\t\t<div class=\"elementor-element elementor-element-529aad7 elementor-widget elementor-widget-heading\" data-id=\"529aad7\" data-element_type=\"widget\" data-widget_type=\"heading.default\">\n\t\t\t\t<div class=\"elementor-widget-container\">\n\t\t\t<h6 class=\"elementor-heading-title elementor-size-default\">SCHWERPUNKTE SIND:<\/h6>\t\t<\/div>\n\t\t\t\t<\/div>\n\t\t\t\t<div class=\"elementor-element elementor-element-8c7cf25 elementor-icon-list--layout-traditional elementor-list-item-link-full_width elementor-widget elementor-widget-icon-list\" data-id=\"8c7cf25\" data-element_type=\"widget\" data-widget_type=\"icon-list.default\">\n\t\t\t\t<div class=\"elementor-widget-container\">\n\t\t\t\t\t<ul class=\"elementor-icon-list-items\">\n\t\t\t\t\t\t\t<li class=\"elementor-icon-list-item\">\n\t\t\t\t\t\t\t\t\t\t\t<span class=\"elementor-icon-list-icon\">\n\t\t\t\t\t\t\t<i aria-hidden=\"true\" class=\"fas fa-check\"><\/i>\t\t\t\t\t\t<\/span>\n\t\t\t\t\t\t\t\t\t\t<span class=\"elementor-icon-list-text\">Entwicklung der Gemeinschaft<\/span>\n\t\t\t\t\t\t\t\t\t<\/li>\n\t\t\t\t\t\t\t\t<li class=\"elementor-icon-list-item\">\n\t\t\t\t\t\t\t\t\t\t\t<span class=\"elementor-icon-list-icon\">\n\t\t\t\t\t\t\t<i aria-hidden=\"true\" class=\"fas fa-check\"><\/i>\t\t\t\t\t\t<\/span>\n\t\t\t\t\t\t\t\t\t\t<span class=\"elementor-icon-list-text\">Pers\u00f6nliche und berufliche Entwicklung<\/span>\n\t\t\t\t\t\t\t\t\t<\/li>\n\t\t\t\t\t\t\t\t<li class=\"elementor-icon-list-item\">\n\t\t\t\t\t\t\t\t\t\t\t<span class=\"elementor-icon-list-icon\">\n\t\t\t\t\t\t\t<i aria-hidden=\"true\" class=\"fas fa-check\"><\/i>\t\t\t\t\t\t<\/span>\n\t\t\t\t\t\t\t\t\t\t<span class=\"elementor-icon-list-text\">Integration, Inklusion und soziale Gerechtigkeit<\/span>\n\t\t\t\t\t\t\t\t\t<\/li>\n\t\t\t\t\t\t\t\t<li class=\"elementor-icon-list-item\">\n\t\t\t\t\t\t\t\t\t\t\t<span class=\"elementor-icon-list-icon\">\n\t\t\t\t\t\t\t<i aria-hidden=\"true\" class=\"fas fa-check\"><\/i>\t\t\t\t\t\t<\/span>\n\t\t\t\t\t\t\t\t\t\t<span class=\"elementor-icon-list-text\">Nationale und internationale Zusammenarbeit<\/span>\n\t\t\t\t\t\t\t\t\t<\/li>\n\t\t\t\t\t\t\t\t<li class=\"elementor-icon-list-item\">\n\t\t\t\t\t\t\t\t\t\t\t<span class=\"elementor-icon-list-icon\">\n\t\t\t\t\t\t\t<i aria-hidden=\"true\" class=\"fas fa-check\"><\/i>\t\t\t\t\t\t<\/span>\n\t\t\t\t\t\t\t\t\t\t<span class=\"elementor-icon-list-text\">Klimawandel und Umwelt<\/span>\n\t\t\t\t\t\t\t\t\t<\/li>\n\t\t\t\t\t\t\t\t<li class=\"elementor-icon-list-item\">\n\t\t\t\t\t\t\t\t\t\t\t<span class=\"elementor-icon-list-icon\">\n\t\t\t\t\t\t\t<i aria-hidden=\"true\" class=\"fas fa-check\"><\/i>\t\t\t\t\t\t<\/span>\n\t\t\t\t\t\t\t\t\t\t<span class=\"elementor-icon-list-text\">Menschenrechte<\/span>\n\t\t\t\t\t\t\t\t\t<\/li>\n\t\t\t\t\t\t\t\t<li class=\"elementor-icon-list-item\">\n\t\t\t\t\t\t\t\t\t\t\t<span class=\"elementor-icon-list-icon\">\n\t\t\t\t\t\t\t<i aria-hidden=\"true\" class=\"fas fa-check\"><\/i>\t\t\t\t\t\t<\/span>\n\t\t\t\t\t\t\t\t\t\t<span class=\"elementor-icon-list-text\">Jugend und Besch\u00e4ftigung<\/span>\n\t\t\t\t\t\t\t\t\t<\/li>\n\t\t\t\t\t\t\t\t<li class=\"elementor-icon-list-item\">\n\t\t\t\t\t\t\t\t\t\t\t<span class=\"elementor-icon-list-icon\">\n\t\t\t\t\t\t\t<i aria-hidden=\"true\" class=\"fas fa-check\"><\/i>\t\t\t\t\t\t<\/span>\n\t\t\t\t\t\t\t\t\t\t<span class=\"elementor-icon-list-text\">Diversit\u00e4t und Gesellschaft<\/span>\n\t\t\t\t\t\t\t\t\t<\/li>\n\t\t\t\t\t\t\t\t<li class=\"elementor-icon-list-item\">\n\t\t\t\t\t\t\t\t\t\t\t<span class=\"elementor-icon-list-icon\">\n\t\t\t\t\t\t\t<i aria-hidden=\"true\" class=\"fas fa-check\"><\/i>\t\t\t\t\t\t<\/span>\n\t\t\t\t\t\t\t\t\t\t<span class=\"elementor-icon-list-text\">Geschlechtergleichstellung<\/span>\n\t\t\t\t\t\t\t\t\t<\/li>\n\t\t\t\t\t\t\t\t<li class=\"elementor-icon-list-item\">\n\t\t\t\t\t\t\t\t\t\t\t<span class=\"elementor-icon-list-icon\">\n\t\t\t\t\t\t\t<i aria-hidden=\"true\" class=\"fas fa-check\"><\/i>\t\t\t\t\t\t<\/span>\n\t\t\t\t\t\t\t\t\t\t<span class=\"elementor-icon-list-text\">Mobbing\/Cybermobbing und Konfliktmediation in Schulen<\/span>\n\t\t\t\t\t\t\t\t\t<\/li>\n\t\t\t\t\t\t\t\t<li class=\"elementor-icon-list-item\">\n\t\t\t\t\t\t\t\t\t\t\t<span class=\"elementor-icon-list-icon\">\n\t\t\t\t\t\t\t<i aria-hidden=\"true\" class=\"fas fa-check\"><\/i>\t\t\t\t\t\t<\/span>\n\t\t\t\t\t\t\t\t\t\t<span class=\"elementor-icon-list-text\">Migration, Staatsb\u00fcrgerschaft und Zugeh\u00f6rigkeit<\/span>\n\t\t\t\t\t\t\t\t\t<\/li>\n\t\t\t\t\t\t\t\t<li class=\"elementor-icon-list-item\">\n\t\t\t\t\t\t\t\t\t\t\t<span class=\"elementor-icon-list-icon\">\n\t\t\t\t\t\t\t<i aria-hidden=\"true\" class=\"fas fa-check\"><\/i>\t\t\t\t\t\t<\/span>\n\t\t\t\t\t\t\t\t\t\t<span class=\"elementor-icon-list-text\">Entwicklungszusammenarbeit und humanit\u00e4re Hilfe<\/span>\n\t\t\t\t\t\t\t\t\t<\/li>\n\t\t\t\t\t\t\t\t<li class=\"elementor-icon-list-item\">\n\t\t\t\t\t\t\t\t\t\t\t<span class=\"elementor-icon-list-icon\">\n\t\t\t\t\t\t\t<i aria-hidden=\"true\" class=\"fas fa-check\"><\/i>\t\t\t\t\t\t<\/span>\n\t\t\t\t\t\t\t\t\t\t<span class=\"elementor-icon-list-text\">Bek\u00e4mpfung von gewaltt\u00e4tigem Extremismus<\/span>\n\t\t\t\t\t\t\t\t\t<\/li>\n\t\t\t\t\t\t<\/ul>\n\t\t\t\t<\/div>\n\t\t\t\t<\/div>\n\t\t\t\t<div class=\"elementor-element elementor-element-9881752 elementor-widget elementor-widget-text-editor\" data-id=\"9881752\" data-element_type=\"widget\" data-widget_type=\"text-editor.default\">\n\t\t\t\t<div class=\"elementor-widget-container\">\n\t\t\t\t\t\t\t<p>AIS hat einen guten Ruf f\u00fcr die Erstellung unabh\u00e4ngiger Qualit\u00e4tsstudien sowie f\u00fcr die Unterst\u00fctzung internationaler Kooperationen und die F\u00f6rderung bew\u00e4hrter Praktiken, die relevante Arbeit hervorbringen. Inclusive Society arbeitet derzeit an der Durchf\u00fchrung einer Vielzahl von Projekten und setzt sich f\u00fcr strategischen Einfluss in einer Reihe von Sektoren ein, die unsere Schwerpunktthemen ber\u00fchren. Mitarbeiter und Freiwillige setzen sich f\u00fcr gleiche Rechte f\u00fcr alle ein und f\u00f6rdern die vollst\u00e4ndige Inklusion von sozial benachteiligten, behinderten und ausgegrenzten Menschen in allen Bereichen des Lebens.<\/p>\t\t\t\t\t\t<\/div>\n\t\t\t\t<\/div>\n\t\t\t\t<div class=\"elementor-element elementor-element-9454911 elementor-align-right elementor-widget elementor-widget-button\" data-id=\"9454911\" data-element_type=\"widget\" data-widget_type=\"button.default\">\n\t\t\t\t<div class=\"elementor-widget-container\">\n\t\t\t\t\t<div class=\"elementor-button-wrapper\">\n\t\t\t<a class=\"elementor-button elementor-button-link elementor-size-sm\" href=\"https:\/\/www.inclusivesociety.at\" target=\"_blank\">\n\t\t\t\t\t\t<span class=\"elementor-button-content-wrapper\">\n\t\t\t\t\t\t<span class=\"elementor-button-icon elementor-align-icon-right\">\n\t\t\t\t<i aria-hidden=\"true\" class=\"fas fa-angle-right\"><\/i>\t\t\t<\/span>\n\t\t\t\t\t\t<span class=\"elementor-button-text\"> Mehr Infos<\/span>\n\t\t<\/span>\n\t\t\t\t\t<\/a>\n\t\t<\/div>\n\t\t\t\t<\/div>\n\t\t\t\t<\/div>\n\t\t\t\t\t<\/div>\n\t\t<\/div>\n\t\t\t\t\t\t\t<\/div>\n\t\t<\/section>\n\t\t\t\t<section class=\"elementor-section elementor-inner-section elementor-element elementor-element-8eb512e elementor-section-content-middle elementor-section-boxed elementor-section-height-default elementor-section-height-default\" data-id=\"8eb512e\" data-element_type=\"section\">\n\t\t\t\t\t\t<div class=\"elementor-container elementor-column-gap-no\">\n\t\t\t\t\t<div class=\"elementor-column elementor-col-50 elementor-inner-column elementor-element elementor-element-1c0f444\" data-id=\"1c0f444\" data-element_type=\"column\">\n\t\t\t<div class=\"elementor-widget-wrap elementor-element-populated\">\n\t\t\t\t\t\t\t\t<div class=\"elementor-element elementor-element-71f90dc elementor-widget elementor-widget-image\" data-id=\"71f90dc\" data-element_type=\"widget\" data-widget_type=\"image.default\">\n\t\t\t\t<div class=\"elementor-widget-container\">\n\t\t\t\t\t\t\t\t\t\t\t\t\t\t\t<img loading=\"lazy\" decoding=\"async\" width=\"150\" height=\"150\" src=\"https:\/\/digitsproject.eu\/wp-content\/uploads\/2023\/06\/BK-LOGO-150.png\" class=\"attachment-full size-full wp-image-1472\" alt=\"\" \/>\t\t\t\t\t\t\t\t\t\t\t\t\t\t\t<\/div>\n\t\t\t\t<\/div>\n\t\t\t\t\t<\/div>\n\t\t<\/div>\n\t\t\t\t<div class=\"elementor-column elementor-col-50 elementor-inner-column elementor-element elementor-element-05044cd\" data-id=\"05044cd\" data-element_type=\"column\">\n\t\t\t<div class=\"elementor-widget-wrap elementor-element-populated\">\n\t\t\t\t\t\t\t\t<div class=\"elementor-element elementor-element-dbb8495 elementor-widget elementor-widget-heading\" data-id=\"dbb8495\" data-element_type=\"widget\" data-widget_type=\"heading.default\">\n\t\t\t\t<div class=\"elementor-widget-container\">\n\t\t\t<h2 class=\"elementor-heading-title elementor-size-default\">BK Consult<\/h2>\t\t<\/div>\n\t\t\t\t<\/div>\n\t\t\t\t<div class=\"elementor-element elementor-element-71f8147 elementor-widget elementor-widget-heading\" data-id=\"71f8147\" data-element_type=\"widget\" data-widget_type=\"heading.default\">\n\t\t\t\t<div class=\"elementor-widget-container\">\n\t\t\t<p class=\"elementor-heading-title elementor-size-default\">BK-con ist ein Beratungsunternehmen mit umfangreicher Erfahrung in EU-finanzierten\nProjekten, sowohl auf der Entwicklungs- als auch auf der Umsetzungsebene. Wir wurden 1994 gegr\u00fcndet und verf\u00fcgen \u00fcber mehr als 30 Jahre Erfahrung mit transnationalen Projekten. Wir waren an der Entwicklung und Umsetzung von Projekten beteiligt, deren Gesamtwert das Budget von 4 Milliarden Euro \u00fcbersteigt. Wir bieten ein breites Spektrum an Dienstleistungen, die den Aufbau von Kapazit\u00e4ten und die Qualit\u00e4tssicherung erleichtern. Unser Ziel ist es, unsere Erfahrung zu nutzen, um Organisationen und Partnern auf lokaler, regionaler, nationaler und transnationaler Ebene einen Mehrwert zu bieten und so auf nachhaltige Weise einen Mehrwert f\u00fcr unsere Gesellschaft zu schaffen.<\/p>\t\t<\/div>\n\t\t\t\t<\/div>\n\t\t\t\t<div class=\"elementor-element elementor-element-65434de elementor-widget elementor-widget-heading\" data-id=\"65434de\" data-element_type=\"widget\" data-widget_type=\"heading.default\">\n\t\t\t\t<div class=\"elementor-widget-container\">\n\t\t\t<h6 class=\"elementor-heading-title elementor-size-default\">BK CONSULT GMBH DECKT DIE THEMENBEREICHE:<\/h6>\t\t<\/div>\n\t\t\t\t<\/div>\n\t\t\t\t<div class=\"elementor-element elementor-element-8dd81d7 elementor-icon-list--layout-traditional elementor-list-item-link-full_width elementor-widget elementor-widget-icon-list\" data-id=\"8dd81d7\" data-element_type=\"widget\" data-widget_type=\"icon-list.default\">\n\t\t\t\t<div class=\"elementor-widget-container\">\n\t\t\t\t\t<ul class=\"elementor-icon-list-items\">\n\t\t\t\t\t\t\t<li class=\"elementor-icon-list-item\">\n\t\t\t\t\t\t\t\t\t\t\t<span class=\"elementor-icon-list-icon\">\n\t\t\t\t\t\t\t<i aria-hidden=\"true\" class=\"fas fa-check\"><\/i>\t\t\t\t\t\t<\/span>\n\t\t\t\t\t\t\t\t\t\t<span class=\"elementor-icon-list-text\">Bildung, einschlie\u00dflich der Entwicklung und Bereitstellung von Studienpl\u00e4nen unter Verwendung modernster Methoden (TNA, DACUM, EU-Kompetenzrahmen, EQAVET, EU-Kreditsysteme, Lernvereinbarungen, Evaluierung durch die Schaffung von Feedback-Schleifen) sowie intelligenter IKT und anderer Tools (E-Learning) durch MOOC-Plattformen, Gamification und Erlebnisp\u00e4dagogik.<\/span>\n\t\t\t\t\t\t\t\t\t<\/li>\n\t\t\t\t\t\t\t\t<li class=\"elementor-icon-list-item\">\n\t\t\t\t\t\t\t\t\t\t\t<span class=\"elementor-icon-list-icon\">\n\t\t\t\t\t\t\t<i aria-hidden=\"true\" class=\"fas fa-check\"><\/i>\t\t\t\t\t\t<\/span>\n\t\t\t\t\t\t\t\t\t\t<span class=\"elementor-icon-list-text\">Besch\u00e4ftigung, entweder als Vermittler durch die Unterst\u00fctzung von Unternehmensgr\u00fcndungen und Unternehmertum oder durch die effektive Weiterqualifizierung\/Umschulung von Arbeitnehmern und Arbeitslosen, je nach den tats\u00e4chlichen Marktbed\u00fcrfnissen. Die angebotenen Dienstleistungen umfassen die Konzeption und Umsetzung von Marktbedarfsanalysen, Tracer-Studien, ALMPs und die Einf\u00fchrung von WBL- und Lehrlingsausbildungsprogrammen auf sektoraler\/l\u00e4ndlicher Ebene.<\/span>\n\t\t\t\t\t\t\t\t\t<\/li>\n\t\t\t\t\t\t\t\t<li class=\"elementor-icon-list-item\">\n\t\t\t\t\t\t\t\t\t\t\t<span class=\"elementor-icon-list-icon\">\n\t\t\t\t\t\t\t<i aria-hidden=\"true\" class=\"fas fa-check\"><\/i>\t\t\t\t\t\t<\/span>\n\t\t\t\t\t\t\t\t\t\t<span class=\"elementor-icon-list-text\">Soziale Eingliederung, die sich an gef\u00e4hrdete Gruppen richtet, einschlie\u00dflich Alleinerziehende, Langzeitarbeitslose, Minderheiten, TCNs und Bek\u00e4mpfung von Diskriminierung jeglicher Art (aufgrund des Geschlechts, der sexuellen Identit\u00e4t).<\/span>\n\t\t\t\t\t\t\t\t\t<\/li>\n\t\t\t\t\t\t\t\t<li class=\"elementor-icon-list-item\">\n\t\t\t\t\t\t\t\t\t\t\t<span class=\"elementor-icon-list-icon\">\n\t\t\t\t\t\t\t<i aria-hidden=\"true\" class=\"fas fa-check\"><\/i>\t\t\t\t\t\t<\/span>\n\t\t\t\t\t\t\t\t\t\t<span class=\"elementor-icon-list-text\">Qualit\u00e4tssicherung, mit fundierten Kenntnissen und Erfahrungen bei der Entwicklung und Bereitstellung von QA Tools und Mechanismen:<\/span>\n\t\t\t\t\t\t\t\t\t<\/li>\n\t\t\t\t\t\t<\/ul>\n\t\t\t\t<\/div>\n\t\t\t\t<\/div>\n\t\t\t\t<div class=\"elementor-element elementor-element-b64824d elementor-widget elementor-widget-text-editor\" data-id=\"b64824d\" data-element_type=\"widget\" data-widget_type=\"text-editor.default\">\n\t\t\t\t<div class=\"elementor-widget-container\">\n\t\t\t\t\t\t\t\t\t\t\t\t\t<\/div>\n\t\t\t\t<\/div>\n\t\t\t\t<div class=\"elementor-element elementor-element-9a5f5b7 elementor-align-right elementor-widget elementor-widget-button\" data-id=\"9a5f5b7\" data-element_type=\"widget\" data-widget_type=\"button.default\">\n\t\t\t\t<div class=\"elementor-widget-container\">\n\t\t\t\t\t<div class=\"elementor-button-wrapper\">\n\t\t\t<a class=\"elementor-button elementor-button-link elementor-size-sm\" href=\"https:\/\/bk-con.eu\/\" target=\"_blank\">\n\t\t\t\t\t\t<span class=\"elementor-button-content-wrapper\">\n\t\t\t\t\t\t<span class=\"elementor-button-icon elementor-align-icon-right\">\n\t\t\t\t<i aria-hidden=\"true\" class=\"fas fa-angle-right\"><\/i>\t\t\t<\/span>\n\t\t\t\t\t\t<span class=\"elementor-button-text\"> Mehr Infos<\/span>\n\t\t<\/span>\n\t\t\t\t\t<\/a>\n\t\t<\/div>\n\t\t\t\t<\/div>\n\t\t\t\t<\/div>\n\t\t\t\t\t<\/div>\n\t\t<\/div>\n\t\t\t\t\t\t\t<\/div>\n\t\t<\/section>\n\t\t\t\t<section class=\"elementor-section elementor-inner-section elementor-element elementor-element-98c31ec elementor-section-content-middle elementor-section-boxed elementor-section-height-default elementor-section-height-default\" data-id=\"98c31ec\" data-element_type=\"section\">\n\t\t\t\t\t\t<div class=\"elementor-container elementor-column-gap-no\">\n\t\t\t\t\t<div class=\"elementor-column elementor-col-50 elementor-inner-column elementor-element elementor-element-1dc98fd\" data-id=\"1dc98fd\" data-element_type=\"column\">\n\t\t\t<div class=\"elementor-widget-wrap elementor-element-populated\">\n\t\t\t\t\t\t\t\t<div class=\"elementor-element elementor-element-b7152c6 elementor-widget elementor-widget-image\" data-id=\"b7152c6\" data-element_type=\"widget\" data-widget_type=\"image.default\">\n\t\t\t\t<div class=\"elementor-widget-container\">\n\t\t\t\t\t\t\t\t\t\t\t\t\t\t\t<img loading=\"lazy\" decoding=\"async\" width=\"150\" height=\"150\" src=\"https:\/\/digitsproject.eu\/wp-content\/uploads\/2023\/06\/SYMPLEXIS_LOGO_150.png\" class=\"attachment-full size-full wp-image-1473\" alt=\"\" \/>\t\t\t\t\t\t\t\t\t\t\t\t\t\t\t<\/div>\n\t\t\t\t<\/div>\n\t\t\t\t\t<\/div>\n\t\t<\/div>\n\t\t\t\t<div class=\"elementor-column elementor-col-50 elementor-inner-column elementor-element elementor-element-23f25ef\" data-id=\"23f25ef\" data-element_type=\"column\">\n\t\t\t<div class=\"elementor-widget-wrap elementor-element-populated\">\n\t\t\t\t\t\t\t\t<div class=\"elementor-element elementor-element-a4f5d99 elementor-widget elementor-widget-heading\" data-id=\"a4f5d99\" data-element_type=\"widget\" data-widget_type=\"heading.default\">\n\t\t\t\t<div class=\"elementor-widget-container\">\n\t\t\t<h2 class=\"elementor-heading-title elementor-size-default\">Symplexis<\/h2>\t\t<\/div>\n\t\t\t\t<\/div>\n\t\t\t\t<div class=\"elementor-element elementor-element-b14b686 elementor-widget elementor-widget-heading\" data-id=\"b14b686\" data-element_type=\"widget\" data-widget_type=\"heading.default\">\n\t\t\t\t<div class=\"elementor-widget-container\">\n\t\t\t<p class=\"elementor-heading-title elementor-size-default\">Symplexis ist eine griechische Non-Profit-Organisation, die sich darum bem\u00fcht, Chancengleichheit f\u00fcr alle zu gew\u00e4hrleisten. Dies geschieht durch Aktionen und Ma\u00dfnahmen, die F\u00e4higkeiten aufbauen, das aktive Engagement und die Beteiligung f\u00f6rdern und sich dabei auf die schw\u00e4chsten Bev\u00f6lkerungsgruppen und insbesondere auf diejenigen mit geringeren M\u00f6glichkeiten konzentrieren.<\/p>\t\t<\/div>\n\t\t\t\t<\/div>\n\t\t\t\t<div class=\"elementor-element elementor-element-bd81eb5 elementor-widget elementor-widget-heading\" data-id=\"bd81eb5\" data-element_type=\"widget\" data-widget_type=\"heading.default\">\n\t\t\t\t<div class=\"elementor-widget-container\">\n\t\t\t<h6 class=\"elementor-heading-title elementor-size-default\">DIE AKTIVIT\u00c4T VON SYMPLEXIS BASIERT AUF NUTZERGEF\u00dcHRTEN ANS\u00c4TZEN UND INTERVENTIONEN RUND UM VIER HAUPTSCHWERPUNKTE, N\u00c4MLICH:<\/h6>\t\t<\/div>\n\t\t\t\t<\/div>\n\t\t\t\t<div class=\"elementor-element elementor-element-a5b4595 elementor-icon-list--layout-traditional elementor-list-item-link-full_width elementor-widget elementor-widget-icon-list\" data-id=\"a5b4595\" data-element_type=\"widget\" data-widget_type=\"icon-list.default\">\n\t\t\t\t<div class=\"elementor-widget-container\">\n\t\t\t\t\t<ul class=\"elementor-icon-list-items\">\n\t\t\t\t\t\t\t<li class=\"elementor-icon-list-item\">\n\t\t\t\t\t\t\t\t\t\t\t<span class=\"elementor-icon-list-icon\">\n\t\t\t\t\t\t\t<i aria-hidden=\"true\" class=\"fas fa-check\"><\/i>\t\t\t\t\t\t<\/span>\n\t\t\t\t\t\t\t\t\t\t<span class=\"elementor-icon-list-text\">Die soziale und wirtschaftliche Eingliederung der Bed\u00fcrftigsten durch eine Vielzahl von Aktivit\u00e4ten, die darauf abzielen, Armut zu verringern, Marginalisierung zu verhindern und die nachhaltige Integration benachteiligter Gruppen zu f\u00f6rdern, wobei der Schwerpunkt auf Drittstaatsangeh\u00f6rigen liegt.<\/span>\n\t\t\t\t\t\t\t\t\t<\/li>\n\t\t\t\t\t\t\t\t<li class=\"elementor-icon-list-item\">\n\t\t\t\t\t\t\t\t\t\t\t<span class=\"elementor-icon-list-icon\">\n\t\t\t\t\t\t\t<i aria-hidden=\"true\" class=\"fas fa-check\"><\/i>\t\t\t\t\t\t<\/span>\n\t\t\t\t\t\t\t\t\t\t<span class=\"elementor-icon-list-text\">Schutz und F\u00f6rderung der Menschenrechte durch Aktivit\u00e4ten und Ma\u00dfnahmen, die auf die Bed\u00fcrfnisse einer Vielzahl von diskriminierten Bev\u00f6lkerungsgruppen wie Frauen, Kindern und \u00e4lteren Menschen, Opfern von Gewalt und Menschenhandel, der LGBTQI-Gemeinschaft, Roma und unbegleiteten Minderj\u00e4hrigen, Migrantinnen und Migranten sowie Asylbewerbern\/Fl\u00fcchtlingen eingehen.<\/span>\n\t\t\t\t\t\t\t\t\t<\/li>\n\t\t\t\t\t\t\t\t<li class=\"elementor-icon-list-item\">\n\t\t\t\t\t\t\t\t\t\t\t<span class=\"elementor-icon-list-icon\">\n\t\t\t\t\t\t\t<i aria-hidden=\"true\" class=\"fas fa-check\"><\/i>\t\t\t\t\t\t<\/span>\n\t\t\t\t\t\t\t\t\t\t<span class=\"elementor-icon-list-text\">H\u00f6herqualifizierung, Aufbau von F\u00e4higkeiten und St\u00e4rkung von gef\u00e4hrdeten Gruppen mit dem Ziel, den gleichberechtigten Zugang zu formaler und nicht-formaler Bildung f\u00fcr alle zu f\u00f6rdern und lebenslanges Lernen zu unterst\u00fctzen, wobei der Schwerpunkt auf gering qualifizierten Personen liegt, die Schwierigkeiten auf dem (Wieder-)Arbeitsmarkt haben.<\/span>\n\t\t\t\t\t\t\t\t\t<\/li>\n\t\t\t\t\t\t\t\t<li class=\"elementor-icon-list-item\">\n\t\t\t\t\t\t\t\t\t\t\t<span class=\"elementor-icon-list-icon\">\n\t\t\t\t\t\t\t<i aria-hidden=\"true\" class=\"fas fa-check\"><\/i>\t\t\t\t\t\t<\/span>\n\t\t\t\t\t\t\t\t\t\t<span class=\"elementor-icon-list-text\">Entwicklung von Kindern und Jugendlichen durch Ma\u00dfnahmen und Projekte, die darauf abzielen, die Jugendarmut zu verringern, den Kinderschutz zu f\u00f6rdern und die soziale Eingliederung und Entwicklung anzuregen.<\/span>\n\t\t\t\t\t\t\t\t\t<\/li>\n\t\t\t\t\t\t<\/ul>\n\t\t\t\t<\/div>\n\t\t\t\t<\/div>\n\t\t\t\t<div class=\"elementor-element elementor-element-8d57f52 elementor-widget elementor-widget-text-editor\" data-id=\"8d57f52\" data-element_type=\"widget\" data-widget_type=\"text-editor.default\">\n\t\t\t\t<div class=\"elementor-widget-container\">\n\t\t\t\t\t\t\t<p>Symplexis hat es sich zur Aufgabe gemacht, den sozialen Zusammenhalt durch integrierte Aktionen und projektbasierte Aktivit\u00e4ten zu f\u00f6rdern, die darauf abzielen, die Eingliederung benachteiligter Gruppen, die von Marginalisierung und Ausgrenzung bedroht sind, zu unterst\u00fctzen und gleichzeitig die Rechte verschiedener Bev\u00f6lkerungsgruppen, die von Diskriminierung betroffen sind, zu f\u00f6rdern und zu sch\u00fctzen. Dabei liegt der Schwerpunkt auf der St\u00e4rkung und Unterst\u00fctzung von Opfern, der Sensibilisierung und dem Informationsaustausch auf allen Ebenen.<\/p>\t\t\t\t\t\t<\/div>\n\t\t\t\t<\/div>\n\t\t\t\t<div class=\"elementor-element elementor-element-a6e9db1 elementor-align-right elementor-widget elementor-widget-button\" data-id=\"a6e9db1\" data-element_type=\"widget\" data-widget_type=\"button.default\">\n\t\t\t\t<div class=\"elementor-widget-container\">\n\t\t\t\t\t<div class=\"elementor-button-wrapper\">\n\t\t\t<a class=\"elementor-button elementor-button-link elementor-size-sm\" href=\"https:\/\/symplexis.eu\" target=\"_blank\">\n\t\t\t\t\t\t<span class=\"elementor-button-content-wrapper\">\n\t\t\t\t\t\t<span class=\"elementor-button-icon elementor-align-icon-right\">\n\t\t\t\t<i aria-hidden=\"true\" class=\"fas fa-angle-right\"><\/i>\t\t\t<\/span>\n\t\t\t\t\t\t<span class=\"elementor-button-text\"> Mehr Infos<\/span>\n\t\t<\/span>\n\t\t\t\t\t<\/a>\n\t\t<\/div>\n\t\t\t\t<\/div>\n\t\t\t\t<\/div>\n\t\t\t\t\t<\/div>\n\t\t<\/div>\n\t\t\t\t\t\t\t<\/div>\n\t\t<\/section>\n\t\t\t\t<section class=\"elementor-section elementor-inner-section elementor-element elementor-element-436f919 elementor-section-content-middle elementor-section-boxed elementor-section-height-default elementor-section-height-default\" data-id=\"436f919\" data-element_type=\"section\">\n\t\t\t\t\t\t<div class=\"elementor-container elementor-column-gap-no\">\n\t\t\t\t\t<div class=\"elementor-column elementor-col-50 elementor-inner-column elementor-element elementor-element-baf69e9\" data-id=\"baf69e9\" data-element_type=\"column\">\n\t\t\t<div class=\"elementor-widget-wrap elementor-element-populated\">\n\t\t\t\t\t\t\t\t<div class=\"elementor-element elementor-element-01f4b7f elementor-widget elementor-widget-image\" data-id=\"01f4b7f\" data-element_type=\"widget\" data-widget_type=\"image.default\">\n\t\t\t\t<div class=\"elementor-widget-container\">\n\t\t\t\t\t\t\t\t\t\t\t\t\t\t\t<img loading=\"lazy\" decoding=\"async\" width=\"150\" height=\"150\" src=\"https:\/\/digitsproject.eu\/wp-content\/uploads\/2023\/06\/Diesis_150.png\" class=\"attachment-full size-full wp-image-1520\" alt=\"\" \/>\t\t\t\t\t\t\t\t\t\t\t\t\t\t\t<\/div>\n\t\t\t\t<\/div>\n\t\t\t\t\t<\/div>\n\t\t<\/div>\n\t\t\t\t<div class=\"elementor-column elementor-col-50 elementor-inner-column elementor-element elementor-element-ae3fb22\" data-id=\"ae3fb22\" data-element_type=\"column\">\n\t\t\t<div class=\"elementor-widget-wrap elementor-element-populated\">\n\t\t\t\t\t\t\t\t<div class=\"elementor-element elementor-element-79d4a3a elementor-widget elementor-widget-heading\" data-id=\"79d4a3a\" data-element_type=\"widget\" data-widget_type=\"heading.default\">\n\t\t\t\t<div class=\"elementor-widget-container\">\n\t\t\t<h2 class=\"elementor-heading-title elementor-size-default\">Diesis Network <\/h2>\t\t<\/div>\n\t\t\t\t<\/div>\n\t\t\t\t<div class=\"elementor-element elementor-element-d52e420 elementor-widget elementor-widget-heading\" data-id=\"d52e420\" data-element_type=\"widget\" data-widget_type=\"heading.default\">\n\t\t\t\t<div class=\"elementor-widget-container\">\n\t\t\t<p class=\"elementor-heading-title elementor-size-default\">Das Diesis Netzwerk ist eines der gr\u00f6\u00dften Netzwerke, das sich auf die Unterst\u00fctzung der Entwicklung der Sozialwirtschaft, des sozialen Unternehmertums und der sozialen Innovation spezialisiert hat. Angesichts der hohen sozialen, wirtschaftlichen und \u00f6kologischen Risiken sind wir zutiefst davon \u00fcberzeugt, dass ein globales Engagement aller Interessengruppen und ein gemeinschaftlicher Ansatz die einzige Antwort auf eine globale Krise sind. Daher legen wir gro\u00dfen Wert auf unsere \u00fcber 60 Mitgliedsorganisationen in \u00fcber 30 L\u00e4ndern.\n<\/p>\t\t<\/div>\n\t\t\t\t<\/div>\n\t\t\t\t<div class=\"elementor-element elementor-element-349516d elementor-widget elementor-widget-heading\" data-id=\"349516d\" data-element_type=\"widget\" data-widget_type=\"heading.default\">\n\t\t\t\t<div class=\"elementor-widget-container\">\n\t\t\t<p class=\"elementor-heading-title elementor-size-default\">Als einzigartiges \u00d6kosystem schaffen und vervielfachen wir die Wirkung durch eine enge Zusammenarbeit mit unseren Mitgliedern, die \u00fcber 100 000 Organisationen und 1,3 Millionen Arbeitspl\u00e4tze durch gro\u00dfe nationale Verb\u00e4nde und Unterst\u00fctzungsnetzwerke vertreten.<\/p>\t\t<\/div>\n\t\t\t\t<\/div>\n\t\t\t\t<div class=\"elementor-element elementor-element-7eb209c elementor-widget elementor-widget-heading\" data-id=\"7eb209c\" data-element_type=\"widget\" data-widget_type=\"heading.default\">\n\t\t\t\t<div class=\"elementor-widget-container\">\n\t\t\t<p class=\"elementor-heading-title elementor-size-default\">Mit einer Vielzahl von Profilen, Hintergr\u00fcnden und Herk\u00fcnften setzt unser Team aktiv wissensbasierte Aktivit\u00e4ten wie Training, Projektdesign, Beratung, technische Unterst\u00fctzung und Forschung um.<\/p>\t\t<\/div>\n\t\t\t\t<\/div>\n\t\t\t\t<div class=\"elementor-element elementor-element-3ee657c elementor-align-right elementor-widget elementor-widget-button\" data-id=\"3ee657c\" data-element_type=\"widget\" data-widget_type=\"button.default\">\n\t\t\t\t<div class=\"elementor-widget-container\">\n\t\t\t\t\t<div class=\"elementor-button-wrapper\">\n\t\t\t<a class=\"elementor-button elementor-button-link elementor-size-sm\" href=\"https:\/\/www.diesis.coop\/\" target=\"_blank\">\n\t\t\t\t\t\t<span class=\"elementor-button-content-wrapper\">\n\t\t\t\t\t\t<span class=\"elementor-button-icon elementor-align-icon-right\">\n\t\t\t\t<i aria-hidden=\"true\" class=\"fas fa-angle-right\"><\/i>\t\t\t<\/span>\n\t\t\t\t\t\t<span class=\"elementor-button-text\"> Mehr Infos<\/span>\n\t\t<\/span>\n\t\t\t\t\t<\/a>\n\t\t<\/div>\n\t\t\t\t<\/div>\n\t\t\t\t<\/div>\n\t\t\t\t\t<\/div>\n\t\t<\/div>\n\t\t\t\t\t\t\t<\/div>\n\t\t<\/section>\n\t\t\t\t<section class=\"elementor-section elementor-inner-section elementor-element elementor-element-b638e62 elementor-section-content-middle elementor-section-boxed elementor-section-height-default elementor-section-height-default\" data-id=\"b638e62\" data-element_type=\"section\">\n\t\t\t\t\t\t<div class=\"elementor-container elementor-column-gap-no\">\n\t\t\t\t\t<div class=\"elementor-column elementor-col-50 elementor-inner-column elementor-element elementor-element-e53c743\" data-id=\"e53c743\" data-element_type=\"column\">\n\t\t\t<div class=\"elementor-widget-wrap elementor-element-populated\">\n\t\t\t\t\t\t\t\t<div class=\"elementor-element elementor-element-9ddae79 elementor-widget elementor-widget-image\" data-id=\"9ddae79\" data-element_type=\"widget\" data-widget_type=\"image.default\">\n\t\t\t\t<div class=\"elementor-widget-container\">\n\t\t\t\t\t\t\t\t\t\t\t\t\t\t\t<img loading=\"lazy\" decoding=\"async\" width=\"150\" height=\"150\" src=\"https:\/\/digitsproject.eu\/wp-content\/uploads\/2023\/06\/PFM_150.jpg\" class=\"attachment-full size-full wp-image-1524\" alt=\"\" \/>\t\t\t\t\t\t\t\t\t\t\t\t\t\t\t<\/div>\n\t\t\t\t<\/div>\n\t\t\t\t\t<\/div>\n\t\t<\/div>\n\t\t\t\t<div class=\"elementor-column elementor-col-50 elementor-inner-column elementor-element elementor-element-d9daa74\" data-id=\"d9daa74\" data-element_type=\"column\">\n\t\t\t<div class=\"elementor-widget-wrap elementor-element-populated\">\n\t\t\t\t\t\t\t\t<div class=\"elementor-element elementor-element-3266d8e elementor-widget elementor-widget-heading\" data-id=\"3266d8e\" data-element_type=\"widget\" data-widget_type=\"heading.default\">\n\t\t\t\t<div class=\"elementor-widget-container\">\n\t\t\t<h2 class=\"elementor-heading-title elementor-size-default\">Polskie Forum Migracyjne<\/h2>\t\t<\/div>\n\t\t\t\t<\/div>\n\t\t\t\t<div class=\"elementor-element elementor-element-81f33cd elementor-widget elementor-widget-heading\" data-id=\"81f33cd\" data-element_type=\"widget\" data-widget_type=\"heading.default\">\n\t\t\t\t<div class=\"elementor-widget-container\">\n\t\t\t<p class=\"elementor-heading-title elementor-size-default\">Die Stiftung Polnisches Migrationsforum (PFM) wurde 2007 gegr\u00fcndet, um die Rechte von MigrantInnen in Polen zu f\u00f6rdern. Wir von PFM m\u00f6chten, dass Polen ein Land ist, in dem Menschen verschiedener Rassen, Religionen und Kulturen in Harmonie und Respekt leben und sich um Einigung und Zusammenarbeit bem\u00fchen. Unsere Aufgabe ist es, die Integration von Menschen zu unterst\u00fctzen, die nach Polen einwandern - damit es ihre zweite Heimat werden kann. PFM bietet Fl\u00fcchtlingen und Migrantinnen, die in Polen leben, umfassende und professionelle Unterst\u00fctzung.<\/p>\t\t<\/div>\n\t\t\t\t<\/div>\n\t\t\t\t<div class=\"elementor-element elementor-element-9f7fe25 elementor-widget elementor-widget-heading\" data-id=\"9f7fe25\" data-element_type=\"widget\" data-widget_type=\"heading.default\">\n\t\t\t\t<div class=\"elementor-widget-container\">\n\t\t\t<p class=\"elementor-heading-title elementor-size-default\">Wir entwickeln Initiativen und unterst\u00fctzen Aktivit\u00e4ten, die zum Dialog zwischen Menschen aus verschiedenen Kulturen f\u00fchren. Die Stiftung hat sich auf Informationsaktivit\u00e4ten spezialisiert und bietet folgende Leistungen an: direkte Unterst\u00fctzung f\u00fcr Ausl\u00e4nder (psychologische Beratung, Informationen \u00fcber den Arbeitsmarkt, Legalisierung des Aufenthalts), Trainings (f\u00fcr Lehrer, Psychologen, Regierungsbeamte) und Aktivit\u00e4ten zwischen formeller und informeller Bildung (Workshops, Stadtspiele). Au\u00dferdem unterst\u00fctzt PFM Migrantinnen durch die Organisation von Geburtsvorbereitungskursen und Selbsthilfegruppen f\u00fcr Migrantinnen.<\/p>\t\t<\/div>\n\t\t\t\t<\/div>\n\t\t\t\t<div class=\"elementor-element elementor-element-c31dffb elementor-widget elementor-widget-heading\" data-id=\"c31dffb\" data-element_type=\"widget\" data-widget_type=\"heading.default\">\n\t\t\t\t<div class=\"elementor-widget-container\">\n\t\t\t<p class=\"elementor-heading-title elementor-size-default\">Unsere Arbeitsethik - Innovation, Engagement, Aufmerksamkeit f\u00fcr Qualit\u00e4t. Innovation: Wir sind immer auf der Suche nach neuen Handlungsm\u00f6glichkeiten. Wir analysieren die Bed\u00fcrfnisse der MigrantInnen und gehen flexibel darauf ein. Wir nutzen das interdisziplin\u00e4re Wissen unseres Teams bei der Entwicklung unserer Aktivit\u00e4ten<\/p>\t\t<\/div>\n\t\t\t\t<\/div>\n\t\t\t\t<div class=\"elementor-element elementor-element-a33e7f6 elementor-widget elementor-widget-heading\" data-id=\"a33e7f6\" data-element_type=\"widget\" data-widget_type=\"heading.default\">\n\t\t\t\t<div class=\"elementor-widget-container\">\n\t\t\t<p class=\"elementor-heading-title elementor-size-default\">Einbindung: Wir stecken viel Herz und Engagement in jede unserer Besprechungen mit den Beg\u00fcnstigten. Wir sind ein Team von Aktivisten - Aktionen zur Unterst\u00fctzung von Ausl\u00e4ndern sind f\u00fcr uns pers\u00f6nlich wichtig. Wir binden Freiwillige aktiv in unsere Arbeit ein.<\/p>\t\t<\/div>\n\t\t\t\t<\/div>\n\t\t\t\t<div class=\"elementor-element elementor-element-a285dcb elementor-widget elementor-widget-heading\" data-id=\"a285dcb\" data-element_type=\"widget\" data-widget_type=\"heading.default\">\n\t\t\t\t<div class=\"elementor-widget-container\">\n\t\t\t<p class=\"elementor-heading-title elementor-size-default\">Wir achten auf Qualit\u00e4t: Wir arbeiten umfassend. Wir sorgen daf\u00fcr, dass Ausl\u00e4nder in verschiedenen Bereichen ihres Lebens von uns unterst\u00fctzt werden k\u00f6nnen. Es ist f\u00fcr uns wichtig, die Kompetenzen unseres Teams st\u00e4ndig zu verbessern. Wir nehmen an Trainings, Seminaren und Studienbesuchen teil.<\/p>\t\t<\/div>\n\t\t\t\t<\/div>\n\t\t\t\t<div class=\"elementor-element elementor-element-dd34850 elementor-align-right elementor-widget elementor-widget-button\" data-id=\"dd34850\" data-element_type=\"widget\" data-widget_type=\"button.default\">\n\t\t\t\t<div class=\"elementor-widget-container\">\n\t\t\t\t\t<div class=\"elementor-button-wrapper\">\n\t\t\t<a class=\"elementor-button elementor-button-link elementor-size-sm\" href=\"https:\/\/forummigracyjne.org\/\" target=\"_blank\">\n\t\t\t\t\t\t<span class=\"elementor-button-content-wrapper\">\n\t\t\t\t\t\t<span class=\"elementor-button-icon elementor-align-icon-right\">\n\t\t\t\t<i aria-hidden=\"true\" class=\"fas fa-angle-right\"><\/i>\t\t\t<\/span>\n\t\t\t\t\t\t<span class=\"elementor-button-text\"> Mehr Infos<\/span>\n\t\t<\/span>\n\t\t\t\t\t<\/a>\n\t\t<\/div>\n\t\t\t\t<\/div>\n\t\t\t\t<\/div>\n\t\t\t\t\t<\/div>\n\t\t<\/div>\n\t\t\t\t\t\t\t<\/div>\n\t\t<\/section>\n\t\t\t\t<section class=\"elementor-section elementor-inner-section elementor-element elementor-element-6816407 elementor-section-content-middle elementor-section-boxed elementor-section-height-default elementor-section-height-default\" data-id=\"6816407\" data-element_type=\"section\">\n\t\t\t\t\t\t<div class=\"elementor-container elementor-column-gap-no\">\n\t\t\t\t\t<div class=\"elementor-column elementor-col-50 elementor-inner-column elementor-element elementor-element-e136d65\" data-id=\"e136d65\" data-element_type=\"column\">\n\t\t\t<div class=\"elementor-widget-wrap elementor-element-populated\">\n\t\t\t\t\t\t\t\t<div class=\"elementor-element elementor-element-64ff0bd elementor-widget elementor-widget-image\" data-id=\"64ff0bd\" data-element_type=\"widget\" data-widget_type=\"image.default\">\n\t\t\t\t<div class=\"elementor-widget-container\">\n\t\t\t\t\t\t\t\t\t\t\t\t\t\t\t<img loading=\"lazy\" decoding=\"async\" width=\"147\" height=\"150\" src=\"https:\/\/digitsproject.eu\/wp-content\/uploads\/2023\/06\/Hip-150.jpg\" class=\"attachment-full size-full wp-image-1423\" alt=\"\" \/>\t\t\t\t\t\t\t\t\t\t\t\t\t\t\t<\/div>\n\t\t\t\t<\/div>\n\t\t\t\t\t<\/div>\n\t\t<\/div>\n\t\t\t\t<div class=\"elementor-column elementor-col-50 elementor-inner-column elementor-element elementor-element-b259fc6\" data-id=\"b259fc6\" data-element_type=\"column\">\n\t\t\t<div class=\"elementor-widget-wrap elementor-element-populated\">\n\t\t\t\t\t\t\t\t<div class=\"elementor-element elementor-element-3d2bebd elementor-widget elementor-widget-heading\" data-id=\"3d2bebd\" data-element_type=\"widget\" data-widget_type=\"heading.default\">\n\t\t\t\t<div class=\"elementor-widget-container\">\n\t\t\t<h2 class=\"elementor-heading-title elementor-size-default\">Hub for Innovation Policy<\/h2>\t\t<\/div>\n\t\t\t\t<\/div>\n\t\t\t\t<div class=\"elementor-element elementor-element-ff167ae elementor-widget elementor-widget-heading\" data-id=\"ff167ae\" data-element_type=\"widget\" data-widget_type=\"heading.default\">\n\t\t\t\t<div class=\"elementor-widget-container\">\n\t\t\t<p class=\"elementor-heading-title elementor-size-default\">Hub for Innovation Policy (HIP) ist ein Start-up-Unternehmen, das sich zum Ziel gesetzt hat, Innovation und Technologie zu nutzen, um die Dienstleistungen von Unternehmen und sozialen Akteuren zu f\u00f6rdern und zu st\u00e4rken. Zu den wichtigsten Instrumenten, die wir zu diesem Zweck einsetzen, geh\u00f6ren IKT-Tools, Programme zum Aufbau von Kapazit\u00e4ten und Beratungsdienste.\n<\/p>\t\t<\/div>\n\t\t\t\t<\/div>\n\t\t\t\t<div class=\"elementor-element elementor-element-43c5a70 elementor-widget elementor-widget-heading\" data-id=\"43c5a70\" data-element_type=\"widget\" data-widget_type=\"heading.default\">\n\t\t\t\t<div class=\"elementor-widget-container\">\n\t\t\t<p class=\"elementor-heading-title elementor-size-default\">Unser Team besteht aus Experten mit multidisziplin\u00e4rem Hintergrund, die \u00fcber solide Kenntnisse und Erfahrungen in der Arbeit mit Interessengruppen und dem Dritten Sektor auf internationaler Ebene verf\u00fcgen. Unsere Erfahrung und Erfolgsbilanz umfasst die erfolgreiche Zusammenarbeit mit Unternehmen verschiedener Branchen und Wirtschaftssektoren, Institutionen und lokalen Beh\u00f6rden in verschiedenen EU-L\u00e4ndern, der Europ\u00e4ischen Kommission sowie mit Nichtregierungsorganisationen und Organisationen, die im Bereich der Menschenrechte t\u00e4tig sind.\n<\/p>\t\t<\/div>\n\t\t\t\t<\/div>\n\t\t\t\t<div class=\"elementor-element elementor-element-bd24ec0 elementor-widget elementor-widget-heading\" data-id=\"bd24ec0\" data-element_type=\"widget\" data-widget_type=\"heading.default\">\n\t\t\t\t<div class=\"elementor-widget-container\">\n\t\t\t<p class=\"elementor-heading-title elementor-size-default\">Unser Ansatz ist kundenorientiert und basiert auf einer engen und regelm\u00e4\u00dfigen Zusammenarbeit und Interaktion mit unseren Kunden und Partnern, um tats\u00e4chlich ma\u00dfgeschneiderte L\u00f6sungen f\u00fcr ihre besonderen Bed\u00fcrfnisse und Herausforderungen zu erreichen.<\/p>\t\t<\/div>\n\t\t\t\t<\/div>\n\t\t\t\t<div class=\"elementor-element elementor-element-f98a1bf elementor-align-right elementor-widget elementor-widget-button\" data-id=\"f98a1bf\" data-element_type=\"widget\" data-widget_type=\"button.default\">\n\t\t\t\t<div class=\"elementor-widget-container\">\n\t\t\t\t\t<div class=\"elementor-button-wrapper\">\n\t\t\t<a class=\"elementor-button elementor-button-link elementor-size-sm\" href=\"https:\/\/hubinno.eu\" target=\"_blank\">\n\t\t\t\t\t\t<span class=\"elementor-button-content-wrapper\">\n\t\t\t\t\t\t<span class=\"elementor-button-icon elementor-align-icon-right\">\n\t\t\t\t<i aria-hidden=\"true\" class=\"fas fa-angle-right\"><\/i>\t\t\t<\/span>\n\t\t\t\t\t\t<span class=\"elementor-button-text\"> Mehr Infos<\/span>\n\t\t<\/span>\n\t\t\t\t\t<\/a>\n\t\t<\/div>\n\t\t\t\t<\/div>\n\t\t\t\t<\/div>\n\t\t\t\t\t<\/div>\n\t\t<\/div>\n\t\t\t\t\t\t\t<\/div>\n\t\t<\/section>\n\t\t\t\t<section class=\"elementor-section elementor-inner-section elementor-element elementor-element-f1bee97 elementor-section-content-middle elementor-section-boxed elementor-section-height-default elementor-section-height-default\" data-id=\"f1bee97\" data-element_type=\"section\">\n\t\t\t\t\t\t<div class=\"elementor-container elementor-column-gap-no\">\n\t\t\t\t\t<div class=\"elementor-column elementor-col-50 elementor-inner-column elementor-element elementor-element-1c84ff6\" data-id=\"1c84ff6\" data-element_type=\"column\">\n\t\t\t<div class=\"elementor-widget-wrap elementor-element-populated\">\n\t\t\t\t\t\t\t\t<div class=\"elementor-element elementor-element-4c5cdd4 elementor-widget elementor-widget-image\" data-id=\"4c5cdd4\" data-element_type=\"widget\" data-widget_type=\"image.default\">\n\t\t\t\t<div class=\"elementor-widget-container\">\n\t\t\t\t\t\t\t\t\t\t\t\t\t\t\t<img loading=\"lazy\" decoding=\"async\" width=\"150\" height=\"150\" src=\"https:\/\/digitsproject.eu\/wp-content\/uploads\/2023\/06\/LOGO_GFM150.png\" class=\"attachment-full size-full wp-image-1531\" alt=\"\" \/>\t\t\t\t\t\t\t\t\t\t\t\t\t\t\t<\/div>\n\t\t\t\t<\/div>\n\t\t\t\t\t<\/div>\n\t\t<\/div>\n\t\t\t\t<div class=\"elementor-column elementor-col-50 elementor-inner-column elementor-element elementor-element-16d54e8\" data-id=\"16d54e8\" data-element_type=\"column\">\n\t\t\t<div class=\"elementor-widget-wrap elementor-element-populated\">\n\t\t\t\t\t\t\t\t<div class=\"elementor-element elementor-element-8e55cda elementor-widget elementor-widget-heading\" data-id=\"8e55cda\" data-element_type=\"widget\" data-widget_type=\"heading.default\">\n\t\t\t\t<div class=\"elementor-widget-container\">\n\t\t\t<h2 class=\"elementor-heading-title elementor-size-default\">GREEK FORUM OF MIGRANTS - Elliniko Forum Metanaston<\/h2>\t\t<\/div>\n\t\t\t\t<\/div>\n\t\t\t\t<div class=\"elementor-element elementor-element-d5cf109 elementor-widget elementor-widget-heading\" data-id=\"d5cf109\" data-element_type=\"widget\" data-widget_type=\"heading.default\">\n\t\t\t\t<div class=\"elementor-widget-container\">\n\t\t\t<p class=\"elementor-heading-title elementor-size-default\">The Greek Forum of Migrants (GFM) ist ein Netzwerk von MigrantInnenorganisationen und -gemeinschaften in Griechenland. Es wurde im September 2002 gegr\u00fcndet, funktioniert als Gewerkschaft und z\u00e4hlt heute rund 40 Gemeinschaften und Organisationen zu seinen Mitgliedern.\n<\/p>\t\t<\/div>\n\t\t\t\t<\/div>\n\t\t\t\t<div class=\"elementor-element elementor-element-2f5f4ce elementor-widget elementor-widget-heading\" data-id=\"2f5f4ce\" data-element_type=\"widget\" data-widget_type=\"heading.default\">\n\t\t\t\t<div class=\"elementor-widget-container\">\n\t\t\t<p class=\"elementor-heading-title elementor-size-default\">Ihre Aufgabe ist die F\u00f6rderung der Integration und Inklusion von MigrantInnen durch die St\u00e4rkung ihrer individuellen und kollektiven Verantwortung und Beteiligung durch die Zusammenarbeit mit Institutionen, Nichtregierungsorganisationen und der Gesellschaft - auf nationaler und europ\u00e4ischer Ebene.\n<\/p>\t\t<\/div>\n\t\t\t\t<\/div>\n\t\t\t\t<div class=\"elementor-element elementor-element-4924a76 elementor-widget elementor-widget-heading\" data-id=\"4924a76\" data-element_type=\"widget\" data-widget_type=\"heading.default\">\n\t\t\t\t<div class=\"elementor-widget-container\">\n\t\t\t<p class=\"elementor-heading-title elementor-size-default\">Ihr Hauptziel ist die Verteidigung der Rechte von MigrantInnen und ihre gleichberechtigte berufliche und soziale Integration.\n<br\/>\n\nUm ihre Aktivit\u00e4ten umzusetzen, sind sie in drei verschiedenen, aber voneinander abh\u00e4ngigen Bereichen aktiv: mit den Gemeinschaften der Migrantinnen selbst, mit der griechischen Gesellschaft und mit dem griechischen Staat, mit seinen Organisationen und Institutionen.<\/p>\t\t<\/div>\n\t\t\t\t<\/div>\n\t\t\t\t<div class=\"elementor-element elementor-element-52c1de6 elementor-align-right elementor-widget elementor-widget-button\" data-id=\"52c1de6\" data-element_type=\"widget\" data-widget_type=\"button.default\">\n\t\t\t\t<div class=\"elementor-widget-container\">\n\t\t\t\t\t<div class=\"elementor-button-wrapper\">\n\t\t\t<a class=\"elementor-button elementor-button-link elementor-size-sm\" href=\"https:\/\/www.migrant.gr\/\" target=\"_blank\">\n\t\t\t\t\t\t<span class=\"elementor-button-content-wrapper\">\n\t\t\t\t\t\t<span class=\"elementor-button-icon elementor-align-icon-right\">\n\t\t\t\t<i aria-hidden=\"true\" class=\"fas fa-angle-right\"><\/i>\t\t\t<\/span>\n\t\t\t\t\t\t<span class=\"elementor-button-text\"> Mehr Infos<\/span>\n\t\t<\/span>\n\t\t\t\t\t<\/a>\n\t\t<\/div>\n\t\t\t\t<\/div>\n\t\t\t\t<\/div>\n\t\t\t\t\t<\/div>\n\t\t<\/div>\n\t\t\t\t\t\t\t<\/div>\n\t\t<\/section>\n\t\t\t\t\t<\/div>\n\t\t<\/div>\n\t\t\t\t\t\t\t<\/div>\n\t\t<\/section>\n\t\t\t\t\t\t\t<\/div>\n\t\t","protected":false},"excerpt":{"rendered":"<p>Wir sind hier, um den Aufbau von F\u00e4higkeiten f\u00fcr TCN-Frauen zu unterst\u00fctzen Das DIGITS: Soft DIGITal Skills building for TCN women ist ein zweij\u00e4hriges Projekt, das von der Europ\u00e4ischen Union im Rahmen des ERASMUS+ Programms kofinanziert wird. Das Projekt wird von Partnern in Polen, Griechenland, Rum\u00e4nien, Belgien, \u00d6sterreich und Deutschland umgesetzt. Das Projekt zielt darauf &hellip;<\/p>\n<p class=\"read-more\"> <a class=\"\" href=\"https:\/\/digitsproject.eu\/?page_id=1871&#038;lang=de\"> <span class=\"screen-reader-text\">\u00dcber<\/span> Read More &raquo;<\/a><\/p>\n","protected":false},"author":1,"featured_media":0,"parent":0,"menu_order":0,"comment_status":"closed","ping_status":"closed","template":"","meta":{"om_disable_all_campaigns":false,"_monsterinsights_skip_tracking":false,"_monsterinsights_sitenote_active":false,"_monsterinsights_sitenote_note":"","_monsterinsights_sitenote_category":0,"_uf_show_specific_survey":0,"_uf_disable_surveys":false,"site-sidebar-layout":"no-sidebar","site-content-layout":"page-builder","ast-global-header-display":"","ast-banner-title-visibility":"","ast-main-header-display":"","ast-hfb-above-header-display":"","ast-hfb-below-header-display":"","ast-hfb-mobile-header-display":"","site-post-title":"disabled","ast-breadcrumbs-content":"","ast-featured-img":"disabled","footer-sml-layout":"","theme-transparent-header-meta":"enabled","adv-header-id-meta":"","stick-header-meta":"","header-above-stick-meta":"","header-main-stick-meta":"","header-below-stick-meta":"","footnotes":""},"class_list":["post-1871","page","type-page","status-publish","hentry"],"aioseo_notices":[],"rttpg_featured_image_url":null,"rttpg_author":{"display_name":"alinfordon","author_link":"https:\/\/digitsproject.eu\/?author=1"},"rttpg_comment":0,"rttpg_category":" <a href=\"https:\/\/digitsproject.eu\/?lang=de\" rel=\"tag\">Deutsch<\/a>","rttpg_excerpt":"Wir sind hier, um den Aufbau von F\u00e4higkeiten f\u00fcr TCN-Frauen zu unterst\u00fctzen Das DIGITS: Soft DIGITal Skills building for TCN women ist ein zweij\u00e4hriges Projekt, das von der Europ\u00e4ischen Union im Rahmen des ERASMUS+ Programms kofinanziert wird. Das Projekt wird von Partnern in Polen, Griechenland, Rum\u00e4nien, Belgien, \u00d6sterreich und Deutschland umgesetzt. Das Projekt zielt darauf&hellip;","_links":{"self":[{"href":"https:\/\/digitsproject.eu\/index.php?rest_route=\/wp\/v2\/pages\/1871","targetHints":{"allow":["GET"]}}],"collection":[{"href":"https:\/\/digitsproject.eu\/index.php?rest_route=\/wp\/v2\/pages"}],"about":[{"href":"https:\/\/digitsproject.eu\/index.php?rest_route=\/wp\/v2\/types\/page"}],"author":[{"embeddable":true,"href":"https:\/\/digitsproject.eu\/index.php?rest_route=\/wp\/v2\/users\/1"}],"replies":[{"embeddable":true,"href":"https:\/\/digitsproject.eu\/index.php?rest_route=%2Fwp%2Fv2%2Fcomments&post=1871"}],"version-history":[{"count":28,"href":"https:\/\/digitsproject.eu\/index.php?rest_route=\/wp\/v2\/pages\/1871\/revisions"}],"predecessor-version":[{"id":2313,"href":"https:\/\/digitsproject.eu\/index.php?rest_route=\/wp\/v2\/pages\/1871\/revisions\/2313"}],"wp:attachment":[{"href":"https:\/\/digitsproject.eu\/index.php?rest_route=%2Fwp%2Fv2%2Fmedia&parent=1871"}],"curies":[{"name":"wp","href":"https:\/\/api.w.org\/{rel}","templated":true}]}}