{"id":1920,"date":"2022-03-03T04:49:17","date_gmt":"2022-03-03T04:49:17","guid":{"rendered":"https:\/\/digitsproject.eu\/?page_id=1920"},"modified":"2024-09-12T09:16:50","modified_gmt":"2024-09-12T09:16:50","slug":"a-propos","status":"publish","type":"page","link":"https:\/\/digitsproject.eu\/?page_id=1920&lang=fr","title":{"rendered":"\u00c0 propos"},"content":{"rendered":"\t\t<div data-elementor-type=\"wp-page\" data-elementor-id=\"1920\" class=\"elementor elementor-1920\">\n\t\t\t\t\t\t\t\t\t<section class=\"elementor-section elementor-top-section elementor-element elementor-element-16d1e3d elementor-section-boxed elementor-section-height-default elementor-section-height-default\" data-id=\"16d1e3d\" data-element_type=\"section\" data-settings=\"{&quot;background_background&quot;:&quot;classic&quot;}\">\n\t\t\t\t\t\t<div class=\"elementor-container elementor-column-gap-no\">\n\t\t\t\t\t<div class=\"elementor-column elementor-col-100 elementor-top-column elementor-element elementor-element-090e8c2\" data-id=\"090e8c2\" data-element_type=\"column\">\n\t\t\t<div class=\"elementor-widget-wrap elementor-element-populated\">\n\t\t\t\t\t\t\t\t<section class=\"elementor-section elementor-inner-section elementor-element elementor-element-38910db elementor-section-boxed elementor-section-height-default elementor-section-height-default\" data-id=\"38910db\" data-element_type=\"section\">\n\t\t\t\t\t\t<div class=\"elementor-container elementor-column-gap-no\">\n\t\t\t\t\t<div class=\"elementor-column elementor-col-100 elementor-inner-column elementor-element elementor-element-4191865\" data-id=\"4191865\" data-element_type=\"column\">\n\t\t\t<div class=\"elementor-widget-wrap elementor-element-populated\">\n\t\t\t\t\t\t\t\t<div class=\"elementor-element elementor-element-0286cda elementor-widget elementor-widget-heading\" data-id=\"0286cda\" data-element_type=\"widget\" data-widget_type=\"heading.default\">\n\t\t\t\t<div class=\"elementor-widget-container\">\n\t\t\t<style>\/*! elementor - v3.14.0 - 18-06-2023 *\/\n.elementor-heading-title{padding:0;margin:0;line-height:1}.elementor-widget-heading .elementor-heading-title[class*=elementor-size-]>a{color:inherit;font-size:inherit;line-height:inherit}.elementor-widget-heading .elementor-heading-title.elementor-size-small{font-size:15px}.elementor-widget-heading .elementor-heading-title.elementor-size-medium{font-size:19px}.elementor-widget-heading .elementor-heading-title.elementor-size-large{font-size:29px}.elementor-widget-heading .elementor-heading-title.elementor-size-xl{font-size:39px}.elementor-widget-heading .elementor-heading-title.elementor-size-xxl{font-size:59px}<\/style><h2 class=\"elementor-heading-title elementor-size-default\">Nous sommes l\u00e0 pour aider les femmes Ressortissants des pays Tiers \u00e0 d\u00e9velopper leurs comp\u00e9tences<\/h2>\t\t<\/div>\n\t\t\t\t<\/div>\n\t\t\t\t\t<\/div>\n\t\t<\/div>\n\t\t\t\t\t\t\t<\/div>\n\t\t<\/section>\n\t\t\t\t<section class=\"elementor-section elementor-inner-section elementor-element elementor-element-68c9e5b elementor-section-content-middle elementor-section-boxed elementor-section-height-default elementor-section-height-default\" data-id=\"68c9e5b\" data-element_type=\"section\">\n\t\t\t\t\t\t<div class=\"elementor-container elementor-column-gap-no\">\n\t\t\t\t\t<div class=\"elementor-column elementor-col-50 elementor-inner-column elementor-element elementor-element-e034dd2\" data-id=\"e034dd2\" data-element_type=\"column\">\n\t\t\t<div class=\"elementor-widget-wrap elementor-element-populated\">\n\t\t\t\t\t\t\t\t<div class=\"elementor-element elementor-element-b30c5b0 elementor-widget__width-initial elementor-widget elementor-widget-image\" data-id=\"b30c5b0\" data-element_type=\"widget\" data-widget_type=\"image.default\">\n\t\t\t\t<div class=\"elementor-widget-container\">\n\t\t\t<style>\/*! elementor - v3.14.0 - 18-06-2023 *\/\n.elementor-widget-image{text-align:center}.elementor-widget-image a{display:inline-block}.elementor-widget-image a img[src$=\".svg\"]{width:48px}.elementor-widget-image img{vertical-align:middle;display:inline-block}<\/style>\t\t\t\t\t\t\t\t\t\t\t\t<img loading=\"lazy\" decoding=\"async\" width=\"1800\" height=\"1201\" src=\"https:\/\/digitsproject.eu\/wp-content\/uploads\/2024\/03\/3-last-picture-of-the-about-page.png\" class=\"attachment-full size-full wp-image-1686\" alt=\"\" \/>\t\t\t\t\t\t\t\t\t\t\t\t\t\t\t<\/div>\n\t\t\t\t<\/div>\n\t\t\t\t<div class=\"elementor-element elementor-element-4107317 elementor-widget elementor-widget-text-editor\" data-id=\"4107317\" data-element_type=\"widget\" data-widget_type=\"text-editor.default\">\n\t\t\t\t<div class=\"elementor-widget-container\">\n\t\t\t<style>\/*! elementor - v3.14.0 - 18-06-2023 *\/\n.elementor-widget-text-editor.elementor-drop-cap-view-stacked .elementor-drop-cap{background-color:#69727d;color:#fff}.elementor-widget-text-editor.elementor-drop-cap-view-framed .elementor-drop-cap{color:#69727d;border:3px solid;background-color:transparent}.elementor-widget-text-editor:not(.elementor-drop-cap-view-default) .elementor-drop-cap{margin-top:8px}.elementor-widget-text-editor:not(.elementor-drop-cap-view-default) .elementor-drop-cap-letter{width:1em;height:1em}.elementor-widget-text-editor .elementor-drop-cap{float:left;text-align:center;line-height:1;font-size:50px}.elementor-widget-text-editor .elementor-drop-cap-letter{display:inline-block}<\/style>\t\t\t\t<p>Le projet DIGITS : Soft DIGITal Skills building for TCN women est un projet de deux ans cofinanc\u00e9 par l&#8217;Union europ\u00e9enne dans le cadre du programme ERASMUS+. Le projet est mis en \u0153uvre par des partenaires en Pologne, en Gr\u00e8ce, en Roumanie, en Belgique, en Autriche et en Allemagne. Le projet vise \u00e0 am\u00e9liorer l&#8217;inclusion num\u00e9rique des femmes ressortissantes de pays tiers gr\u00e2ce \u00e0 des outils pratiques et des interventions \u00e9ducatives personnalis\u00e9es qui contribueront \u00e0 am\u00e9liorer leur qualit\u00e9 de vie.<\/p>\t\t\t\t\t\t<\/div>\n\t\t\t\t<\/div>\n\t\t\t\t\t<\/div>\n\t\t<\/div>\n\t\t\t\t<div class=\"elementor-column elementor-col-50 elementor-inner-column elementor-element elementor-element-f54db97\" data-id=\"f54db97\" data-element_type=\"column\">\n\t\t\t<div class=\"elementor-widget-wrap elementor-element-populated\">\n\t\t\t\t\t\t\t\t<div class=\"elementor-element elementor-element-b5a5cf7 elementor-widget elementor-widget-heading\" data-id=\"b5a5cf7\" data-element_type=\"widget\" data-widget_type=\"heading.default\">\n\t\t\t\t<div class=\"elementor-widget-container\">\n\t\t\t<h2 class=\"elementor-heading-title elementor-size-default\">\u00c0 propos du Projet<\/h2>\t\t<\/div>\n\t\t\t\t<\/div>\n\t\t\t\t<div class=\"elementor-element elementor-element-b2f04de elementor-widget elementor-widget-text-editor\" data-id=\"b2f04de\" data-element_type=\"widget\" data-widget_type=\"text-editor.default\">\n\t\t\t\t<div class=\"elementor-widget-container\">\n\t\t\t\t\t\t\t<p>L&#8217;objectif principal du projet DIGITS est d&#8217;am\u00e9liorer l&#8217;inclusion num\u00e9rique des femmes Ressortissants des pays Tiers dans les pays de l&#8217;UE s\u00e9lectionn\u00e9s gr\u00e2ce \u00e0 des outils pratiques et des interventions \u00e9ducatives sur mesure afin de leur assurer une meilleure qualit\u00e9 de vie. Plus sp\u00e9cifiquement, le projet DIGITS vise \u00e0 am\u00e9liorer la compr\u00e9hension nationale et transnationale des besoins d&#8217;inclusion num\u00e9rique des femmes dans l&#8217;UE. Il est important de d\u00e9velopper des outils pratiques et de rassembler des ressources utiles en termes d&#8217;inclusion num\u00e9rique et, par cons\u00e9quent, de justice sociale pour les femmes issues de l&#8217;immigration et des r\u00e9fugi\u00e9s.<\/p><p>\u00c0 cette fin, le consortium du projet DIGITS donnera la priorit\u00e9 \u00e0 l&#8217;augmentation des taux de participation parmi les personnes ayant moins d&#8217;opportunit\u00e9s, en particulier les femmes migrantes ayant peu de connaissances num\u00e9riques, conform\u00e9ment aux principes de la strat\u00e9gie pour l&#8217;\u00e9galit\u00e9 des sexes 2020-25 en tant que v\u00e9hicule pour la promotion de la perspective de genre dans l&#8217;action propos\u00e9e.\u00a0<\/p>\t\t\t\t\t\t<\/div>\n\t\t\t\t<\/div>\n\t\t\t\t\t<\/div>\n\t\t<\/div>\n\t\t\t\t\t\t\t<\/div>\n\t\t<\/section>\n\t\t\t\t\t<\/div>\n\t\t<\/div>\n\t\t\t\t\t\t\t<\/div>\n\t\t<\/section>\n\t\t\t\t<section class=\"elementor-section elementor-top-section elementor-element elementor-element-97c3e06 elementor-section-content-middle elementor-section-boxed elementor-section-height-default elementor-section-height-default\" data-id=\"97c3e06\" data-element_type=\"section\">\n\t\t\t\t\t\t<div class=\"elementor-container elementor-column-gap-no\">\n\t\t\t\t\t<div class=\"elementor-column elementor-col-33 elementor-top-column elementor-element elementor-element-7ac99c6\" data-id=\"7ac99c6\" data-element_type=\"column\">\n\t\t\t<div class=\"elementor-widget-wrap elementor-element-populated\">\n\t\t\t\t\t\t\t\t<div class=\"elementor-element elementor-element-e01088c elementor-widget elementor-widget-heading\" data-id=\"e01088c\" data-element_type=\"widget\" data-widget_type=\"heading.default\">\n\t\t\t\t<div class=\"elementor-widget-container\">\n\t\t\t<h2 class=\"elementor-heading-title elementor-size-default\">Les objectifs :<\/h2>\t\t<\/div>\n\t\t\t\t<\/div>\n\t\t\t\t<div class=\"elementor-element elementor-element-262ff26 elementor-widget elementor-widget-text-editor\" data-id=\"262ff26\" data-element_type=\"widget\" data-widget_type=\"text-editor.default\">\n\t\t\t\t<div class=\"elementor-widget-container\">\n\t\t\t\t\t\t\t<p>Le projet se concentrera sur le d\u00e9veloppement et l&#8217;application de m\u00e9thodologies pionni\u00e8res de renforcement des capacit\u00e9s en mati\u00e8re de culture num\u00e9rique. La m\u00e9thodologie de renforcement des capacit\u00e9s du projet DIGITS contribuera \u00e9galement au d\u00e9veloppement et \u00e0 l&#8217;am\u00e9lioration des aptitudes et des comp\u00e9tences :<\/p>\t\t\t\t\t\t<\/div>\n\t\t\t\t<\/div>\n\t\t\t\t<div class=\"elementor-element elementor-element-97d40c8 elementor-icon-list--layout-traditional elementor-list-item-link-full_width elementor-widget elementor-widget-icon-list\" data-id=\"97d40c8\" data-element_type=\"widget\" data-widget_type=\"icon-list.default\">\n\t\t\t\t<div class=\"elementor-widget-container\">\n\t\t\t<link rel=\"stylesheet\" href=\"https:\/\/digitsproject.eu\/wp-content\/plugins\/elementor\/assets\/css\/widget-icon-list.min.css\">\t\t<ul class=\"elementor-icon-list-items\">\n\t\t\t\t\t\t\t<li class=\"elementor-icon-list-item\">\n\t\t\t\t\t\t\t\t\t\t<span class=\"elementor-icon-list-text\">1. les professionnels, les \u00e9ducateurs et les b\u00e9n\u00e9voles qui travaillent avec les femmes Ressortissants des pays Tiers;<\/span>\n\t\t\t\t\t\t\t\t\t<\/li>\n\t\t\t\t\t\t\t\t<li class=\"elementor-icon-list-item\">\n\t\t\t\t\t\t\t\t\t\t<span class=\"elementor-icon-list-text\">2. Les femmes Ressortissants des pays Tiers qui acquerront des aptitudes et des comp\u00e9tences sur la mani\u00e8re d'utiliser les technologies num\u00e9riques.<\/span>\n\t\t\t\t\t\t\t\t\t<\/li>\n\t\t\t\t\t\t<\/ul>\n\t\t\t\t<\/div>\n\t\t\t\t<\/div>\n\t\t\t\t\t<\/div>\n\t\t<\/div>\n\t\t\t\t<div class=\"elementor-column elementor-col-33 elementor-top-column elementor-element elementor-element-0f25b5c\" data-id=\"0f25b5c\" data-element_type=\"column\">\n\t\t\t<div class=\"elementor-widget-wrap elementor-element-populated\">\n\t\t\t\t\t\t\t\t<div class=\"elementor-element elementor-element-d022457 elementor-widget elementor-widget-image\" data-id=\"d022457\" data-element_type=\"widget\" data-widget_type=\"image.default\">\n\t\t\t\t<div class=\"elementor-widget-container\">\n\t\t\t\t\t\t\t\t\t\t\t\t\t\t\t<img loading=\"lazy\" decoding=\"async\" width=\"1800\" height=\"1331\" src=\"https:\/\/digitsproject.eu\/wp-content\/uploads\/2024\/03\/4-picture-for-the-second-pahe-in-objectives.png\" class=\"attachment-full size-full wp-image-1687\" alt=\"\" \/>\t\t\t\t\t\t\t\t\t\t\t\t\t\t\t<\/div>\n\t\t\t\t<\/div>\n\t\t\t\t\t<\/div>\n\t\t<\/div>\n\t\t\t\t<div class=\"elementor-column elementor-col-33 elementor-top-column elementor-element elementor-element-597af64\" data-id=\"597af64\" data-element_type=\"column\">\n\t\t\t<div class=\"elementor-widget-wrap elementor-element-populated\">\n\t\t\t\t\t\t\t\t<div class=\"elementor-element elementor-element-0f86889 elementor-widget__width-initial elementor-widget elementor-widget-text-editor\" data-id=\"0f86889\" data-element_type=\"widget\" data-widget_type=\"text-editor.default\">\n\t\t\t\t<div class=\"elementor-widget-container\">\n\t\t\t\t\t\t\t<p>Notre approche sera int\u00e9gr\u00e9e pour am\u00e9liorer la capacit\u00e9 des professionnels et des parties prenantes qui ont un acc\u00e8s direct aux femmes Ressortissants des pays Tiers sur la fa\u00e7on de d\u00e9velopper leurs comp\u00e9tences num\u00e9riques et, en fin de compte, de les rendre autonomes. Un objectif sp\u00e9cifique est \u00e9galement de sensibiliser les professionnels, les parties prenantes concern\u00e9es et le public aux besoins d&#8217;inclusion num\u00e9rique des femmes. La plateforme en ligne de renforcement des capacit\u00e9s d\u00e9velopp\u00e9e par le projet DIGITS sera un outil attrayant avec une grande accessibilit\u00e9 et un d\u00e9veloppement num\u00e9rique flexible et convivial, qui permettra une adaptation facile dans de multiples contextes, am\u00e9liorant ainsi l&#8217;int\u00e9gration dans l&#8217;apprentissage et la formation \u00e0 tous les niveaux et soutenant sa durabilit\u00e9 et sa compatibilit\u00e9 avec les d\u00e9fis sociaux et d&#8217;apprentissage \u00e0 venir.<\/p>\t\t\t\t\t\t<\/div>\n\t\t\t\t<\/div>\n\t\t\t\t\t<\/div>\n\t\t<\/div>\n\t\t\t\t\t\t\t<\/div>\n\t\t<\/section>\n\t\t\t\t<section class=\"elementor-section elementor-top-section elementor-element elementor-element-bb6992b elementor-section-boxed elementor-section-height-default elementor-section-height-default\" data-id=\"bb6992b\" data-element_type=\"section\" data-settings=\"{&quot;background_background&quot;:&quot;classic&quot;}\">\n\t\t\t\t\t\t<div class=\"elementor-container elementor-column-gap-no\">\n\t\t\t\t\t<div class=\"elementor-column elementor-col-100 elementor-top-column elementor-element elementor-element-c1f8b35\" data-id=\"c1f8b35\" data-element_type=\"column\">\n\t\t\t<div class=\"elementor-widget-wrap elementor-element-populated\">\n\t\t\t\t\t\t\t\t<section class=\"elementor-section elementor-inner-section elementor-element elementor-element-6260323 elementor-section-boxed elementor-section-height-default elementor-section-height-default\" data-id=\"6260323\" data-element_type=\"section\">\n\t\t\t\t\t\t<div class=\"elementor-container elementor-column-gap-no\">\n\t\t\t\t\t<div class=\"elementor-column elementor-col-100 elementor-inner-column elementor-element elementor-element-a331040\" data-id=\"a331040\" data-element_type=\"column\">\n\t\t\t<div class=\"elementor-widget-wrap elementor-element-populated\">\n\t\t\t\t\t\t\t\t<div class=\"elementor-element elementor-element-982bb7e elementor-widget elementor-widget-heading\" data-id=\"982bb7e\" data-element_type=\"widget\" data-widget_type=\"heading.default\">\n\t\t\t\t<div class=\"elementor-widget-container\">\n\t\t\t<h1 class=\"elementor-heading-title elementor-size-default\">\u00c0 propos des partenaires<\/h1>\t\t<\/div>\n\t\t\t\t<\/div>\n\t\t\t\t\t<\/div>\n\t\t<\/div>\n\t\t\t\t\t\t\t<\/div>\n\t\t<\/section>\n\t\t\t\t<section class=\"elementor-section elementor-inner-section elementor-element elementor-element-6317766 elementor-section-content-middle elementor-section-boxed elementor-section-height-default elementor-section-height-default\" data-id=\"6317766\" data-element_type=\"section\">\n\t\t\t\t\t\t<div class=\"elementor-container elementor-column-gap-no\">\n\t\t\t\t\t<div class=\"elementor-column elementor-col-50 elementor-inner-column elementor-element elementor-element-bd18fc8\" data-id=\"bd18fc8\" data-element_type=\"column\">\n\t\t\t<div class=\"elementor-widget-wrap elementor-element-populated\">\n\t\t\t\t\t\t\t\t<div class=\"elementor-element elementor-element-c24c881 elementor-widget elementor-widget-image\" data-id=\"c24c881\" data-element_type=\"widget\" data-widget_type=\"image.default\">\n\t\t\t\t<div class=\"elementor-widget-container\">\n\t\t\t\t\t\t\t\t\t\t\t\t\t\t\t<img loading=\"lazy\" decoding=\"async\" width=\"150\" height=\"150\" src=\"https:\/\/digitsproject.eu\/wp-content\/uploads\/2023\/06\/AIS-logo-150-1.png\" class=\"attachment-full size-full wp-image-1471\" alt=\"\" \/>\t\t\t\t\t\t\t\t\t\t\t\t\t\t\t<\/div>\n\t\t\t\t<\/div>\n\t\t\t\t\t<\/div>\n\t\t<\/div>\n\t\t\t\t<div class=\"elementor-column elementor-col-50 elementor-inner-column elementor-element elementor-element-7664ec6\" data-id=\"7664ec6\" data-element_type=\"column\">\n\t\t\t<div class=\"elementor-widget-wrap elementor-element-populated\">\n\t\t\t\t\t\t\t\t<div class=\"elementor-element elementor-element-7db8c99 elementor-widget elementor-widget-heading\" data-id=\"7db8c99\" data-element_type=\"widget\" data-widget_type=\"heading.default\">\n\t\t\t\t<div class=\"elementor-widget-container\">\n\t\t\t<h2 class=\"elementor-heading-title elementor-size-default\">Austrian Association of Inclusive Society<\/h2>\t\t<\/div>\n\t\t\t\t<\/div>\n\t\t\t\t<div class=\"elementor-element elementor-element-529aad7 elementor-widget elementor-widget-heading\" data-id=\"529aad7\" data-element_type=\"widget\" data-widget_type=\"heading.default\">\n\t\t\t\t<div class=\"elementor-widget-container\">\n\t\t\t<h6 class=\"elementor-heading-title elementor-size-default\">LES PRINCIPAUX DOMAINES D'INTERVENTION SONT LES SUIVANTS:\n<\/h6>\t\t<\/div>\n\t\t\t\t<\/div>\n\t\t\t\t<div class=\"elementor-element elementor-element-8c7cf25 elementor-icon-list--layout-traditional elementor-list-item-link-full_width elementor-widget elementor-widget-icon-list\" data-id=\"8c7cf25\" data-element_type=\"widget\" data-widget_type=\"icon-list.default\">\n\t\t\t\t<div class=\"elementor-widget-container\">\n\t\t\t\t\t<ul class=\"elementor-icon-list-items\">\n\t\t\t\t\t\t\t<li class=\"elementor-icon-list-item\">\n\t\t\t\t\t\t\t\t\t\t\t<span class=\"elementor-icon-list-icon\">\n\t\t\t\t\t\t\t<i aria-hidden=\"true\" class=\"fas fa-check\"><\/i>\t\t\t\t\t\t<\/span>\n\t\t\t\t\t\t\t\t\t\t<span class=\"elementor-icon-list-text\">Le d\u00e9veloppement communautaire<\/span>\n\t\t\t\t\t\t\t\t\t<\/li>\n\t\t\t\t\t\t\t\t<li class=\"elementor-icon-list-item\">\n\t\t\t\t\t\t\t\t\t\t\t<span class=\"elementor-icon-list-icon\">\n\t\t\t\t\t\t\t<i aria-hidden=\"true\" class=\"fas fa-check\"><\/i>\t\t\t\t\t\t<\/span>\n\t\t\t\t\t\t\t\t\t\t<span class=\"elementor-icon-list-text\">D\u00e9veloppement personnel et professionnel<\/span>\n\t\t\t\t\t\t\t\t\t<\/li>\n\t\t\t\t\t\t\t\t<li class=\"elementor-icon-list-item\">\n\t\t\t\t\t\t\t\t\t\t\t<span class=\"elementor-icon-list-icon\">\n\t\t\t\t\t\t\t<i aria-hidden=\"true\" class=\"fas fa-check\"><\/i>\t\t\t\t\t\t<\/span>\n\t\t\t\t\t\t\t\t\t\t<span class=\"elementor-icon-list-text\">Int\u00e9gration, inclusion et justice sociale<\/span>\n\t\t\t\t\t\t\t\t\t<\/li>\n\t\t\t\t\t\t\t\t<li class=\"elementor-icon-list-item\">\n\t\t\t\t\t\t\t\t\t\t\t<span class=\"elementor-icon-list-icon\">\n\t\t\t\t\t\t\t<i aria-hidden=\"true\" class=\"fas fa-check\"><\/i>\t\t\t\t\t\t<\/span>\n\t\t\t\t\t\t\t\t\t\t<span class=\"elementor-icon-list-text\">Coop\u00e9ration nationale et internationale<\/span>\n\t\t\t\t\t\t\t\t\t<\/li>\n\t\t\t\t\t\t\t\t<li class=\"elementor-icon-list-item\">\n\t\t\t\t\t\t\t\t\t\t\t<span class=\"elementor-icon-list-icon\">\n\t\t\t\t\t\t\t<i aria-hidden=\"true\" class=\"fas fa-check\"><\/i>\t\t\t\t\t\t<\/span>\n\t\t\t\t\t\t\t\t\t\t<span class=\"elementor-icon-list-text\">Changement climatique et environnement<\/span>\n\t\t\t\t\t\t\t\t\t<\/li>\n\t\t\t\t\t\t\t\t<li class=\"elementor-icon-list-item\">\n\t\t\t\t\t\t\t\t\t\t\t<span class=\"elementor-icon-list-icon\">\n\t\t\t\t\t\t\t<i aria-hidden=\"true\" class=\"fas fa-check\"><\/i>\t\t\t\t\t\t<\/span>\n\t\t\t\t\t\t\t\t\t\t<span class=\"elementor-icon-list-text\">Droits de l'homme<\/span>\n\t\t\t\t\t\t\t\t\t<\/li>\n\t\t\t\t\t\t\t\t<li class=\"elementor-icon-list-item\">\n\t\t\t\t\t\t\t\t\t\t\t<span class=\"elementor-icon-list-icon\">\n\t\t\t\t\t\t\t<i aria-hidden=\"true\" class=\"fas fa-check\"><\/i>\t\t\t\t\t\t<\/span>\n\t\t\t\t\t\t\t\t\t\t<span class=\"elementor-icon-list-text\">Jeunesse et emploi<\/span>\n\t\t\t\t\t\t\t\t\t<\/li>\n\t\t\t\t\t\t\t\t<li class=\"elementor-icon-list-item\">\n\t\t\t\t\t\t\t\t\t\t\t<span class=\"elementor-icon-list-icon\">\n\t\t\t\t\t\t\t<i aria-hidden=\"true\" class=\"fas fa-check\"><\/i>\t\t\t\t\t\t<\/span>\n\t\t\t\t\t\t\t\t\t\t<span class=\"elementor-icon-list-text\">Diversit\u00e9 et soci\u00e9t\u00e9<\/span>\n\t\t\t\t\t\t\t\t\t<\/li>\n\t\t\t\t\t\t\t\t<li class=\"elementor-icon-list-item\">\n\t\t\t\t\t\t\t\t\t\t\t<span class=\"elementor-icon-list-icon\">\n\t\t\t\t\t\t\t<i aria-hidden=\"true\" class=\"fas fa-check\"><\/i>\t\t\t\t\t\t<\/span>\n\t\t\t\t\t\t\t\t\t\t<span class=\"elementor-icon-list-text\">\u00c9galit\u00e9 entre les hommes et les femmes<\/span>\n\t\t\t\t\t\t\t\t\t<\/li>\n\t\t\t\t\t\t\t\t<li class=\"elementor-icon-list-item\">\n\t\t\t\t\t\t\t\t\t\t\t<span class=\"elementor-icon-list-icon\">\n\t\t\t\t\t\t\t<i aria-hidden=\"true\" class=\"fas fa-check\"><\/i>\t\t\t\t\t\t<\/span>\n\t\t\t\t\t\t\t\t\t\t<span class=\"elementor-icon-list-text\">Intimidation\/cyberintimidation et m\u00e9diation des conflits dans les \u00e9coles<\/span>\n\t\t\t\t\t\t\t\t\t<\/li>\n\t\t\t\t\t\t\t\t<li class=\"elementor-icon-list-item\">\n\t\t\t\t\t\t\t\t\t\t\t<span class=\"elementor-icon-list-icon\">\n\t\t\t\t\t\t\t<i aria-hidden=\"true\" class=\"fas fa-check\"><\/i>\t\t\t\t\t\t<\/span>\n\t\t\t\t\t\t\t\t\t\t<span class=\"elementor-icon-list-text\">Migration, citoyennet\u00e9 et appartenance<\/span>\n\t\t\t\t\t\t\t\t\t<\/li>\n\t\t\t\t\t\t\t\t<li class=\"elementor-icon-list-item\">\n\t\t\t\t\t\t\t\t\t\t\t<span class=\"elementor-icon-list-icon\">\n\t\t\t\t\t\t\t<i aria-hidden=\"true\" class=\"fas fa-check\"><\/i>\t\t\t\t\t\t<\/span>\n\t\t\t\t\t\t\t\t\t\t<span class=\"elementor-icon-list-text\">Coop\u00e9ration au d\u00e9veloppement et aide humanitaire<\/span>\n\t\t\t\t\t\t\t\t\t<\/li>\n\t\t\t\t\t\t\t\t<li class=\"elementor-icon-list-item\">\n\t\t\t\t\t\t\t\t\t\t\t<span class=\"elementor-icon-list-icon\">\n\t\t\t\t\t\t\t<i aria-hidden=\"true\" class=\"fas fa-check\"><\/i>\t\t\t\t\t\t<\/span>\n\t\t\t\t\t\t\t\t\t\t<span class=\"elementor-icon-list-text\">Lutte contre l'extr\u00e9misme violent<\/span>\n\t\t\t\t\t\t\t\t\t<\/li>\n\t\t\t\t\t\t<\/ul>\n\t\t\t\t<\/div>\n\t\t\t\t<\/div>\n\t\t\t\t<div class=\"elementor-element elementor-element-9881752 elementor-widget elementor-widget-text-editor\" data-id=\"9881752\" data-element_type=\"widget\" data-widget_type=\"text-editor.default\">\n\t\t\t\t<div class=\"elementor-widget-container\">\n\t\t\t\t\t\t\t<p>L&#8217;AIS jouit d&#8217;une solide r\u00e9putation pour la production d&#8217;\u00e9tudes ind\u00e9pendantes de qualit\u00e9, ainsi que pour l&#8217;engagement dans des collaborations internationales et la promotion de bonnes pratiques qui g\u00e9n\u00e8rent des travaux pertinents. AIS travaille actuellement \u00e0 la mise en \u0153uvre d&#8217;une grande vari\u00e9t\u00e9 de projets et pr\u00e9conise une influence strat\u00e9gique dans une s\u00e9rie de secteurs qui touchent \u00e0 nos domaines th\u00e9matiques prioritaires. Les membres du personnel et les b\u00e9n\u00e9voles s&#8217;engagent \u00e0 lutter pour l&#8217;\u00e9galit\u00e9 des droits pour tous et \u00e0 promouvoir la pleine inclusion des personnes socialement d\u00e9favoris\u00e9es, handicap\u00e9es et marginalis\u00e9es dans tous les aspects de la vie.<\/p>\t\t\t\t\t\t<\/div>\n\t\t\t\t<\/div>\n\t\t\t\t<div class=\"elementor-element elementor-element-9454911 elementor-align-right elementor-widget elementor-widget-button\" data-id=\"9454911\" data-element_type=\"widget\" data-widget_type=\"button.default\">\n\t\t\t\t<div class=\"elementor-widget-container\">\n\t\t\t\t\t<div class=\"elementor-button-wrapper\">\n\t\t\t<a class=\"elementor-button elementor-button-link elementor-size-sm\" href=\"https:\/\/www.inclusivesociety.at\" target=\"_blank\">\n\t\t\t\t\t\t<span class=\"elementor-button-content-wrapper\">\n\t\t\t\t\t\t<span class=\"elementor-button-icon elementor-align-icon-right\">\n\t\t\t\t<i aria-hidden=\"true\" class=\"fas fa-angle-right\"><\/i>\t\t\t<\/span>\n\t\t\t\t\t\t<span class=\"elementor-button-text\">Plus d'infos<\/span>\n\t\t<\/span>\n\t\t\t\t\t<\/a>\n\t\t<\/div>\n\t\t\t\t<\/div>\n\t\t\t\t<\/div>\n\t\t\t\t\t<\/div>\n\t\t<\/div>\n\t\t\t\t\t\t\t<\/div>\n\t\t<\/section>\n\t\t\t\t<section class=\"elementor-section elementor-inner-section elementor-element elementor-element-8eb512e elementor-section-content-middle elementor-section-boxed elementor-section-height-default elementor-section-height-default\" data-id=\"8eb512e\" data-element_type=\"section\">\n\t\t\t\t\t\t<div class=\"elementor-container elementor-column-gap-no\">\n\t\t\t\t\t<div class=\"elementor-column elementor-col-50 elementor-inner-column elementor-element elementor-element-1c0f444\" data-id=\"1c0f444\" data-element_type=\"column\">\n\t\t\t<div class=\"elementor-widget-wrap elementor-element-populated\">\n\t\t\t\t\t\t\t\t<div class=\"elementor-element elementor-element-71f90dc elementor-widget elementor-widget-image\" data-id=\"71f90dc\" data-element_type=\"widget\" data-widget_type=\"image.default\">\n\t\t\t\t<div class=\"elementor-widget-container\">\n\t\t\t\t\t\t\t\t\t\t\t\t\t\t\t<img loading=\"lazy\" decoding=\"async\" width=\"150\" height=\"150\" src=\"https:\/\/digitsproject.eu\/wp-content\/uploads\/2023\/06\/BK-LOGO-150.png\" class=\"attachment-full size-full wp-image-1472\" alt=\"\" \/>\t\t\t\t\t\t\t\t\t\t\t\t\t\t\t<\/div>\n\t\t\t\t<\/div>\n\t\t\t\t\t<\/div>\n\t\t<\/div>\n\t\t\t\t<div class=\"elementor-column elementor-col-50 elementor-inner-column elementor-element elementor-element-05044cd\" data-id=\"05044cd\" data-element_type=\"column\">\n\t\t\t<div class=\"elementor-widget-wrap elementor-element-populated\">\n\t\t\t\t\t\t\t\t<div class=\"elementor-element elementor-element-dbb8495 elementor-widget elementor-widget-heading\" data-id=\"dbb8495\" data-element_type=\"widget\" data-widget_type=\"heading.default\">\n\t\t\t\t<div class=\"elementor-widget-container\">\n\t\t\t<h2 class=\"elementor-heading-title elementor-size-default\">BK Consult<\/h2>\t\t<\/div>\n\t\t\t\t<\/div>\n\t\t\t\t<div class=\"elementor-element elementor-element-71f8147 elementor-widget elementor-widget-heading\" data-id=\"71f8147\" data-element_type=\"widget\" data-widget_type=\"heading.default\">\n\t\t\t\t<div class=\"elementor-widget-container\">\n\t\t\t<p class=\"elementor-heading-title elementor-size-default\">BK-con est un cabinet de conseil sp\u00e9cialis\u00e9 qui poss\u00e8de une vaste exp\u00e9rience des projets financ\u00e9s par l'UE, tant au niveau du d\u00e9veloppement que de la mise en \u0153uvre. Fond\u00e9 en 1994, ils ont plus de 30 ans d'expertise dans les projets transnationaux, ayant particip\u00e9 \u00e0 la conception et \u00e0 la mise en \u0153uvre d'un projet dont la valeur totale d\u00e9passe le budget de 4 milliards d'euros. Nous fournissons un large \u00e9ventail de services, facilitant le renforcement des capacit\u00e9s et l'assurance qualit\u00e9. Notre intention est d'utiliser notre exp\u00e9rience pour apporter une valeur ajout\u00e9e aux organisations et aux partenaires au niveau local, r\u00e9gional, national et transnational, cr\u00e9ant ainsi une valeur ajout\u00e9e pour nos soci\u00e9t\u00e9s, de mani\u00e8re durable.<\/p>\t\t<\/div>\n\t\t\t\t<\/div>\n\t\t\t\t<div class=\"elementor-element elementor-element-65434de elementor-widget elementor-widget-heading\" data-id=\"65434de\" data-element_type=\"widget\" data-widget_type=\"heading.default\">\n\t\t\t\t<div class=\"elementor-widget-container\">\n\t\t\t<h6 class=\"elementor-heading-title elementor-size-default\">BK CONSULT GMBH COUVRE LES DOMAINES TH\u00c9MATIQUES DE :<\/h6>\t\t<\/div>\n\t\t\t\t<\/div>\n\t\t\t\t<div class=\"elementor-element elementor-element-8dd81d7 elementor-icon-list--layout-traditional elementor-list-item-link-full_width elementor-widget elementor-widget-icon-list\" data-id=\"8dd81d7\" data-element_type=\"widget\" data-widget_type=\"icon-list.default\">\n\t\t\t\t<div class=\"elementor-widget-container\">\n\t\t\t\t\t<ul class=\"elementor-icon-list-items\">\n\t\t\t\t\t\t\t<li class=\"elementor-icon-list-item\">\n\t\t\t\t\t\t\t\t\t\t\t<span class=\"elementor-icon-list-icon\">\n\t\t\t\t\t\t\t<i aria-hidden=\"true\" class=\"fas fa-check\"><\/i>\t\t\t\t\t\t<\/span>\n\t\t\t\t\t\t\t\t\t\t<span class=\"elementor-icon-list-text\">L'\u00e9ducation, y compris la conception et la fourniture de programmes de formation, en utilisant des m\u00e9thodologies de pointe (TNA, DACUM, cadres de comp\u00e9tences de l'UE, EQAVET, syst\u00e8mes de cr\u00e9dits de l'UE, contrats d'apprentissage, \u00e9valuation par la cr\u00e9ation de boucles de r\u00e9troaction), et des technologies intelligentes et d'autres outils (apprentissage en ligne) par le biais de plates-formes MOOC, de la gamification, de l'\u00e9ducation exp\u00e9rientielle.<\/span>\n\t\t\t\t\t\t\t\t\t<\/li>\n\t\t\t\t\t\t\t\t<li class=\"elementor-icon-list-item\">\n\t\t\t\t\t\t\t\t\t\t\t<span class=\"elementor-icon-list-icon\">\n\t\t\t\t\t\t\t<i aria-hidden=\"true\" class=\"fas fa-check\"><\/i>\t\t\t\t\t\t<\/span>\n\t\t\t\t\t\t\t\t\t\t<span class=\"elementor-icon-list-text\">L'emploi, soit en tant que facilitateur par le biais du soutien aux start-ups et \u00e0 l'entrepreneuriat, soit par le biais de l'am\u00e9lioration\/la requalification efficace des employ\u00e9s et des ch\u00f4meurs, en fonction des besoins r\u00e9els du march\u00e9. Les domaines de services fournis couvrent la conception et la mise en \u0153uvre d'analyses des besoins du march\u00e9, d'\u00e9tudes de suivi, de PAMT et l'introduction de programmes d'apprentissage et d'apprentissage en milieu professionnel au niveau sectoriel ou national.<\/span>\n\t\t\t\t\t\t\t\t\t<\/li>\n\t\t\t\t\t\t\t\t<li class=\"elementor-icon-list-item\">\n\t\t\t\t\t\t\t\t\t\t\t<span class=\"elementor-icon-list-icon\">\n\t\t\t\t\t\t\t<i aria-hidden=\"true\" class=\"fas fa-check\"><\/i>\t\t\t\t\t\t<\/span>\n\t\t\t\t\t\t\t\t\t\t<span class=\"elementor-icon-list-text\">Inclusion sociale : ciblage des groupes vuln\u00e9rables, y compris les familles monoparentales, les ch\u00f4meurs de longue dur\u00e9e, les groupes minoritaires, les Ressortissants des pays Tiers et lutte contre toute forme de discrimination (fond\u00e9e sur le genre, l'identit\u00e9 sexuelle).<\/span>\n\t\t\t\t\t\t\t\t\t<\/li>\n\t\t\t\t\t\t\t\t<li class=\"elementor-icon-list-item\">\n\t\t\t\t\t\t\t\t\t\t\t<span class=\"elementor-icon-list-icon\">\n\t\t\t\t\t\t\t<i aria-hidden=\"true\" class=\"fas fa-check\"><\/i>\t\t\t\t\t\t<\/span>\n\t\t\t\t\t\t\t\t\t\t<span class=\"elementor-icon-list-text\">Assurance qualit\u00e9, offrant une connaissance et une expertise approfondies dans la conception et la mise en \u0153uvre d'outils et de m\u00e9canismes d'assurance qualit\u00e9.<\/span>\n\t\t\t\t\t\t\t\t\t<\/li>\n\t\t\t\t\t\t<\/ul>\n\t\t\t\t<\/div>\n\t\t\t\t<\/div>\n\t\t\t\t<div class=\"elementor-element elementor-element-b64824d elementor-widget elementor-widget-text-editor\" data-id=\"b64824d\" data-element_type=\"widget\" data-widget_type=\"text-editor.default\">\n\t\t\t\t<div class=\"elementor-widget-container\">\n\t\t\t\t\t\t\t\t\t\t\t\t\t<\/div>\n\t\t\t\t<\/div>\n\t\t\t\t<div class=\"elementor-element elementor-element-9a5f5b7 elementor-align-right elementor-widget elementor-widget-button\" data-id=\"9a5f5b7\" data-element_type=\"widget\" data-widget_type=\"button.default\">\n\t\t\t\t<div class=\"elementor-widget-container\">\n\t\t\t\t\t<div class=\"elementor-button-wrapper\">\n\t\t\t<a class=\"elementor-button elementor-button-link elementor-size-sm\" href=\"https:\/\/bk-con.eu\/\" target=\"_blank\">\n\t\t\t\t\t\t<span class=\"elementor-button-content-wrapper\">\n\t\t\t\t\t\t<span class=\"elementor-button-icon elementor-align-icon-right\">\n\t\t\t\t<i aria-hidden=\"true\" class=\"fas fa-angle-right\"><\/i>\t\t\t<\/span>\n\t\t\t\t\t\t<span class=\"elementor-button-text\">Plus d'infos<\/span>\n\t\t<\/span>\n\t\t\t\t\t<\/a>\n\t\t<\/div>\n\t\t\t\t<\/div>\n\t\t\t\t<\/div>\n\t\t\t\t\t<\/div>\n\t\t<\/div>\n\t\t\t\t\t\t\t<\/div>\n\t\t<\/section>\n\t\t\t\t<section class=\"elementor-section elementor-inner-section elementor-element elementor-element-98c31ec elementor-section-content-middle elementor-section-boxed elementor-section-height-default elementor-section-height-default\" data-id=\"98c31ec\" data-element_type=\"section\">\n\t\t\t\t\t\t<div class=\"elementor-container elementor-column-gap-no\">\n\t\t\t\t\t<div class=\"elementor-column elementor-col-50 elementor-inner-column elementor-element elementor-element-1dc98fd\" data-id=\"1dc98fd\" data-element_type=\"column\">\n\t\t\t<div class=\"elementor-widget-wrap elementor-element-populated\">\n\t\t\t\t\t\t\t\t<div class=\"elementor-element elementor-element-b7152c6 elementor-widget elementor-widget-image\" data-id=\"b7152c6\" data-element_type=\"widget\" data-widget_type=\"image.default\">\n\t\t\t\t<div class=\"elementor-widget-container\">\n\t\t\t\t\t\t\t\t\t\t\t\t\t\t\t<img loading=\"lazy\" decoding=\"async\" width=\"150\" height=\"150\" src=\"https:\/\/digitsproject.eu\/wp-content\/uploads\/2023\/06\/SYMPLEXIS_LOGO_150.png\" class=\"attachment-full size-full wp-image-1473\" alt=\"\" \/>\t\t\t\t\t\t\t\t\t\t\t\t\t\t\t<\/div>\n\t\t\t\t<\/div>\n\t\t\t\t\t<\/div>\n\t\t<\/div>\n\t\t\t\t<div class=\"elementor-column elementor-col-50 elementor-inner-column elementor-element elementor-element-23f25ef\" data-id=\"23f25ef\" data-element_type=\"column\">\n\t\t\t<div class=\"elementor-widget-wrap elementor-element-populated\">\n\t\t\t\t\t\t\t\t<div class=\"elementor-element elementor-element-a4f5d99 elementor-widget elementor-widget-heading\" data-id=\"a4f5d99\" data-element_type=\"widget\" data-widget_type=\"heading.default\">\n\t\t\t\t<div class=\"elementor-widget-container\">\n\t\t\t<h2 class=\"elementor-heading-title elementor-size-default\">Symplexis<\/h2>\t\t<\/div>\n\t\t\t\t<\/div>\n\t\t\t\t<div class=\"elementor-element elementor-element-b14b686 elementor-widget elementor-widget-heading\" data-id=\"b14b686\" data-element_type=\"widget\" data-widget_type=\"heading.default\">\n\t\t\t\t<div class=\"elementor-widget-container\">\n\t\t\t<p class=\"elementor-heading-title elementor-size-default\">Symplexis est une organisation gr\u00e8cque \u00e0 but non lucratif qui s'efforce de garantir l'\u00e9galit\u00e9 des chances pour tous par le biais d'actions et de mesures qui renforcent les comp\u00e9tences, responsabilisent et encouragent l'engagement actif et la participation, en se concentrant sur les cat\u00e9gories les plus vuln\u00e9rables de la population et en particulier sur celles qui ont moins d'opportunit\u00e9s.<\/p>\t\t<\/div>\n\t\t\t\t<\/div>\n\t\t\t\t<div class=\"elementor-element elementor-element-bd81eb5 elementor-widget elementor-widget-heading\" data-id=\"bd81eb5\" data-element_type=\"widget\" data-widget_type=\"heading.default\">\n\t\t\t\t<div class=\"elementor-widget-container\">\n\t\t\t<h6 class=\"elementor-heading-title elementor-size-default\">L'ACTIVIT\u00c9 DE SYMPLEXIS S'APPUIE SUR DES APPROCHES ET DES INTERVENTIONS MEN\u00c9ES PAR LES UTILISATEURS AUTOUR DE QUATRE GRANDS AXES D'EXPERTISE, \u00c0 SAVOIR:<\/h6>\t\t<\/div>\n\t\t\t\t<\/div>\n\t\t\t\t<div class=\"elementor-element elementor-element-a5b4595 elementor-icon-list--layout-traditional elementor-list-item-link-full_width elementor-widget elementor-widget-icon-list\" data-id=\"a5b4595\" data-element_type=\"widget\" data-widget_type=\"icon-list.default\">\n\t\t\t\t<div class=\"elementor-widget-container\">\n\t\t\t\t\t<ul class=\"elementor-icon-list-items\">\n\t\t\t\t\t\t\t<li class=\"elementor-icon-list-item\">\n\t\t\t\t\t\t\t\t\t\t\t<span class=\"elementor-icon-list-icon\">\n\t\t\t\t\t\t\t<i aria-hidden=\"true\" class=\"fas fa-check\"><\/i>\t\t\t\t\t\t<\/span>\n\t\t\t\t\t\t\t\t\t\t<span class=\"elementor-icon-list-text\">L'inclusion sociale et \u00e9conomique des personnes les plus d\u00e9munies par le biais d'un large \u00e9ventail d'activit\u00e9s visant \u00e0 r\u00e9duire la pauvret\u00e9, \u00e0 pr\u00e9venir la marginalisation et \u00e0 promouvoir l'int\u00e9gration durable des groupes d\u00e9favoris\u00e9s, en mettant particuli\u00e8rement l'accent sur les ressortissants de pays tiers.<\/span>\n\t\t\t\t\t\t\t\t\t<\/li>\n\t\t\t\t\t\t\t\t<li class=\"elementor-icon-list-item\">\n\t\t\t\t\t\t\t\t\t\t\t<span class=\"elementor-icon-list-icon\">\n\t\t\t\t\t\t\t<i aria-hidden=\"true\" class=\"fas fa-check\"><\/i>\t\t\t\t\t\t<\/span>\n\t\t\t\t\t\t\t\t\t\t<span class=\"elementor-icon-list-text\">La protection et la promotion des droits de l'homme par le biais d'activit\u00e9s et d'interventions qui r\u00e9pondent aux besoins d'un large \u00e9ventail de groupes de population discrimin\u00e9s, tels que les femmes, les enfants et les personnes \u00e2g\u00e9es, les victimes de la violence et de la traite des \u00eatres humains, la communaut\u00e9 LGBTQI, les Roms et les mineurs non accompagn\u00e9s, les migrants et les demandeurs d'asile\/r\u00e9fugi\u00e9s.<\/span>\n\t\t\t\t\t\t\t\t\t<\/li>\n\t\t\t\t\t\t\t\t<li class=\"elementor-icon-list-item\">\n\t\t\t\t\t\t\t\t\t\t\t<span class=\"elementor-icon-list-icon\">\n\t\t\t\t\t\t\t<i aria-hidden=\"true\" class=\"fas fa-check\"><\/i>\t\t\t\t\t\t<\/span>\n\t\t\t\t\t\t\t\t\t\t<span class=\"elementor-icon-list-text\">L'am\u00e9lioration des comp\u00e9tences, le renforcement des capacit\u00e9s et l'autonomisation des groupes vuln\u00e9rables dans le but de promouvoir l'\u00e9galit\u00e9 d'acc\u00e8s \u00e0 l'\u00e9ducation formelle et non formelle pour tous et de promouvoir l'apprentissage tout au long de la vie en se concentrant sur les personnes peu qualifi\u00e9es qui rencontrent des difficult\u00e9s sur le (re) insertion dans le march\u00e9 de l'emploi.<\/span>\n\t\t\t\t\t\t\t\t\t<\/li>\n\t\t\t\t\t\t\t\t<li class=\"elementor-icon-list-item\">\n\t\t\t\t\t\t\t\t\t\t\t<span class=\"elementor-icon-list-icon\">\n\t\t\t\t\t\t\t<i aria-hidden=\"true\" class=\"fas fa-check\"><\/i>\t\t\t\t\t\t<\/span>\n\t\t\t\t\t\t\t\t\t\t<span class=\"elementor-icon-list-text\">D\u00e9veloppement de l'enfance et de la jeunesse par le biais d'actions et de projets visant \u00e0 r\u00e9duire la pauvret\u00e9 des jeunes, \u00e0 promouvoir la protection de l'enfance et \u00e0 stimuler l'inclusion sociale et le d\u00e9veloppement.<\/span>\n\t\t\t\t\t\t\t\t\t<\/li>\n\t\t\t\t\t\t<\/ul>\n\t\t\t\t<\/div>\n\t\t\t\t<\/div>\n\t\t\t\t<div class=\"elementor-element elementor-element-8d57f52 elementor-widget elementor-widget-text-editor\" data-id=\"8d57f52\" data-element_type=\"widget\" data-widget_type=\"text-editor.default\">\n\t\t\t\t<div class=\"elementor-widget-container\">\n\t\t\t\t\t\t\t<p>La mission de Symplexis est de renforcer la coh\u00e9sion sociale par le biais d&#8217;actions int\u00e9gr\u00e9es et d&#8217;activit\u00e9s bas\u00e9es sur des projets qui visent \u00e0 promouvoir l&#8217;inclusion des groupes d\u00e9favoris\u00e9s expos\u00e9s au risque de marginalisation et d&#8217;exclusion, tout en promouvant et en prot\u00e9geant les droits de divers types de groupes de population confront\u00e9s \u00e0 la discrimination, en se concentrant sur l&#8217;autonomisation et le soutien des victimes, la sensibilisation et l&#8217;\u00e9change d&#8217;informations \u00e0 tous les niveaux.<\/p>\t\t\t\t\t\t<\/div>\n\t\t\t\t<\/div>\n\t\t\t\t<div class=\"elementor-element elementor-element-a6e9db1 elementor-align-right elementor-widget elementor-widget-button\" data-id=\"a6e9db1\" data-element_type=\"widget\" data-widget_type=\"button.default\">\n\t\t\t\t<div class=\"elementor-widget-container\">\n\t\t\t\t\t<div class=\"elementor-button-wrapper\">\n\t\t\t<a class=\"elementor-button elementor-button-link elementor-size-sm\" href=\"https:\/\/symplexis.eu\" target=\"_blank\">\n\t\t\t\t\t\t<span class=\"elementor-button-content-wrapper\">\n\t\t\t\t\t\t<span class=\"elementor-button-icon elementor-align-icon-right\">\n\t\t\t\t<i aria-hidden=\"true\" class=\"fas fa-angle-right\"><\/i>\t\t\t<\/span>\n\t\t\t\t\t\t<span class=\"elementor-button-text\">Plus d'infos<\/span>\n\t\t<\/span>\n\t\t\t\t\t<\/a>\n\t\t<\/div>\n\t\t\t\t<\/div>\n\t\t\t\t<\/div>\n\t\t\t\t\t<\/div>\n\t\t<\/div>\n\t\t\t\t\t\t\t<\/div>\n\t\t<\/section>\n\t\t\t\t<section class=\"elementor-section elementor-inner-section elementor-element elementor-element-436f919 elementor-section-content-middle elementor-section-boxed elementor-section-height-default elementor-section-height-default\" data-id=\"436f919\" data-element_type=\"section\">\n\t\t\t\t\t\t<div class=\"elementor-container elementor-column-gap-no\">\n\t\t\t\t\t<div class=\"elementor-column elementor-col-50 elementor-inner-column elementor-element elementor-element-baf69e9\" data-id=\"baf69e9\" data-element_type=\"column\">\n\t\t\t<div class=\"elementor-widget-wrap elementor-element-populated\">\n\t\t\t\t\t\t\t\t<div class=\"elementor-element elementor-element-01f4b7f elementor-widget elementor-widget-image\" data-id=\"01f4b7f\" data-element_type=\"widget\" data-widget_type=\"image.default\">\n\t\t\t\t<div class=\"elementor-widget-container\">\n\t\t\t\t\t\t\t\t\t\t\t\t\t\t\t<img loading=\"lazy\" decoding=\"async\" width=\"150\" height=\"150\" src=\"https:\/\/digitsproject.eu\/wp-content\/uploads\/2023\/06\/Diesis_150.png\" class=\"attachment-full size-full wp-image-1520\" alt=\"\" \/>\t\t\t\t\t\t\t\t\t\t\t\t\t\t\t<\/div>\n\t\t\t\t<\/div>\n\t\t\t\t\t<\/div>\n\t\t<\/div>\n\t\t\t\t<div class=\"elementor-column elementor-col-50 elementor-inner-column elementor-element elementor-element-ae3fb22\" data-id=\"ae3fb22\" data-element_type=\"column\">\n\t\t\t<div class=\"elementor-widget-wrap elementor-element-populated\">\n\t\t\t\t\t\t\t\t<div class=\"elementor-element elementor-element-79d4a3a elementor-widget elementor-widget-heading\" data-id=\"79d4a3a\" data-element_type=\"widget\" data-widget_type=\"heading.default\">\n\t\t\t\t<div class=\"elementor-widget-container\">\n\t\t\t<h2 class=\"elementor-heading-title elementor-size-default\">Diesis Coop<\/h2>\t\t<\/div>\n\t\t\t\t<\/div>\n\t\t\t\t<div class=\"elementor-element elementor-element-d52e420 elementor-widget elementor-widget-heading\" data-id=\"d52e420\" data-element_type=\"widget\" data-widget_type=\"heading.default\">\n\t\t\t\t<div class=\"elementor-widget-container\">\n\t\t\t<p class=\"elementor-heading-title elementor-size-default\">Diesis Network est l'un des plus vastes r\u00e9seaux sp\u00e9cialis\u00e9s dans le soutien au d\u00e9veloppement de l'\u00e9conomie sociale, de l'entrepreneuriat social et de l'innovation sociale. Au vu des enjeux sociaux, \u00e9conomiques et \u00e9cologiques, nous sommes profond\u00e9ment convaincus qu'un engagement global de toutes les parties prenantes et une approche collaborative constituent la seule r\u00e9ponse \u00e0 une crise mondiale. C'est pourquoi nous accordons une grande importance \u00e0 nos plus de 60 organisations membres dans plus de 30 pays.<\/p>\t\t<\/div>\n\t\t\t\t<\/div>\n\t\t\t\t<div class=\"elementor-element elementor-element-349516d elementor-widget elementor-widget-heading\" data-id=\"349516d\" data-element_type=\"widget\" data-widget_type=\"heading.default\">\n\t\t\t\t<div class=\"elementor-widget-container\">\n\t\t\t<p class=\"elementor-heading-title elementor-size-default\">Fonctionnant comme un \u00e9cosyst\u00e8me unique, nous cr\u00e9ons et multiplions l'impact gr\u00e2ce \u00e0 une \u00e9troite collaboration avec nos membres, qui repr\u00e9sentent plus de 100 000 organisations et 1,3 million d'emplois par l'interm\u00e9diaire de grandes f\u00e9d\u00e9rations nationales et de r\u00e9seaux de soutien.<\/p>\t\t<\/div>\n\t\t\t\t<\/div>\n\t\t\t\t<div class=\"elementor-element elementor-element-7eb209c elementor-widget elementor-widget-heading\" data-id=\"7eb209c\" data-element_type=\"widget\" data-widget_type=\"heading.default\">\n\t\t\t\t<div class=\"elementor-widget-container\">\n\t\t\t<p class=\"elementor-heading-title elementor-size-default\">Avec une vari\u00e9t\u00e9 de profils, d'exp\u00e9riences et d'origines, notre \u00e9quipe est activement engag\u00e9e dans la mise en \u0153uvre d'activit\u00e9s bas\u00e9es sur la connaissance telles que la formation, la conception de projets, la consultance et les services de conseil, l'assistance technique et la recherche.<\/p>\t\t<\/div>\n\t\t\t\t<\/div>\n\t\t\t\t<div class=\"elementor-element elementor-element-3ee657c elementor-align-right elementor-widget elementor-widget-button\" data-id=\"3ee657c\" data-element_type=\"widget\" data-widget_type=\"button.default\">\n\t\t\t\t<div class=\"elementor-widget-container\">\n\t\t\t\t\t<div class=\"elementor-button-wrapper\">\n\t\t\t<a class=\"elementor-button elementor-button-link elementor-size-sm\" href=\"https:\/\/www.diesis.coop\/\" target=\"_blank\">\n\t\t\t\t\t\t<span class=\"elementor-button-content-wrapper\">\n\t\t\t\t\t\t<span class=\"elementor-button-icon elementor-align-icon-right\">\n\t\t\t\t<i aria-hidden=\"true\" class=\"fas fa-angle-right\"><\/i>\t\t\t<\/span>\n\t\t\t\t\t\t<span class=\"elementor-button-text\">Plus d'infos<\/span>\n\t\t<\/span>\n\t\t\t\t\t<\/a>\n\t\t<\/div>\n\t\t\t\t<\/div>\n\t\t\t\t<\/div>\n\t\t\t\t\t<\/div>\n\t\t<\/div>\n\t\t\t\t\t\t\t<\/div>\n\t\t<\/section>\n\t\t\t\t<section class=\"elementor-section elementor-inner-section elementor-element elementor-element-b638e62 elementor-section-content-middle elementor-section-boxed elementor-section-height-default elementor-section-height-default\" data-id=\"b638e62\" data-element_type=\"section\">\n\t\t\t\t\t\t<div class=\"elementor-container elementor-column-gap-no\">\n\t\t\t\t\t<div class=\"elementor-column elementor-col-50 elementor-inner-column elementor-element elementor-element-e53c743\" data-id=\"e53c743\" data-element_type=\"column\">\n\t\t\t<div class=\"elementor-widget-wrap elementor-element-populated\">\n\t\t\t\t\t\t\t\t<div class=\"elementor-element elementor-element-9ddae79 elementor-widget elementor-widget-image\" data-id=\"9ddae79\" data-element_type=\"widget\" data-widget_type=\"image.default\">\n\t\t\t\t<div class=\"elementor-widget-container\">\n\t\t\t\t\t\t\t\t\t\t\t\t\t\t\t<img loading=\"lazy\" decoding=\"async\" width=\"150\" height=\"150\" src=\"https:\/\/digitsproject.eu\/wp-content\/uploads\/2023\/06\/PFM_150.jpg\" class=\"attachment-full size-full wp-image-1524\" alt=\"\" \/>\t\t\t\t\t\t\t\t\t\t\t\t\t\t\t<\/div>\n\t\t\t\t<\/div>\n\t\t\t\t\t<\/div>\n\t\t<\/div>\n\t\t\t\t<div class=\"elementor-column elementor-col-50 elementor-inner-column elementor-element elementor-element-d9daa74\" data-id=\"d9daa74\" data-element_type=\"column\">\n\t\t\t<div class=\"elementor-widget-wrap elementor-element-populated\">\n\t\t\t\t\t\t\t\t<div class=\"elementor-element elementor-element-3266d8e elementor-widget elementor-widget-heading\" data-id=\"3266d8e\" data-element_type=\"widget\" data-widget_type=\"heading.default\">\n\t\t\t\t<div class=\"elementor-widget-container\">\n\t\t\t<h2 class=\"elementor-heading-title elementor-size-default\">Polskie Forum Migracyjne<\/h2>\t\t<\/div>\n\t\t\t\t<\/div>\n\t\t\t\t<div class=\"elementor-element elementor-element-81f33cd elementor-widget elementor-widget-heading\" data-id=\"81f33cd\" data-element_type=\"widget\" data-widget_type=\"heading.default\">\n\t\t\t\t<div class=\"elementor-widget-container\">\n\t\t\t<p class=\"elementor-heading-title elementor-size-default\">La fondation Polish Migration Forum (PFM) a \u00e9t\u00e9 cr\u00e9\u00e9e en 2007 pour promouvoir les droits des migrants en Pologne. Au PFM, nous voulons que la Pologne soit un pays o\u00f9 des personnes de races, de religions et de cultures diff\u00e9rentes vivent en harmonie et dans le respect, en s'effor\u00e7ant de parvenir \u00e0 un accord et \u00e0 une coop\u00e9ration. Notre mission est de soutenir l'int\u00e9gration des personnes qui \u00e9migrent en Pologne, afin qu'elle devienne leur seconde patrie. PFM offre un soutien complet et professionnel aux r\u00e9fugi\u00e9s et aux migrants vivant en Pologne.<\/p>\t\t<\/div>\n\t\t\t\t<\/div>\n\t\t\t\t<div class=\"elementor-element elementor-element-9f7fe25 elementor-widget elementor-widget-heading\" data-id=\"9f7fe25\" data-element_type=\"widget\" data-widget_type=\"heading.default\">\n\t\t\t\t<div class=\"elementor-widget-container\">\n\t\t\t<p class=\"elementor-heading-title elementor-size-default\">Nous d\u00e9veloppons des initiatives et soutenons des activit\u00e9s qui m\u00e8nent au dialogue entre des personnes repr\u00e9sentant diff\u00e9rentes cultures. La Fondation se sp\u00e9cialise dans les activit\u00e9s d'information en fournissant un soutien direct aux \u00e9trangers (psychologique, sur le march\u00e9 du travail, concernant la l\u00e9galisation du s\u00e9jour), des formations (pour les enseignants, les psychologues, les fonctionnaires), et des activit\u00e9s entre l'\u00e9ducation formelle et informelle (ateliers, jeux de ville). En outre, PFM soutient les femmes migrantes en organisant des \u00e9coles d'accouchement et des groupes de soutien pour les m\u00e8res migrantes.<\/p>\t\t<\/div>\n\t\t\t\t<\/div>\n\t\t\t\t<div class=\"elementor-element elementor-element-c31dffb elementor-widget elementor-widget-heading\" data-id=\"c31dffb\" data-element_type=\"widget\" data-widget_type=\"heading.default\">\n\t\t\t\t<div class=\"elementor-widget-container\">\n\t\t\t<p class=\"elementor-heading-title elementor-size-default\">Notre \u00e9thique de travail - innovation, implication, souci de la qualit\u00e9. L'innovation : Nous sommes toujours \u00e0 la recherche de nouveaux modes d'action. Nous analysons les besoins des migrants et y r\u00e9pondons avec souplesse. Nous utilisons les connaissances interdisciplinaires de notre \u00e9quipe pour d\u00e9velopper nos activit\u00e9s.<\/p>\t\t<\/div>\n\t\t\t\t<\/div>\n\t\t\t\t<div class=\"elementor-element elementor-element-a33e7f6 elementor-widget elementor-widget-heading\" data-id=\"a33e7f6\" data-element_type=\"widget\" data-widget_type=\"heading.default\">\n\t\t\t\t<div class=\"elementor-widget-container\">\n\t\t\t<p class=\"elementor-heading-title elementor-size-default\">Implication : Nous mettons beaucoup de c\u0153ur et d'engagement dans chacune de nos r\u00e9unions avec les b\u00e9n\u00e9ficiaires. Nous sommes une \u00e9quipe de militants - les actions de soutien aux \u00e9trangers nous tiennent personnellement \u00e0 c\u0153ur. Nous impliquons activement les b\u00e9n\u00e9voles dans notre travail.<\/p>\t\t<\/div>\n\t\t\t\t<\/div>\n\t\t\t\t<div class=\"elementor-element elementor-element-a285dcb elementor-widget elementor-widget-heading\" data-id=\"a285dcb\" data-element_type=\"widget\" data-widget_type=\"heading.default\">\n\t\t\t\t<div class=\"elementor-widget-container\">\n\t\t\t<p class=\"elementor-heading-title elementor-size-default\">Attention \u00e0 la qualit\u00e9 : Nous agissons de mani\u00e8re globale. Nous veillons \u00e0 ce que les \u00e9trangers puissent b\u00e9n\u00e9ficier de notre soutien dans divers aspects de leur vie. Il est important pour nous de toujours am\u00e9liorer les comp\u00e9tences de notre \u00e9quipe. Nous participons \u00e0 des formations, des s\u00e9minaires et des visites d'\u00e9tude.<\/p>\t\t<\/div>\n\t\t\t\t<\/div>\n\t\t\t\t<div class=\"elementor-element elementor-element-dd34850 elementor-align-right elementor-widget elementor-widget-button\" data-id=\"dd34850\" data-element_type=\"widget\" data-widget_type=\"button.default\">\n\t\t\t\t<div class=\"elementor-widget-container\">\n\t\t\t\t\t<div class=\"elementor-button-wrapper\">\n\t\t\t<a class=\"elementor-button elementor-button-link elementor-size-sm\" href=\"https:\/\/forummigracyjne.org\/\" target=\"_blank\">\n\t\t\t\t\t\t<span class=\"elementor-button-content-wrapper\">\n\t\t\t\t\t\t<span class=\"elementor-button-icon elementor-align-icon-right\">\n\t\t\t\t<i aria-hidden=\"true\" class=\"fas fa-angle-right\"><\/i>\t\t\t<\/span>\n\t\t\t\t\t\t<span class=\"elementor-button-text\">Plus d'infos<\/span>\n\t\t<\/span>\n\t\t\t\t\t<\/a>\n\t\t<\/div>\n\t\t\t\t<\/div>\n\t\t\t\t<\/div>\n\t\t\t\t\t<\/div>\n\t\t<\/div>\n\t\t\t\t\t\t\t<\/div>\n\t\t<\/section>\n\t\t\t\t<section class=\"elementor-section elementor-inner-section elementor-element elementor-element-6816407 elementor-section-content-middle elementor-section-boxed elementor-section-height-default elementor-section-height-default\" data-id=\"6816407\" data-element_type=\"section\">\n\t\t\t\t\t\t<div class=\"elementor-container elementor-column-gap-no\">\n\t\t\t\t\t<div class=\"elementor-column elementor-col-50 elementor-inner-column elementor-element elementor-element-e136d65\" data-id=\"e136d65\" data-element_type=\"column\">\n\t\t\t<div class=\"elementor-widget-wrap elementor-element-populated\">\n\t\t\t\t\t\t\t\t<div class=\"elementor-element elementor-element-64ff0bd elementor-widget elementor-widget-image\" data-id=\"64ff0bd\" data-element_type=\"widget\" data-widget_type=\"image.default\">\n\t\t\t\t<div class=\"elementor-widget-container\">\n\t\t\t\t\t\t\t\t\t\t\t\t\t\t\t<img loading=\"lazy\" decoding=\"async\" width=\"147\" height=\"150\" src=\"https:\/\/digitsproject.eu\/wp-content\/uploads\/2023\/06\/Hip-150.jpg\" class=\"attachment-full size-full wp-image-1423\" alt=\"\" \/>\t\t\t\t\t\t\t\t\t\t\t\t\t\t\t<\/div>\n\t\t\t\t<\/div>\n\t\t\t\t\t<\/div>\n\t\t<\/div>\n\t\t\t\t<div class=\"elementor-column elementor-col-50 elementor-inner-column elementor-element elementor-element-b259fc6\" data-id=\"b259fc6\" data-element_type=\"column\">\n\t\t\t<div class=\"elementor-widget-wrap elementor-element-populated\">\n\t\t\t\t\t\t\t\t<div class=\"elementor-element elementor-element-3d2bebd elementor-widget elementor-widget-heading\" data-id=\"3d2bebd\" data-element_type=\"widget\" data-widget_type=\"heading.default\">\n\t\t\t\t<div class=\"elementor-widget-container\">\n\t\t\t<h2 class=\"elementor-heading-title elementor-size-default\">Hub for Innovation Policy<\/h2>\t\t<\/div>\n\t\t\t\t<\/div>\n\t\t\t\t<div class=\"elementor-element elementor-element-ff167ae elementor-widget elementor-widget-heading\" data-id=\"ff167ae\" data-element_type=\"widget\" data-widget_type=\"heading.default\">\n\t\t\t\t<div class=\"elementor-widget-container\">\n\t\t\t<p class=\"elementor-heading-title elementor-size-default\">Hub for Innovation Policy (HIP) est une jeune entreprise dont la mission est d'utiliser l'innovation et la technologie pour faire progresser et renforcer les services des entreprises et des acteurs sociaux. Les principaux outils que nous utilisons \u00e0 cette fin sont les outils technologiques, les programmes de renforcement des capacit\u00e9s et les services de conseil.\n<\/p>\t\t<\/div>\n\t\t\t\t<\/div>\n\t\t\t\t<div class=\"elementor-element elementor-element-43c5a70 elementor-widget elementor-widget-heading\" data-id=\"43c5a70\" data-element_type=\"widget\" data-widget_type=\"heading.default\">\n\t\t\t\t<div class=\"elementor-widget-container\">\n\t\t\t<p class=\"elementor-heading-title elementor-size-default\">Notre \u00e9quipe est compos\u00e9e d'experts issus de milieux pluridisciplinaires, mais disposant d'une solide exp\u00e9rience et expertise dans le travail avec les acteurs du march\u00e9 et le secteur tiers au niveau international. Notre exp\u00e9rience cumul\u00e9e et notre palmar\u00e8s comprennent une collaboration r\u00e9ussie avec des entreprises de divers secteurs industriels et \u00e9conomiques, des institutions et des autorit\u00e9s locales dans divers pays de l'UE, la Commission europ\u00e9enne et des ONG et organisations actives dans le domaine des droits de l'homme.\n<\/p>\t\t<\/div>\n\t\t\t\t<\/div>\n\t\t\t\t<div class=\"elementor-element elementor-element-bd24ec0 elementor-widget elementor-widget-heading\" data-id=\"bd24ec0\" data-element_type=\"widget\" data-widget_type=\"heading.default\">\n\t\t\t\t<div class=\"elementor-widget-container\">\n\t\t\t<p class=\"elementor-heading-title elementor-size-default\">Notre approche est ax\u00e9e sur le client, bas\u00e9e sur une coop\u00e9ration et une interaction \u00e9troites et r\u00e9guli\u00e8res avec nos clients et partenaires, afin de parvenir \u00e0 des solutions r\u00e9ellement sur mesure r\u00e9pondant \u00e0 leurs besoins et d\u00e9fis particuliers.\"<\/p>\t\t<\/div>\n\t\t\t\t<\/div>\n\t\t\t\t<div class=\"elementor-element elementor-element-f98a1bf elementor-align-right elementor-widget elementor-widget-button\" data-id=\"f98a1bf\" data-element_type=\"widget\" data-widget_type=\"button.default\">\n\t\t\t\t<div class=\"elementor-widget-container\">\n\t\t\t\t\t<div class=\"elementor-button-wrapper\">\n\t\t\t<a class=\"elementor-button elementor-button-link elementor-size-sm\" href=\"https:\/\/hubinno.eu\" target=\"_blank\">\n\t\t\t\t\t\t<span class=\"elementor-button-content-wrapper\">\n\t\t\t\t\t\t<span class=\"elementor-button-icon elementor-align-icon-right\">\n\t\t\t\t<i aria-hidden=\"true\" class=\"fas fa-angle-right\"><\/i>\t\t\t<\/span>\n\t\t\t\t\t\t<span class=\"elementor-button-text\">Plus d'infos<\/span>\n\t\t<\/span>\n\t\t\t\t\t<\/a>\n\t\t<\/div>\n\t\t\t\t<\/div>\n\t\t\t\t<\/div>\n\t\t\t\t\t<\/div>\n\t\t<\/div>\n\t\t\t\t\t\t\t<\/div>\n\t\t<\/section>\n\t\t\t\t<section class=\"elementor-section elementor-inner-section elementor-element elementor-element-f1bee97 elementor-section-content-middle elementor-section-boxed elementor-section-height-default elementor-section-height-default\" data-id=\"f1bee97\" data-element_type=\"section\">\n\t\t\t\t\t\t<div class=\"elementor-container elementor-column-gap-no\">\n\t\t\t\t\t<div class=\"elementor-column elementor-col-50 elementor-inner-column elementor-element elementor-element-1c84ff6\" data-id=\"1c84ff6\" data-element_type=\"column\">\n\t\t\t<div class=\"elementor-widget-wrap elementor-element-populated\">\n\t\t\t\t\t\t\t\t<div class=\"elementor-element elementor-element-4c5cdd4 elementor-widget elementor-widget-image\" data-id=\"4c5cdd4\" data-element_type=\"widget\" data-widget_type=\"image.default\">\n\t\t\t\t<div class=\"elementor-widget-container\">\n\t\t\t\t\t\t\t\t\t\t\t\t\t\t\t<img loading=\"lazy\" decoding=\"async\" width=\"150\" height=\"150\" src=\"https:\/\/digitsproject.eu\/wp-content\/uploads\/2023\/06\/LOGO_GFM150.png\" class=\"attachment-full size-full wp-image-1531\" alt=\"\" \/>\t\t\t\t\t\t\t\t\t\t\t\t\t\t\t<\/div>\n\t\t\t\t<\/div>\n\t\t\t\t\t<\/div>\n\t\t<\/div>\n\t\t\t\t<div class=\"elementor-column elementor-col-50 elementor-inner-column elementor-element elementor-element-16d54e8\" data-id=\"16d54e8\" data-element_type=\"column\">\n\t\t\t<div class=\"elementor-widget-wrap elementor-element-populated\">\n\t\t\t\t\t\t\t\t<div class=\"elementor-element elementor-element-8e55cda elementor-widget elementor-widget-heading\" data-id=\"8e55cda\" data-element_type=\"widget\" data-widget_type=\"heading.default\">\n\t\t\t\t<div class=\"elementor-widget-container\">\n\t\t\t<h2 class=\"elementor-heading-title elementor-size-default\">GREEK FORUM OF MIGRANTS - Elliniko Forum Metanaston<\/h2>\t\t<\/div>\n\t\t\t\t<\/div>\n\t\t\t\t<div class=\"elementor-element elementor-element-d5cf109 elementor-widget elementor-widget-heading\" data-id=\"d5cf109\" data-element_type=\"widget\" data-widget_type=\"heading.default\">\n\t\t\t\t<div class=\"elementor-widget-container\">\n\t\t\t<p class=\"elementor-heading-title elementor-size-default\">Le Forum grec des migrants (GFM) est un r\u00e9seau d'organisations et de communaut\u00e9s de migrants en Gr\u00e8ce. Fond\u00e9 en septembre 2002, il fonctionne comme un organe syndical et ses membres comptent aujourd'hui environ 40 communaut\u00e9s et organisations.\n<\/p>\t\t<\/div>\n\t\t\t\t<\/div>\n\t\t\t\t<div class=\"elementor-element elementor-element-2f5f4ce elementor-widget elementor-widget-heading\" data-id=\"2f5f4ce\" data-element_type=\"widget\" data-widget_type=\"heading.default\">\n\t\t\t\t<div class=\"elementor-widget-container\">\n\t\t\t<p class=\"elementor-heading-title elementor-size-default\">Sa mission est de promouvoir l'int\u00e9gration et l'inclusion des migrants en renfor\u00e7ant leur responsabilit\u00e9 individuelle et collective et leur participation, en collaborant avec les institutions, les ONG et la soci\u00e9t\u00e9 - au niveau national et europ\u00e9en.\n<\/p>\t\t<\/div>\n\t\t\t\t<\/div>\n\t\t\t\t<div class=\"elementor-element elementor-element-4924a76 elementor-widget elementor-widget-heading\" data-id=\"4924a76\" data-element_type=\"widget\" data-widget_type=\"heading.default\">\n\t\t\t\t<div class=\"elementor-widget-container\">\n\t\t\t<p class=\"elementor-heading-title elementor-size-default\">La d\u00e9fense des droits des migrants et de leur int\u00e9gration sociale et professionnelle est leur principal objectif.\n<br\/>\n\nAfin de mettre en \u0153uvre leur travail et leurs actions, ils sont actifs dans trois domaines diff\u00e9rents mais interd\u00e9pendants : avec les communaut\u00e9s de migrants elles-m\u00eames, avec la soci\u00e9t\u00e9 grecque, et avec l'\u00c9tat grec, avec ses organisations et ses institutions.<\/p>\t\t<\/div>\n\t\t\t\t<\/div>\n\t\t\t\t<div class=\"elementor-element elementor-element-52c1de6 elementor-align-right elementor-widget elementor-widget-button\" data-id=\"52c1de6\" data-element_type=\"widget\" data-widget_type=\"button.default\">\n\t\t\t\t<div class=\"elementor-widget-container\">\n\t\t\t\t\t<div class=\"elementor-button-wrapper\">\n\t\t\t<a class=\"elementor-button elementor-button-link elementor-size-sm\" href=\"https:\/\/www.migrant.gr\/\" target=\"_blank\">\n\t\t\t\t\t\t<span class=\"elementor-button-content-wrapper\">\n\t\t\t\t\t\t<span class=\"elementor-button-icon elementor-align-icon-right\">\n\t\t\t\t<i aria-hidden=\"true\" class=\"fas fa-angle-right\"><\/i>\t\t\t<\/span>\n\t\t\t\t\t\t<span class=\"elementor-button-text\">Plus d'infos<\/span>\n\t\t<\/span>\n\t\t\t\t\t<\/a>\n\t\t<\/div>\n\t\t\t\t<\/div>\n\t\t\t\t<\/div>\n\t\t\t\t\t<\/div>\n\t\t<\/div>\n\t\t\t\t\t\t\t<\/div>\n\t\t<\/section>\n\t\t\t\t\t<\/div>\n\t\t<\/div>\n\t\t\t\t\t\t\t<\/div>\n\t\t<\/section>\n\t\t\t\t\t\t\t<\/div>\n\t\t","protected":false},"excerpt":{"rendered":"<p>Nous sommes l\u00e0 pour aider les femmes Ressortissants des pays Tiers \u00e0 d\u00e9velopper leurs comp\u00e9tences Le projet DIGITS : Soft DIGITal Skills building for TCN women est un projet de deux ans cofinanc\u00e9 par l&#8217;Union europ\u00e9enne dans le cadre du programme ERASMUS+. Le projet est mis en \u0153uvre par des partenaires en Pologne, en Gr\u00e8ce, &hellip;<\/p>\n<p class=\"read-more\"> <a class=\"\" href=\"https:\/\/digitsproject.eu\/?page_id=1920&#038;lang=fr\"> <span class=\"screen-reader-text\">\u00c0 propos<\/span> Read More &raquo;<\/a><\/p>\n","protected":false},"author":1,"featured_media":0,"parent":0,"menu_order":0,"comment_status":"closed","ping_status":"closed","template":"","meta":{"om_disable_all_campaigns":false,"_monsterinsights_skip_tracking":false,"_monsterinsights_sitenote_active":false,"_monsterinsights_sitenote_note":"","_monsterinsights_sitenote_category":0,"_uf_show_specific_survey":0,"_uf_disable_surveys":false,"site-sidebar-layout":"no-sidebar","site-content-layout":"page-builder","ast-global-header-display":"","ast-banner-title-visibility":"","ast-main-header-display":"","ast-hfb-above-header-display":"","ast-hfb-below-header-display":"","ast-hfb-mobile-header-display":"","site-post-title":"disabled","ast-breadcrumbs-content":"","ast-featured-img":"disabled","footer-sml-layout":"","theme-transparent-header-meta":"enabled","adv-header-id-meta":"","stick-header-meta":"","header-above-stick-meta":"","header-main-stick-meta":"","header-below-stick-meta":"","footnotes":""},"class_list":["post-1920","page","type-page","status-publish","hentry"],"aioseo_notices":[],"rttpg_featured_image_url":null,"rttpg_author":{"display_name":"alinfordon","author_link":"https:\/\/digitsproject.eu\/?author=1"},"rttpg_comment":0,"rttpg_category":" <a href=\"https:\/\/digitsproject.eu\/?lang=fr\" rel=\"tag\">Fran\u00e7ais<\/a>","rttpg_excerpt":"Nous sommes l\u00e0 pour aider les femmes Ressortissants des pays Tiers \u00e0 d\u00e9velopper leurs comp\u00e9tences Le projet DIGITS : Soft DIGITal Skills building for TCN women est un projet de deux ans cofinanc\u00e9 par l&#8217;Union europ\u00e9enne dans le cadre du programme ERASMUS+. Le projet est mis en \u0153uvre par des partenaires en Pologne, en Gr\u00e8ce,&hellip;","_links":{"self":[{"href":"https:\/\/digitsproject.eu\/index.php?rest_route=\/wp\/v2\/pages\/1920","targetHints":{"allow":["GET"]}}],"collection":[{"href":"https:\/\/digitsproject.eu\/index.php?rest_route=\/wp\/v2\/pages"}],"about":[{"href":"https:\/\/digitsproject.eu\/index.php?rest_route=\/wp\/v2\/types\/page"}],"author":[{"embeddable":true,"href":"https:\/\/digitsproject.eu\/index.php?rest_route=\/wp\/v2\/users\/1"}],"replies":[{"embeddable":true,"href":"https:\/\/digitsproject.eu\/index.php?rest_route=%2Fwp%2Fv2%2Fcomments&post=1920"}],"version-history":[{"count":13,"href":"https:\/\/digitsproject.eu\/index.php?rest_route=\/wp\/v2\/pages\/1920\/revisions"}],"predecessor-version":[{"id":2278,"href":"https:\/\/digitsproject.eu\/index.php?rest_route=\/wp\/v2\/pages\/1920\/revisions\/2278"}],"wp:attachment":[{"href":"https:\/\/digitsproject.eu\/index.php?rest_route=%2Fwp%2Fv2%2Fmedia&parent=1920"}],"curies":[{"name":"wp","href":"https:\/\/api.w.org\/{rel}","templated":true}]}}