{"id":2014,"date":"2022-03-03T04:49:17","date_gmt":"2022-03-03T04:49:17","guid":{"rendered":"https:\/\/digitsproject.eu\/?page_id=2014"},"modified":"2024-09-12T09:17:23","modified_gmt":"2024-09-12T09:17:23","slug":"o-nas","status":"publish","type":"page","link":"https:\/\/digitsproject.eu\/?page_id=2014&lang=pl","title":{"rendered":"O nas"},"content":{"rendered":"\t\t<div data-elementor-type=\"wp-page\" data-elementor-id=\"2014\" class=\"elementor elementor-2014\">\n\t\t\t\t\t\t\t\t\t<section class=\"elementor-section elementor-top-section elementor-element elementor-element-16d1e3d elementor-section-boxed elementor-section-height-default elementor-section-height-default\" data-id=\"16d1e3d\" data-element_type=\"section\" data-settings=\"{&quot;background_background&quot;:&quot;classic&quot;}\">\n\t\t\t\t\t\t<div class=\"elementor-container elementor-column-gap-no\">\n\t\t\t\t\t<div class=\"elementor-column elementor-col-100 elementor-top-column elementor-element elementor-element-090e8c2\" data-id=\"090e8c2\" data-element_type=\"column\">\n\t\t\t<div class=\"elementor-widget-wrap elementor-element-populated\">\n\t\t\t\t\t\t\t\t<section class=\"elementor-section elementor-inner-section elementor-element elementor-element-38910db elementor-section-boxed elementor-section-height-default elementor-section-height-default\" data-id=\"38910db\" data-element_type=\"section\">\n\t\t\t\t\t\t<div class=\"elementor-container elementor-column-gap-no\">\n\t\t\t\t\t<div class=\"elementor-column elementor-col-100 elementor-inner-column elementor-element elementor-element-4191865\" data-id=\"4191865\" data-element_type=\"column\">\n\t\t\t<div class=\"elementor-widget-wrap elementor-element-populated\">\n\t\t\t\t\t\t\t\t<div class=\"elementor-element elementor-element-0286cda elementor-widget elementor-widget-heading\" data-id=\"0286cda\" data-element_type=\"widget\" data-widget_type=\"heading.default\">\n\t\t\t\t<div class=\"elementor-widget-container\">\n\t\t\t<style>\/*! elementor - v3.14.0 - 18-06-2023 *\/\n.elementor-heading-title{padding:0;margin:0;line-height:1}.elementor-widget-heading .elementor-heading-title[class*=elementor-size-]>a{color:inherit;font-size:inherit;line-height:inherit}.elementor-widget-heading .elementor-heading-title.elementor-size-small{font-size:15px}.elementor-widget-heading .elementor-heading-title.elementor-size-medium{font-size:19px}.elementor-widget-heading .elementor-heading-title.elementor-size-large{font-size:29px}.elementor-widget-heading .elementor-heading-title.elementor-size-xl{font-size:39px}.elementor-widget-heading .elementor-heading-title.elementor-size-xxl{font-size:59px}<\/style><h1 class=\"elementor-heading-title elementor-size-default\">Jeste\u015bmy tutaj, by pom\u00f3c w budowaniu kompetencji cyfrowych migrantek.<\/h1>\t\t<\/div>\n\t\t\t\t<\/div>\n\t\t\t\t\t<\/div>\n\t\t<\/div>\n\t\t\t\t\t\t\t<\/div>\n\t\t<\/section>\n\t\t\t\t<section class=\"elementor-section elementor-inner-section elementor-element elementor-element-68c9e5b elementor-section-content-middle elementor-section-boxed elementor-section-height-default elementor-section-height-default\" data-id=\"68c9e5b\" data-element_type=\"section\">\n\t\t\t\t\t\t<div class=\"elementor-container elementor-column-gap-no\">\n\t\t\t\t\t<div class=\"elementor-column elementor-col-50 elementor-inner-column elementor-element elementor-element-e034dd2\" data-id=\"e034dd2\" data-element_type=\"column\">\n\t\t\t<div class=\"elementor-widget-wrap elementor-element-populated\">\n\t\t\t\t\t\t\t\t<div class=\"elementor-element elementor-element-b30c5b0 elementor-widget__width-initial elementor-widget elementor-widget-image\" data-id=\"b30c5b0\" data-element_type=\"widget\" data-widget_type=\"image.default\">\n\t\t\t\t<div class=\"elementor-widget-container\">\n\t\t\t<style>\/*! elementor - v3.14.0 - 18-06-2023 *\/\n.elementor-widget-image{text-align:center}.elementor-widget-image a{display:inline-block}.elementor-widget-image a img[src$=\".svg\"]{width:48px}.elementor-widget-image img{vertical-align:middle;display:inline-block}<\/style>\t\t\t\t\t\t\t\t\t\t\t\t<img loading=\"lazy\" decoding=\"async\" width=\"1800\" height=\"1201\" src=\"https:\/\/digitsproject.eu\/wp-content\/uploads\/2024\/03\/3-last-picture-of-the-about-page.png\" class=\"attachment-full size-full wp-image-1686\" alt=\"\" \/>\t\t\t\t\t\t\t\t\t\t\t\t\t\t\t<\/div>\n\t\t\t\t<\/div>\n\t\t\t\t<div class=\"elementor-element elementor-element-4107317 elementor-widget elementor-widget-text-editor\" data-id=\"4107317\" data-element_type=\"widget\" data-widget_type=\"text-editor.default\">\n\t\t\t\t<div class=\"elementor-widget-container\">\n\t\t\t<style>\/*! elementor - v3.14.0 - 18-06-2023 *\/\n.elementor-widget-text-editor.elementor-drop-cap-view-stacked .elementor-drop-cap{background-color:#69727d;color:#fff}.elementor-widget-text-editor.elementor-drop-cap-view-framed .elementor-drop-cap{color:#69727d;border:3px solid;background-color:transparent}.elementor-widget-text-editor:not(.elementor-drop-cap-view-default) .elementor-drop-cap{margin-top:8px}.elementor-widget-text-editor:not(.elementor-drop-cap-view-default) .elementor-drop-cap-letter{width:1em;height:1em}.elementor-widget-text-editor .elementor-drop-cap{float:left;text-align:center;line-height:1;font-size:50px}.elementor-widget-text-editor .elementor-drop-cap-letter{display:inline-block}<\/style>\t\t\t\t<p>DIGITS: Soft DIGITal Skills building for TCN women to dwuletni projekt wsp\u00f3\u0142finansowany przez Uni\u0119 Europejsk\u0105 w ramach programu ERASMUS+. Projekt jest realizowany przez partner\u00f3w w Polsce, Grecji, Rumunii, Belgii, Austrii i Niemczech. Projekt ma na celu popraw\u0119 integracji cyfrowej kobiet z kraj\u00f3w trzecich (TCN) poprzez praktyczne narz\u0119dzia i dostosowane interwencje edukacyjne, kt\u00f3re przyczyni\u0105 si\u0119 do poprawy jako\u015bci ich \u017cycia.<\/p>\t\t\t\t\t\t<\/div>\n\t\t\t\t<\/div>\n\t\t\t\t\t<\/div>\n\t\t<\/div>\n\t\t\t\t<div class=\"elementor-column elementor-col-50 elementor-inner-column elementor-element elementor-element-f54db97\" data-id=\"f54db97\" data-element_type=\"column\">\n\t\t\t<div class=\"elementor-widget-wrap elementor-element-populated\">\n\t\t\t\t\t\t\t\t<div class=\"elementor-element elementor-element-b5a5cf7 elementor-widget elementor-widget-heading\" data-id=\"b5a5cf7\" data-element_type=\"widget\" data-widget_type=\"heading.default\">\n\t\t\t\t<div class=\"elementor-widget-container\">\n\t\t\t<h2 class=\"elementor-heading-title elementor-size-default\">O projekcie<\/h2>\t\t<\/div>\n\t\t\t\t<\/div>\n\t\t\t\t<div class=\"elementor-element elementor-element-b2f04de elementor-widget elementor-widget-text-editor\" data-id=\"b2f04de\" data-element_type=\"widget\" data-widget_type=\"text-editor.default\">\n\t\t\t\t<div class=\"elementor-widget-container\">\n\t\t\t\t\t\t\t<p>G\u0142\u00f3wnym celem projektu DIGITS jest poprawa integracji cyfrowej kobiet TCN w wybranych krajach UE poprzez praktyczne narz\u0119dzia i dostosowane interwencje edukacyjne, aby zapewni\u0107 im lepsz\u0105 jako\u015b\u0107 \u017cycia. M\u00f3wi\u0105c dok\u0142adniej, projekt DIGITS ma na celu popraw\u0119 krajowego i ponadnarodowego zrozumienia potrzeb integracji cyfrowej kobiet w UE. Wa\u017cne jest, aby opracowa\u0107 praktyczne narz\u0119dzia i zebra\u0107 przydatne zasoby w zakresie integracji cyfrowej, a tym samym sprawiedliwo\u015bci spo\u0142ecznej dla kobiet ze \u015brodowisk migrant\u00f3w-uchod\u017ac\u00f3w.<\/p><p>W tym celu konsorcjum DIGITS nada priorytet zwi\u0119kszeniu wska\u017anik\u00f3w uczestnictwa w\u015br\u00f3d os\u00f3b o mniejszych szansach, w szczeg\u00f3lno\u015bci migrantek z niewielk\u0105 wiedz\u0105 cyfrow\u0105, zgodnie z zasadami strategii r\u00f3wno\u015bci p\u0142ci 2020-25 jako narz\u0119dzia promowanej perspektywy p\u0142ci w proponowanym dzia\u0142aniu.\u00a0<\/p>\t\t\t\t\t\t<\/div>\n\t\t\t\t<\/div>\n\t\t\t\t\t<\/div>\n\t\t<\/div>\n\t\t\t\t\t\t\t<\/div>\n\t\t<\/section>\n\t\t\t\t\t<\/div>\n\t\t<\/div>\n\t\t\t\t\t\t\t<\/div>\n\t\t<\/section>\n\t\t\t\t<section class=\"elementor-section elementor-top-section elementor-element elementor-element-97c3e06 elementor-section-content-middle elementor-section-boxed elementor-section-height-default elementor-section-height-default\" data-id=\"97c3e06\" data-element_type=\"section\">\n\t\t\t\t\t\t<div class=\"elementor-container elementor-column-gap-no\">\n\t\t\t\t\t<div class=\"elementor-column elementor-col-33 elementor-top-column elementor-element elementor-element-7ac99c6\" data-id=\"7ac99c6\" data-element_type=\"column\">\n\t\t\t<div class=\"elementor-widget-wrap elementor-element-populated\">\n\t\t\t\t\t\t\t\t<div class=\"elementor-element elementor-element-e01088c elementor-widget elementor-widget-heading\" data-id=\"e01088c\" data-element_type=\"widget\" data-widget_type=\"heading.default\">\n\t\t\t\t<div class=\"elementor-widget-container\">\n\t\t\t<h2 class=\"elementor-heading-title elementor-size-default\">Cele:<\/h2>\t\t<\/div>\n\t\t\t\t<\/div>\n\t\t\t\t<div class=\"elementor-element elementor-element-262ff26 elementor-widget elementor-widget-text-editor\" data-id=\"262ff26\" data-element_type=\"widget\" data-widget_type=\"text-editor.default\">\n\t\t\t\t<div class=\"elementor-widget-container\">\n\t\t\t\t\t\t\t<p>Projekt skupi si\u0119 na opracowaniu i zastosowaniu pionierskich metod budowania potencja\u0142u w zakresie umiej\u0119tno\u015bci cyfrowych. Metodologia budowania potencja\u0142u w ramach projektu DIGITS przyczyni si\u0119 r\u00f3wnie\u017c do rozwoju i poprawy umiej\u0119tno\u015bci i kompetencji:<\/p>\t\t\t\t\t\t<\/div>\n\t\t\t\t<\/div>\n\t\t\t\t<div class=\"elementor-element elementor-element-97d40c8 elementor-icon-list--layout-traditional elementor-list-item-link-full_width elementor-widget elementor-widget-icon-list\" data-id=\"97d40c8\" data-element_type=\"widget\" data-widget_type=\"icon-list.default\">\n\t\t\t\t<div class=\"elementor-widget-container\">\n\t\t\t<link rel=\"stylesheet\" href=\"https:\/\/digitsproject.eu\/wp-content\/plugins\/elementor\/assets\/css\/widget-icon-list.min.css\">\t\t<ul class=\"elementor-icon-list-items\">\n\t\t\t\t\t\t\t<li class=\"elementor-icon-list-item\">\n\t\t\t\t\t\t\t\t\t\t<span class=\"elementor-icon-list-text\">1. Specjali\u015bci, nauczyciele i wolontariusze pracuj\u0105cy z kobietami TCN;<\/span>\n\t\t\t\t\t\t\t\t\t<\/li>\n\t\t\t\t\t\t\t\t<li class=\"elementor-icon-list-item\">\n\t\t\t\t\t\t\t\t\t\t<span class=\"elementor-icon-list-text\">2. Kobiety TCN, kt\u00f3re zdob\u0119d\u0105 umiej\u0119tno\u015bci i kompetencje w zakresie korzystania z technologii cyfrowych<\/span>\n\t\t\t\t\t\t\t\t\t<\/li>\n\t\t\t\t\t\t<\/ul>\n\t\t\t\t<\/div>\n\t\t\t\t<\/div>\n\t\t\t\t\t<\/div>\n\t\t<\/div>\n\t\t\t\t<div class=\"elementor-column elementor-col-33 elementor-top-column elementor-element elementor-element-0f25b5c\" data-id=\"0f25b5c\" data-element_type=\"column\">\n\t\t\t<div class=\"elementor-widget-wrap elementor-element-populated\">\n\t\t\t\t\t\t\t\t<div class=\"elementor-element elementor-element-d022457 elementor-widget elementor-widget-image\" data-id=\"d022457\" data-element_type=\"widget\" data-widget_type=\"image.default\">\n\t\t\t\t<div class=\"elementor-widget-container\">\n\t\t\t\t\t\t\t\t\t\t\t\t\t\t\t<img loading=\"lazy\" decoding=\"async\" width=\"1800\" height=\"1331\" src=\"https:\/\/digitsproject.eu\/wp-content\/uploads\/2024\/03\/4-picture-for-the-second-pahe-in-objectives.png\" class=\"attachment-full size-full wp-image-1687\" alt=\"\" \/>\t\t\t\t\t\t\t\t\t\t\t\t\t\t\t<\/div>\n\t\t\t\t<\/div>\n\t\t\t\t\t<\/div>\n\t\t<\/div>\n\t\t\t\t<div class=\"elementor-column elementor-col-33 elementor-top-column elementor-element elementor-element-597af64\" data-id=\"597af64\" data-element_type=\"column\">\n\t\t\t<div class=\"elementor-widget-wrap elementor-element-populated\">\n\t\t\t\t\t\t\t\t<div class=\"elementor-element elementor-element-0f86889 elementor-widget__width-initial elementor-widget elementor-widget-text-editor\" data-id=\"0f86889\" data-element_type=\"widget\" data-widget_type=\"text-editor.default\">\n\t\t\t\t<div class=\"elementor-widget-container\">\n\t\t\t\t\t\t\t<p>Nasze podej\u015bcie zostanie zintegrowane w celu poprawy zdolno\u015bci profesjonalist\u00f3w i interesariuszy, kt\u00f3rzy maj\u0105 bezpo\u015bredni dost\u0119p do kobiet TCN, w zakresie rozwijania ich umiej\u0119tno\u015bci cyfrowych, a ostatecznie wzmocnienia ich pozycji. Konkretnym celem jest r\u00f3wnie\u017c podniesienie \u015bwiadomo\u015bci w\u015br\u00f3d profesjonalist\u00f3w, odpowiednich interesariuszy i opinii publicznej na temat potrzeb w\u0142\u0105czenia cyfrowego kobiet z TTVN. Platforma internetowa do budowania potencja\u0142u opracowana w ramach projektu DIGITS b\u0119dzie atrakcyjnym narz\u0119dziem o wysokiej dost\u0119pno\u015bci i elastycznym, przyjaznym dla u\u017cytkownika rozwoju cyfrowym, co pozwoli na \u0142atw\u0105 adaptacj\u0119 w wielu kontekstach, zwi\u0119kszaj\u0105c w ten spos\u00f3b integracj\u0119 z uczeniem si\u0119 i szkoleniem na wszystkich poziomach oraz wspieraj\u0105c jego trwa\u0142o\u015b\u0107 i kompatybilno\u015b\u0107 z nadchodz\u0105cymi wyzwaniami spo\u0142ecznymi i edukacyjnymi.<\/p>\t\t\t\t\t\t<\/div>\n\t\t\t\t<\/div>\n\t\t\t\t\t<\/div>\n\t\t<\/div>\n\t\t\t\t\t\t\t<\/div>\n\t\t<\/section>\n\t\t\t\t<section class=\"elementor-section elementor-top-section elementor-element elementor-element-bb6992b elementor-section-boxed elementor-section-height-default elementor-section-height-default\" data-id=\"bb6992b\" data-element_type=\"section\" data-settings=\"{&quot;background_background&quot;:&quot;classic&quot;}\">\n\t\t\t\t\t\t<div class=\"elementor-container elementor-column-gap-no\">\n\t\t\t\t\t<div class=\"elementor-column elementor-col-100 elementor-top-column elementor-element elementor-element-c1f8b35\" data-id=\"c1f8b35\" data-element_type=\"column\">\n\t\t\t<div class=\"elementor-widget-wrap elementor-element-populated\">\n\t\t\t\t\t\t\t\t<section class=\"elementor-section elementor-inner-section elementor-element elementor-element-6260323 elementor-section-boxed elementor-section-height-default elementor-section-height-default\" data-id=\"6260323\" data-element_type=\"section\">\n\t\t\t\t\t\t<div class=\"elementor-container elementor-column-gap-no\">\n\t\t\t\t\t<div class=\"elementor-column elementor-col-100 elementor-inner-column elementor-element elementor-element-a331040\" data-id=\"a331040\" data-element_type=\"column\">\n\t\t\t<div class=\"elementor-widget-wrap elementor-element-populated\">\n\t\t\t\t\t\t\t\t<div class=\"elementor-element elementor-element-982bb7e elementor-widget elementor-widget-heading\" data-id=\"982bb7e\" data-element_type=\"widget\" data-widget_type=\"heading.default\">\n\t\t\t\t<div class=\"elementor-widget-container\">\n\t\t\t<h1 class=\"elementor-heading-title elementor-size-default\">O partnerach<\/h1>\t\t<\/div>\n\t\t\t\t<\/div>\n\t\t\t\t\t<\/div>\n\t\t<\/div>\n\t\t\t\t\t\t\t<\/div>\n\t\t<\/section>\n\t\t\t\t<section class=\"elementor-section elementor-inner-section elementor-element elementor-element-6317766 elementor-section-content-middle elementor-section-boxed elementor-section-height-default elementor-section-height-default\" data-id=\"6317766\" data-element_type=\"section\">\n\t\t\t\t\t\t<div class=\"elementor-container elementor-column-gap-no\">\n\t\t\t\t\t<div class=\"elementor-column elementor-col-50 elementor-inner-column elementor-element elementor-element-bd18fc8\" data-id=\"bd18fc8\" data-element_type=\"column\">\n\t\t\t<div class=\"elementor-widget-wrap elementor-element-populated\">\n\t\t\t\t\t\t\t\t<div class=\"elementor-element elementor-element-c24c881 elementor-widget elementor-widget-image\" data-id=\"c24c881\" data-element_type=\"widget\" data-widget_type=\"image.default\">\n\t\t\t\t<div class=\"elementor-widget-container\">\n\t\t\t\t\t\t\t\t\t\t\t\t\t\t\t<img loading=\"lazy\" decoding=\"async\" width=\"150\" height=\"150\" src=\"https:\/\/digitsproject.eu\/wp-content\/uploads\/2023\/06\/AIS-logo-150-1.png\" class=\"attachment-full size-full wp-image-1471\" alt=\"\" \/>\t\t\t\t\t\t\t\t\t\t\t\t\t\t\t<\/div>\n\t\t\t\t<\/div>\n\t\t\t\t\t<\/div>\n\t\t<\/div>\n\t\t\t\t<div class=\"elementor-column elementor-col-50 elementor-inner-column elementor-element elementor-element-7664ec6\" data-id=\"7664ec6\" data-element_type=\"column\">\n\t\t\t<div class=\"elementor-widget-wrap elementor-element-populated\">\n\t\t\t\t\t\t\t\t<div class=\"elementor-element elementor-element-7db8c99 elementor-widget elementor-widget-heading\" data-id=\"7db8c99\" data-element_type=\"widget\" data-widget_type=\"heading.default\">\n\t\t\t\t<div class=\"elementor-widget-container\">\n\t\t\t<h2 class=\"elementor-heading-title elementor-size-default\">Austrian Association of Inclusive Society<\/h2>\t\t<\/div>\n\t\t\t\t<\/div>\n\t\t\t\t<div class=\"elementor-element elementor-element-dfdb5ee elementor-widget elementor-widget-heading\" data-id=\"dfdb5ee\" data-element_type=\"widget\" data-widget_type=\"heading.default\">\n\t\t\t\t<div class=\"elementor-widget-container\">\n\t\t\t<p class=\"elementor-heading-title elementor-size-default\">AIS cieszy si\u0119 dobr\u0105 reputacj\u0105 dzi\u0119ki niezale\u017cnym badaniom wysokiej jako\u015bci, a tak\u017ce zaanga\u017cowaniu w mi\u0119dzynarodow\u0105 wsp\u00f3\u0142prac\u0119 i promowanie dobrych praktyk, kt\u00f3re generuj\u0105 odpowiedni\u0105 prac\u0119. Inclusive Society pracuje obecnie nad realizacj\u0105 szerokiej gamy projekt\u00f3w i promuje strategiczny wp\u0142yw w wielu sektorach, kt\u00f3re dotykaj\u0105 naszych g\u0142\u00f3wnych obszar\u00f3w tematycznych. Pracownicy i wolontariusze s\u0105 zaanga\u017cowani w walk\u0119 o r\u00f3wne prawa dla wszystkich i promowanie pe\u0142nego w\u0142\u0105czenia os\u00f3b znajduj\u0105cych si\u0119 w niekorzystnej sytuacji spo\u0142ecznej, niepe\u0142nosprawnych i marginalizowanych we wszystkich aspektach \u017cycia.<\/p>\t\t<\/div>\n\t\t\t\t<\/div>\n\t\t\t\t<div class=\"elementor-element elementor-element-529aad7 elementor-widget elementor-widget-heading\" data-id=\"529aad7\" data-element_type=\"widget\" data-widget_type=\"heading.default\">\n\t\t\t\t<div class=\"elementor-widget-container\">\n\t\t\t<h6 class=\"elementor-heading-title elementor-size-default\">G\u0141\u00d3WNYMI OBSZARAMI ZAINTERESOWANIA S\u0104<\/h6>\t\t<\/div>\n\t\t\t\t<\/div>\n\t\t\t\t<div class=\"elementor-element elementor-element-8c7cf25 elementor-icon-list--layout-traditional elementor-list-item-link-full_width elementor-widget elementor-widget-icon-list\" data-id=\"8c7cf25\" data-element_type=\"widget\" data-widget_type=\"icon-list.default\">\n\t\t\t\t<div class=\"elementor-widget-container\">\n\t\t\t\t\t<ul class=\"elementor-icon-list-items\">\n\t\t\t\t\t\t\t<li class=\"elementor-icon-list-item\">\n\t\t\t\t\t\t\t\t\t\t\t<span class=\"elementor-icon-list-icon\">\n\t\t\t\t\t\t\t<i aria-hidden=\"true\" class=\"fas fa-check\"><\/i>\t\t\t\t\t\t<\/span>\n\t\t\t\t\t\t\t\t\t\t<span class=\"elementor-icon-list-text\">Rozw\u00f3j spo\u0142eczno\u015bci<\/span>\n\t\t\t\t\t\t\t\t\t<\/li>\n\t\t\t\t\t\t\t\t<li class=\"elementor-icon-list-item\">\n\t\t\t\t\t\t\t\t\t\t\t<span class=\"elementor-icon-list-icon\">\n\t\t\t\t\t\t\t<i aria-hidden=\"true\" class=\"fas fa-check\"><\/i>\t\t\t\t\t\t<\/span>\n\t\t\t\t\t\t\t\t\t\t<span class=\"elementor-icon-list-text\">Rozw\u00f3j osobisty i zawodowy<\/span>\n\t\t\t\t\t\t\t\t\t<\/li>\n\t\t\t\t\t\t\t\t<li class=\"elementor-icon-list-item\">\n\t\t\t\t\t\t\t\t\t\t\t<span class=\"elementor-icon-list-icon\">\n\t\t\t\t\t\t\t<i aria-hidden=\"true\" class=\"fas fa-check\"><\/i>\t\t\t\t\t\t<\/span>\n\t\t\t\t\t\t\t\t\t\t<span class=\"elementor-icon-list-text\">Integracja, w\u0142\u0105czenie i sprawiedliwo\u015b\u0107 spo\u0142eczna<\/span>\n\t\t\t\t\t\t\t\t\t<\/li>\n\t\t\t\t\t\t\t\t<li class=\"elementor-icon-list-item\">\n\t\t\t\t\t\t\t\t\t\t\t<span class=\"elementor-icon-list-icon\">\n\t\t\t\t\t\t\t<i aria-hidden=\"true\" class=\"fas fa-check\"><\/i>\t\t\t\t\t\t<\/span>\n\t\t\t\t\t\t\t\t\t\t<span class=\"elementor-icon-list-text\">Wsp\u00f3\u0142praca krajowa i mi\u0119dzynarodowa<\/span>\n\t\t\t\t\t\t\t\t\t<\/li>\n\t\t\t\t\t\t\t\t<li class=\"elementor-icon-list-item\">\n\t\t\t\t\t\t\t\t\t\t\t<span class=\"elementor-icon-list-icon\">\n\t\t\t\t\t\t\t<i aria-hidden=\"true\" class=\"fas fa-check\"><\/i>\t\t\t\t\t\t<\/span>\n\t\t\t\t\t\t\t\t\t\t<span class=\"elementor-icon-list-text\">Zmiany klimatyczne i \u015brodowisko<\/span>\n\t\t\t\t\t\t\t\t\t<\/li>\n\t\t\t\t\t\t\t\t<li class=\"elementor-icon-list-item\">\n\t\t\t\t\t\t\t\t\t\t\t<span class=\"elementor-icon-list-icon\">\n\t\t\t\t\t\t\t<i aria-hidden=\"true\" class=\"fas fa-check\"><\/i>\t\t\t\t\t\t<\/span>\n\t\t\t\t\t\t\t\t\t\t<span class=\"elementor-icon-list-text\">Prawa cz\u0142owieka<\/span>\n\t\t\t\t\t\t\t\t\t<\/li>\n\t\t\t\t\t\t\t\t<li class=\"elementor-icon-list-item\">\n\t\t\t\t\t\t\t\t\t\t\t<span class=\"elementor-icon-list-icon\">\n\t\t\t\t\t\t\t<i aria-hidden=\"true\" class=\"fas fa-check\"><\/i>\t\t\t\t\t\t<\/span>\n\t\t\t\t\t\t\t\t\t\t<span class=\"elementor-icon-list-text\">M\u0142odzie\u017c i zatrudnienie<\/span>\n\t\t\t\t\t\t\t\t\t<\/li>\n\t\t\t\t\t\t\t\t<li class=\"elementor-icon-list-item\">\n\t\t\t\t\t\t\t\t\t\t\t<span class=\"elementor-icon-list-icon\">\n\t\t\t\t\t\t\t<i aria-hidden=\"true\" class=\"fas fa-check\"><\/i>\t\t\t\t\t\t<\/span>\n\t\t\t\t\t\t\t\t\t\t<span class=\"elementor-icon-list-text\">R\u00f3\u017cnorodno\u015b\u0107 i spo\u0142ecze\u0144stwo<\/span>\n\t\t\t\t\t\t\t\t\t<\/li>\n\t\t\t\t\t\t\t\t<li class=\"elementor-icon-list-item\">\n\t\t\t\t\t\t\t\t\t\t\t<span class=\"elementor-icon-list-icon\">\n\t\t\t\t\t\t\t<i aria-hidden=\"true\" class=\"fas fa-check\"><\/i>\t\t\t\t\t\t<\/span>\n\t\t\t\t\t\t\t\t\t\t<span class=\"elementor-icon-list-text\">R\u00f3wno\u015b\u0107 p\u0142ci<\/span>\n\t\t\t\t\t\t\t\t\t<\/li>\n\t\t\t\t\t\t\t\t<li class=\"elementor-icon-list-item\">\n\t\t\t\t\t\t\t\t\t\t\t<span class=\"elementor-icon-list-icon\">\n\t\t\t\t\t\t\t<i aria-hidden=\"true\" class=\"fas fa-check\"><\/i>\t\t\t\t\t\t<\/span>\n\t\t\t\t\t\t\t\t\t\t<span class=\"elementor-icon-list-text\">Zastraszanie\/cyberprzemoc i mediacja w konfliktach w szko\u0142ach<\/span>\n\t\t\t\t\t\t\t\t\t<\/li>\n\t\t\t\t\t\t\t\t<li class=\"elementor-icon-list-item\">\n\t\t\t\t\t\t\t\t\t\t\t<span class=\"elementor-icon-list-icon\">\n\t\t\t\t\t\t\t<i aria-hidden=\"true\" class=\"fas fa-check\"><\/i>\t\t\t\t\t\t<\/span>\n\t\t\t\t\t\t\t\t\t\t<span class=\"elementor-icon-list-text\">Migracja, obywatelstwo i przynale\u017cno\u015b\u0107<\/span>\n\t\t\t\t\t\t\t\t\t<\/li>\n\t\t\t\t\t\t\t\t<li class=\"elementor-icon-list-item\">\n\t\t\t\t\t\t\t\t\t\t\t<span class=\"elementor-icon-list-icon\">\n\t\t\t\t\t\t\t<i aria-hidden=\"true\" class=\"fas fa-check\"><\/i>\t\t\t\t\t\t<\/span>\n\t\t\t\t\t\t\t\t\t\t<span class=\"elementor-icon-list-text\">Wsp\u00f3\u0142praca na rzecz rozwoju i pomoc humanitarna<\/span>\n\t\t\t\t\t\t\t\t\t<\/li>\n\t\t\t\t\t\t\t\t<li class=\"elementor-icon-list-item\">\n\t\t\t\t\t\t\t\t\t\t\t<span class=\"elementor-icon-list-icon\">\n\t\t\t\t\t\t\t<i aria-hidden=\"true\" class=\"fas fa-check\"><\/i>\t\t\t\t\t\t<\/span>\n\t\t\t\t\t\t\t\t\t\t<span class=\"elementor-icon-list-text\">Przeciwdzia\u0142anie brutalnemu ekstremizmowi<\/span>\n\t\t\t\t\t\t\t\t\t<\/li>\n\t\t\t\t\t\t<\/ul>\n\t\t\t\t<\/div>\n\t\t\t\t<\/div>\n\t\t\t\t<div class=\"elementor-element elementor-element-9454911 elementor-align-right elementor-widget elementor-widget-button\" data-id=\"9454911\" data-element_type=\"widget\" data-widget_type=\"button.default\">\n\t\t\t\t<div class=\"elementor-widget-container\">\n\t\t\t\t\t<div class=\"elementor-button-wrapper\">\n\t\t\t<a class=\"elementor-button elementor-button-link elementor-size-sm\" href=\"https:\/\/www.inclusivesociety.at\" target=\"_blank\">\n\t\t\t\t\t\t<span class=\"elementor-button-content-wrapper\">\n\t\t\t\t\t\t<span class=\"elementor-button-icon elementor-align-icon-right\">\n\t\t\t\t<i aria-hidden=\"true\" class=\"fas fa-angle-right\"><\/i>\t\t\t<\/span>\n\t\t\t\t\t\t<span class=\"elementor-button-text\"> Wi\u0119cej informacji<\/span>\n\t\t<\/span>\n\t\t\t\t\t<\/a>\n\t\t<\/div>\n\t\t\t\t<\/div>\n\t\t\t\t<\/div>\n\t\t\t\t\t<\/div>\n\t\t<\/div>\n\t\t\t\t\t\t\t<\/div>\n\t\t<\/section>\n\t\t\t\t<section class=\"elementor-section elementor-inner-section elementor-element elementor-element-8eb512e elementor-section-content-middle elementor-section-boxed elementor-section-height-default elementor-section-height-default\" data-id=\"8eb512e\" data-element_type=\"section\">\n\t\t\t\t\t\t<div class=\"elementor-container elementor-column-gap-no\">\n\t\t\t\t\t<div class=\"elementor-column elementor-col-50 elementor-inner-column elementor-element elementor-element-1c0f444\" data-id=\"1c0f444\" data-element_type=\"column\">\n\t\t\t<div class=\"elementor-widget-wrap elementor-element-populated\">\n\t\t\t\t\t\t\t\t<div class=\"elementor-element elementor-element-71f90dc elementor-widget elementor-widget-image\" data-id=\"71f90dc\" data-element_type=\"widget\" data-widget_type=\"image.default\">\n\t\t\t\t<div class=\"elementor-widget-container\">\n\t\t\t\t\t\t\t\t\t\t\t\t\t\t\t<img loading=\"lazy\" decoding=\"async\" width=\"150\" height=\"150\" src=\"https:\/\/digitsproject.eu\/wp-content\/uploads\/2023\/06\/BK-LOGO-150.png\" class=\"attachment-full size-full wp-image-1472\" alt=\"\" \/>\t\t\t\t\t\t\t\t\t\t\t\t\t\t\t<\/div>\n\t\t\t\t<\/div>\n\t\t\t\t\t<\/div>\n\t\t<\/div>\n\t\t\t\t<div class=\"elementor-column elementor-col-50 elementor-inner-column elementor-element elementor-element-05044cd\" data-id=\"05044cd\" data-element_type=\"column\">\n\t\t\t<div class=\"elementor-widget-wrap elementor-element-populated\">\n\t\t\t\t\t\t\t\t<div class=\"elementor-element elementor-element-dbb8495 elementor-widget elementor-widget-heading\" data-id=\"dbb8495\" data-element_type=\"widget\" data-widget_type=\"heading.default\">\n\t\t\t\t<div class=\"elementor-widget-container\">\n\t\t\t<h2 class=\"elementor-heading-title elementor-size-default\">BK Consult<\/h2>\t\t<\/div>\n\t\t\t\t<\/div>\n\t\t\t\t<div class=\"elementor-element elementor-element-71f8147 elementor-widget elementor-widget-heading\" data-id=\"71f8147\" data-element_type=\"widget\" data-widget_type=\"heading.default\">\n\t\t\t\t<div class=\"elementor-widget-container\">\n\t\t\t<p class=\"elementor-heading-title elementor-size-default\">BK-con jest niszow\u0105 firm\u0105 konsultingow\u0105, kt\u00f3ra posiada szerokie do\u015bwiadczenie w projektach finansowanych przez UE, na poziomie rozwoju i wdra\u017cania. Jako firma za\u0142o\u017cona w 1994 roku, posiadamy ponad 30-letnie do\u015bwiadczenie w projektach mi\u0119dzynarodowych, uczestnicz\u0105c w projektowaniu i wdra\u017caniu projekt\u00f3w o \u0142\u0105cznej warto\u015bci przekraczaj\u0105cej bud\u017cet 4 miliard\u00f3w euro. \u015awiadczymy szeroki zakres us\u0142ug, u\u0142atwiaj\u0105c budowanie potencja\u0142u i zapewnianie jako\u015bci. Naszym zamiarem jest wykorzystanie naszego do\u015bwiadczenia w celu zapewnienia warto\u015bci dodanej organizacjom i partnerom na poziomie lokalnym, regionalnym, krajowym i mi\u0119dzynarodowym, tworz\u0105c warto\u015b\u0107 dodan\u0105 dla naszych spo\u0142ecze\u0144stw w spos\u00f3b zr\u00f3wnowa\u017cony.<\/p>\t\t<\/div>\n\t\t\t\t<\/div>\n\t\t\t\t<div class=\"elementor-element elementor-element-65434de elementor-widget elementor-widget-heading\" data-id=\"65434de\" data-element_type=\"widget\" data-widget_type=\"heading.default\">\n\t\t\t\t<div class=\"elementor-widget-container\">\n\t\t\t<h6 class=\"elementor-heading-title elementor-size-default\">BK CONSULT GMBH OBEJMUJE OBSZARY TEMATYCZNE:<\/h6>\t\t<\/div>\n\t\t\t\t<\/div>\n\t\t\t\t<div class=\"elementor-element elementor-element-8dd81d7 elementor-icon-list--layout-traditional elementor-list-item-link-full_width elementor-widget elementor-widget-icon-list\" data-id=\"8dd81d7\" data-element_type=\"widget\" data-widget_type=\"icon-list.default\">\n\t\t\t\t<div class=\"elementor-widget-container\">\n\t\t\t\t\t<ul class=\"elementor-icon-list-items\">\n\t\t\t\t\t\t\t<li class=\"elementor-icon-list-item\">\n\t\t\t\t\t\t\t\t\t\t\t<span class=\"elementor-icon-list-icon\">\n\t\t\t\t\t\t\t<i aria-hidden=\"true\" class=\"fas fa-check\"><\/i>\t\t\t\t\t\t<\/span>\n\t\t\t\t\t\t\t\t\t\t<span class=\"elementor-icon-list-text\">Edukacja, w tym projektowanie i dostarczanie Program\u00f3w Szkoleniowych, z wykorzystaniem najnowocze\u015bniejszych metodologii (TNA, DACUM, Unijne Ramy Kompetencji, EQAVET, Unijne Systemy Punkt\u00f3w Kredytowych, Learning Agreements, Ewaluacja poprzez tworzenie p\u0119tli informacji zwrotnych), oraz inteligentnych narz\u0119dzi ICT i innych (e-learning) poprzez platformy MOOC, gamifikacj\u0119, edukacj\u0119 opart\u0105 na do\u015bwiadczeniu.<\/span>\n\t\t\t\t\t\t\t\t\t<\/li>\n\t\t\t\t\t\t\t\t<li class=\"elementor-icon-list-item\">\n\t\t\t\t\t\t\t\t\t\t\t<span class=\"elementor-icon-list-icon\">\n\t\t\t\t\t\t\t<i aria-hidden=\"true\" class=\"fas fa-check\"><\/i>\t\t\t\t\t\t<\/span>\n\t\t\t\t\t\t\t\t\t\t<span class=\"elementor-icon-list-text\">Zatrudnienie, albo jako moderatorzy poprzez wspieranie start-up\u00f3w i przedsi\u0119biorczo\u015bci, albo poprzez skuteczne podnoszenie kwalifikacji \/ przekwalifikowanie pracownik\u00f3w i bezrobotnych, zgodnie z rzeczywistymi potrzebami rynku. Obszary \u015bwiadczonych us\u0142ug obejmuj\u0105 projektowanie i wdra\u017canie analiz potrzeb rynkowych, bada\u0144 monitoruj\u0105cych, ALMP oraz wprowadzanie program\u00f3w WBL i praktyk zawodowych na poziomie sektorowym\/krajowym.<\/span>\n\t\t\t\t\t\t\t\t\t<\/li>\n\t\t\t\t\t\t\t\t<li class=\"elementor-icon-list-item\">\n\t\t\t\t\t\t\t\t\t\t\t<span class=\"elementor-icon-list-icon\">\n\t\t\t\t\t\t\t<i aria-hidden=\"true\" class=\"fas fa-check\"><\/i>\t\t\t\t\t\t<\/span>\n\t\t\t\t\t\t\t\t\t\t<span class=\"elementor-icon-list-text\">W\u0142\u0105czenie spo\u0142eczne, ukierunkowane na grupy szczeg\u00f3lnie wra\u017cliwe, w tym rodziny niepe\u0142ne, osoby d\u0142ugotrwale bezrobotne, grupy mniejszo\u015bciowe, TCN i zwalczanie wszelkiego rodzaju dyskryminacji (ze wzgl\u0119du na p\u0142e\u0107, to\u017csamo\u015b\u0107 seksualn\u0105).<\/span>\n\t\t\t\t\t\t\t\t\t<\/li>\n\t\t\t\t\t\t\t\t<li class=\"elementor-icon-list-item\">\n\t\t\t\t\t\t\t\t\t\t\t<span class=\"elementor-icon-list-icon\">\n\t\t\t\t\t\t\t<i aria-hidden=\"true\" class=\"fas fa-check\"><\/i>\t\t\t\t\t\t<\/span>\n\t\t\t\t\t\t\t\t\t\t<span class=\"elementor-icon-list-text\">Zapewnienie jako\u015bci, oferuj\u0105c dog\u0142\u0119bn\u0105 wiedz\u0119 i do\u015bwiadczenie w projektowaniu i dostarczaniu narz\u0119dzi i mechanizm\u00f3w kontroli jako\u015bci:<\/span>\n\t\t\t\t\t\t\t\t\t<\/li>\n\t\t\t\t\t\t<\/ul>\n\t\t\t\t<\/div>\n\t\t\t\t<\/div>\n\t\t\t\t<div class=\"elementor-element elementor-element-9a5f5b7 elementor-align-right elementor-widget elementor-widget-button\" data-id=\"9a5f5b7\" data-element_type=\"widget\" data-widget_type=\"button.default\">\n\t\t\t\t<div class=\"elementor-widget-container\">\n\t\t\t\t\t<div class=\"elementor-button-wrapper\">\n\t\t\t<a class=\"elementor-button elementor-button-link elementor-size-sm\" href=\"https:\/\/bk-con.eu\/\" target=\"_blank\">\n\t\t\t\t\t\t<span class=\"elementor-button-content-wrapper\">\n\t\t\t\t\t\t<span class=\"elementor-button-icon elementor-align-icon-right\">\n\t\t\t\t<i aria-hidden=\"true\" class=\"fas fa-angle-right\"><\/i>\t\t\t<\/span>\n\t\t\t\t\t\t<span class=\"elementor-button-text\"> Wi\u0119cej informacji<\/span>\n\t\t<\/span>\n\t\t\t\t\t<\/a>\n\t\t<\/div>\n\t\t\t\t<\/div>\n\t\t\t\t<\/div>\n\t\t\t\t\t<\/div>\n\t\t<\/div>\n\t\t\t\t\t\t\t<\/div>\n\t\t<\/section>\n\t\t\t\t<section class=\"elementor-section elementor-inner-section elementor-element elementor-element-98c31ec elementor-section-content-middle elementor-section-boxed elementor-section-height-default elementor-section-height-default\" data-id=\"98c31ec\" data-element_type=\"section\">\n\t\t\t\t\t\t<div class=\"elementor-container elementor-column-gap-no\">\n\t\t\t\t\t<div class=\"elementor-column elementor-col-50 elementor-inner-column elementor-element elementor-element-1dc98fd\" data-id=\"1dc98fd\" data-element_type=\"column\">\n\t\t\t<div class=\"elementor-widget-wrap elementor-element-populated\">\n\t\t\t\t\t\t\t\t<div class=\"elementor-element elementor-element-b7152c6 elementor-widget elementor-widget-image\" data-id=\"b7152c6\" data-element_type=\"widget\" data-widget_type=\"image.default\">\n\t\t\t\t<div class=\"elementor-widget-container\">\n\t\t\t\t\t\t\t\t\t\t\t\t\t\t\t<img loading=\"lazy\" decoding=\"async\" width=\"150\" height=\"150\" src=\"https:\/\/digitsproject.eu\/wp-content\/uploads\/2023\/06\/SYMPLEXIS_LOGO_150.png\" class=\"attachment-full size-full wp-image-1473\" alt=\"\" \/>\t\t\t\t\t\t\t\t\t\t\t\t\t\t\t<\/div>\n\t\t\t\t<\/div>\n\t\t\t\t\t<\/div>\n\t\t<\/div>\n\t\t\t\t<div class=\"elementor-column elementor-col-50 elementor-inner-column elementor-element elementor-element-23f25ef\" data-id=\"23f25ef\" data-element_type=\"column\">\n\t\t\t<div class=\"elementor-widget-wrap elementor-element-populated\">\n\t\t\t\t\t\t\t\t<div class=\"elementor-element elementor-element-a4f5d99 elementor-widget elementor-widget-heading\" data-id=\"a4f5d99\" data-element_type=\"widget\" data-widget_type=\"heading.default\">\n\t\t\t\t<div class=\"elementor-widget-container\">\n\t\t\t<h2 class=\"elementor-heading-title elementor-size-default\">Symplexis<\/h2>\t\t<\/div>\n\t\t\t\t<\/div>\n\t\t\t\t<div class=\"elementor-element elementor-element-b14b686 elementor-widget elementor-widget-heading\" data-id=\"b14b686\" data-element_type=\"widget\" data-widget_type=\"heading.default\">\n\t\t\t\t<div class=\"elementor-widget-container\">\n\t\t\t<p class=\"elementor-heading-title elementor-size-default\">Symplexis to grecka organizacja non-profit, kt\u00f3ra d\u0105\u017cy do zapewnienia r\u00f3wnych szans dla wszystkich poprzez dzia\u0142ania i \u015brodki, kt\u00f3re buduj\u0105 umiej\u0119tno\u015bci, wzmacniaj\u0105 pozycj\u0119 i promuj\u0105 aktywne zaanga\u017cowanie i uczestnictwo, koncentruj\u0105c si\u0119 na najbardziej wra\u017cliwych kategoriach populacji, a zw\u0142aszcza tych o mniejszych szansach.<\/p>\t\t<\/div>\n\t\t\t\t<\/div>\n\t\t\t\t<div class=\"elementor-element elementor-element-bd81eb5 elementor-widget elementor-widget-heading\" data-id=\"bd81eb5\" data-element_type=\"widget\" data-widget_type=\"heading.default\">\n\t\t\t\t<div class=\"elementor-widget-container\">\n\t\t\t<h6 class=\"elementor-heading-title elementor-size-default\">DZIA\u0141ALNO\u015a\u0106 SYMPLEXIS OPIERA SI\u0118 NA PODEJ\u015aCIACH I INTERWENCJACH KIEROWANYCH PRZEZ U\u017bYTKOWNIK\u00d3W WOK\u00d3\u0141 CZTERECH G\u0141\u00d3WNYCH OSI WIEDZY SPECJALISTYCZNEJ, A MIANOWICIE:<\/h6>\t\t<\/div>\n\t\t\t\t<\/div>\n\t\t\t\t<div class=\"elementor-element elementor-element-8d57f52 elementor-widget elementor-widget-text-editor\" data-id=\"8d57f52\" data-element_type=\"widget\" data-widget_type=\"text-editor.default\">\n\t\t\t\t<div class=\"elementor-widget-container\">\n\t\t\t\t\t\t\t<p>Integracja spo\u0142eczna i ekonomiczna os\u00f3b najbardziej potrzebuj\u0105cych, obejmuj\u0105ca szerok\u0105 gam\u0119 dzia\u0142a\u0144 maj\u0105cych na celu zmniejszenie ub\u00f3stwa, zapobieganie marginalizacji i promowanie trwa\u0142ej integracji grup znajduj\u0105cych si\u0119 w niekorzystnej sytuacji, w szczeg\u00f3lno\u015bci koncentruj\u0105c si\u0119 na obywatelach pa\u0144stw trzecich. Ochrona i promowanie praw cz\u0142owieka poprzez dzia\u0142ania i interwencje, kt\u00f3re zaspokajaj\u0105 potrzeby wielu dyskryminowanych grup ludno\u015bci, takich jak kobiety, dzieci i osoby starsze, ofiary przemocy i handlu lud\u017ami, spo\u0142eczno\u015b\u0107 LGBTQI, Romowie i ma\u0142oletni bez opieki, migranci i osoby ubiegaj\u0105ce si\u0119 o azyl \/ uchod\u017acy. Podnoszenie kwalifikacji, budowanie potencja\u0142u i wzmacnianie pozycji grup w trudnej sytuacji w celu promowania r\u00f3wnego dost\u0119pu do edukacji formalnej i pozaformalnej dla wszystkich oraz promowania uczenia si\u0119 przez ca\u0142e \u017cycie, koncentruj\u0105c si\u0119 na osobach o niskich kwalifikacjach, kt\u00f3re napotykaj\u0105 trudno\u015bci na rynku pracy. Rozw\u00f3j dzieci i m\u0142odzie\u017cy poprzez dzia\u0142ania i projekty maj\u0105ce na celu zmniejszenie ub\u00f3stwa w\u015br\u00f3d m\u0142odzie\u017cy, promowanie ochrony dzieci oraz stymulowanie integracji i rozwoju spo\u0142ecznego.<\/p>\t\t\t\t\t\t<\/div>\n\t\t\t\t<\/div>\n\t\t\t\t<div class=\"elementor-element elementor-element-09b565b elementor-widget elementor-widget-text-editor\" data-id=\"09b565b\" data-element_type=\"widget\" data-widget_type=\"text-editor.default\">\n\t\t\t\t<div class=\"elementor-widget-container\">\n\t\t\t\t\t\t\t<p>Misj\u0105 Symplexis jest zwi\u0119kszanie sp\u00f3jno\u015bci spo\u0142ecznej poprzez zintegrowane dzia\u0142ania i dzia\u0142ania oparte na projektach, kt\u00f3re maj\u0105 na celu promowanie integracji grup znajduj\u0105cych si\u0119 w niekorzystnej sytuacji, zagro\u017conych marginalizacj\u0105 i wykluczeniem, przy jednoczesnym promowaniu i ochronie praw r\u00f3\u017cnych grup ludno\u015bci, kt\u00f3re s\u0105 dyskryminowane, koncentruj\u0105c si\u0119 na wzmocnieniu pozycji i wsparciu ofiar, podnoszeniu \u015bwiadomo\u015bci i wymianie informacji na wszystkich poziomach.<\/p>\t\t\t\t\t\t<\/div>\n\t\t\t\t<\/div>\n\t\t\t\t<div class=\"elementor-element elementor-element-a6e9db1 elementor-align-right elementor-widget elementor-widget-button\" data-id=\"a6e9db1\" data-element_type=\"widget\" data-widget_type=\"button.default\">\n\t\t\t\t<div class=\"elementor-widget-container\">\n\t\t\t\t\t<div class=\"elementor-button-wrapper\">\n\t\t\t<a class=\"elementor-button elementor-button-link elementor-size-sm\" href=\"https:\/\/symplexis.eu\" target=\"_blank\">\n\t\t\t\t\t\t<span class=\"elementor-button-content-wrapper\">\n\t\t\t\t\t\t<span class=\"elementor-button-icon elementor-align-icon-right\">\n\t\t\t\t<i aria-hidden=\"true\" class=\"fas fa-angle-right\"><\/i>\t\t\t<\/span>\n\t\t\t\t\t\t<span class=\"elementor-button-text\"> Wi\u0119cej informacji<\/span>\n\t\t<\/span>\n\t\t\t\t\t<\/a>\n\t\t<\/div>\n\t\t\t\t<\/div>\n\t\t\t\t<\/div>\n\t\t\t\t\t<\/div>\n\t\t<\/div>\n\t\t\t\t\t\t\t<\/div>\n\t\t<\/section>\n\t\t\t\t<section class=\"elementor-section elementor-inner-section elementor-element elementor-element-436f919 elementor-section-content-middle elementor-section-boxed elementor-section-height-default elementor-section-height-default\" data-id=\"436f919\" data-element_type=\"section\">\n\t\t\t\t\t\t<div class=\"elementor-container elementor-column-gap-no\">\n\t\t\t\t\t<div class=\"elementor-column elementor-col-50 elementor-inner-column elementor-element elementor-element-baf69e9\" data-id=\"baf69e9\" data-element_type=\"column\">\n\t\t\t<div class=\"elementor-widget-wrap elementor-element-populated\">\n\t\t\t\t\t\t\t\t<div class=\"elementor-element elementor-element-01f4b7f elementor-widget elementor-widget-image\" data-id=\"01f4b7f\" data-element_type=\"widget\" data-widget_type=\"image.default\">\n\t\t\t\t<div class=\"elementor-widget-container\">\n\t\t\t\t\t\t\t\t\t\t\t\t\t\t\t<img loading=\"lazy\" decoding=\"async\" width=\"150\" height=\"150\" src=\"https:\/\/digitsproject.eu\/wp-content\/uploads\/2023\/06\/Diesis_150.png\" class=\"attachment-full size-full wp-image-1520\" alt=\"\" \/>\t\t\t\t\t\t\t\t\t\t\t\t\t\t\t<\/div>\n\t\t\t\t<\/div>\n\t\t\t\t\t<\/div>\n\t\t<\/div>\n\t\t\t\t<div class=\"elementor-column elementor-col-50 elementor-inner-column elementor-element elementor-element-ae3fb22\" data-id=\"ae3fb22\" data-element_type=\"column\">\n\t\t\t<div class=\"elementor-widget-wrap elementor-element-populated\">\n\t\t\t\t\t\t\t\t<div class=\"elementor-element elementor-element-79d4a3a elementor-widget elementor-widget-heading\" data-id=\"79d4a3a\" data-element_type=\"widget\" data-widget_type=\"heading.default\">\n\t\t\t\t<div class=\"elementor-widget-container\">\n\t\t\t<h2 class=\"elementor-heading-title elementor-size-default\">Diesis Coop<\/h2>\t\t<\/div>\n\t\t\t\t<\/div>\n\t\t\t\t<div class=\"elementor-element elementor-element-d52e420 elementor-widget elementor-widget-heading\" data-id=\"d52e420\" data-element_type=\"widget\" data-widget_type=\"heading.default\">\n\t\t\t\t<div class=\"elementor-widget-container\">\n\t\t\t<p class=\"elementor-heading-title elementor-size-default\">Diesis Network jest jedn\u0105 z najszerszych sieci specjalizuj\u0105cych si\u0119 we wspieraniu rozwoju ekonomii spo\u0142ecznej, przedsi\u0119biorczo\u015bci spo\u0142ecznej i innowacji spo\u0142ecznych. Bior\u0105c pod uwag\u0119 wysok\u0105 stawk\u0119 spo\u0142eczn\u0105, ekonomiczn\u0105 i ekologiczn\u0105, jeste\u015bmy g\u0142\u0119boko przekonani, \u017ce globalne zaanga\u017cowanie wszystkich zainteresowanych stron i podej\u015bcie oparte na wsp\u00f3\u0142pracy jest jedyn\u0105 odpowiedzi\u0105 na globalny kryzys. Dlatego te\u017c przywi\u0105zujemy du\u017c\u0105 wag\u0119 do naszych ponad 60 organizacji cz\u0142onkowskich w ponad 30 krajach.<\/p>\t\t<\/div>\n\t\t\t\t<\/div>\n\t\t\t\t<div class=\"elementor-element elementor-element-349516d elementor-widget elementor-widget-heading\" data-id=\"349516d\" data-element_type=\"widget\" data-widget_type=\"heading.default\">\n\t\t\t\t<div class=\"elementor-widget-container\">\n\t\t\t<p class=\"elementor-heading-title elementor-size-default\">Funkcjonuj\u0105c jako unikalny ekosystem, tworzymy i zwielokrotniamy wp\u0142yw poprzez \u015bcis\u0142\u0105 wsp\u00f3\u0142prac\u0119 z naszymi cz\u0142onkami, kt\u00f3rzy reprezentuj\u0105 ponad 100 000 organizacji i 1,3 miliona miejsc pracy za po\u015brednictwem g\u0142\u00f3wnych krajowych federacji i sieci wsparcia.<\/p>\t\t<\/div>\n\t\t\t\t<\/div>\n\t\t\t\t<div class=\"elementor-element elementor-element-7eb209c elementor-widget elementor-widget-heading\" data-id=\"7eb209c\" data-element_type=\"widget\" data-widget_type=\"heading.default\">\n\t\t\t\t<div class=\"elementor-widget-container\">\n\t\t\t<p class=\"elementor-heading-title elementor-size-default\">Dzi\u0119ki r\u00f3\u017cnorodnym profilom, \u015brodowiskom i pochodzeniu nasz zesp\u00f3\u0142 jest aktywnie zaanga\u017cowany we wdra\u017canie dzia\u0142a\u0144 opartych na wiedzy, takich jak szkolenia, projektowanie projekt\u00f3w, us\u0142ugi konsultingowe i doradcze, pomoc techniczna i badania.<\/p>\t\t<\/div>\n\t\t\t\t<\/div>\n\t\t\t\t<div class=\"elementor-element elementor-element-3ee657c elementor-align-right elementor-widget elementor-widget-button\" data-id=\"3ee657c\" data-element_type=\"widget\" data-widget_type=\"button.default\">\n\t\t\t\t<div class=\"elementor-widget-container\">\n\t\t\t\t\t<div class=\"elementor-button-wrapper\">\n\t\t\t<a class=\"elementor-button elementor-button-link elementor-size-sm\" href=\"https:\/\/www.diesis.coop\/\" target=\"_blank\">\n\t\t\t\t\t\t<span class=\"elementor-button-content-wrapper\">\n\t\t\t\t\t\t<span class=\"elementor-button-icon elementor-align-icon-right\">\n\t\t\t\t<i aria-hidden=\"true\" class=\"fas fa-angle-right\"><\/i>\t\t\t<\/span>\n\t\t\t\t\t\t<span class=\"elementor-button-text\"> Wi\u0119cej informacji<\/span>\n\t\t<\/span>\n\t\t\t\t\t<\/a>\n\t\t<\/div>\n\t\t\t\t<\/div>\n\t\t\t\t<\/div>\n\t\t\t\t\t<\/div>\n\t\t<\/div>\n\t\t\t\t\t\t\t<\/div>\n\t\t<\/section>\n\t\t\t\t<section class=\"elementor-section elementor-inner-section elementor-element elementor-element-b638e62 elementor-section-content-middle elementor-section-boxed elementor-section-height-default elementor-section-height-default\" data-id=\"b638e62\" data-element_type=\"section\">\n\t\t\t\t\t\t<div class=\"elementor-container elementor-column-gap-no\">\n\t\t\t\t\t<div class=\"elementor-column elementor-col-50 elementor-inner-column elementor-element elementor-element-e53c743\" data-id=\"e53c743\" data-element_type=\"column\">\n\t\t\t<div class=\"elementor-widget-wrap elementor-element-populated\">\n\t\t\t\t\t\t\t\t<div class=\"elementor-element elementor-element-9ddae79 elementor-widget elementor-widget-image\" data-id=\"9ddae79\" data-element_type=\"widget\" data-widget_type=\"image.default\">\n\t\t\t\t<div class=\"elementor-widget-container\">\n\t\t\t\t\t\t\t\t\t\t\t\t\t\t\t<img loading=\"lazy\" decoding=\"async\" width=\"150\" height=\"150\" src=\"https:\/\/digitsproject.eu\/wp-content\/uploads\/2023\/06\/PFM_150.jpg\" class=\"attachment-full size-full wp-image-1524\" alt=\"\" \/>\t\t\t\t\t\t\t\t\t\t\t\t\t\t\t<\/div>\n\t\t\t\t<\/div>\n\t\t\t\t\t<\/div>\n\t\t<\/div>\n\t\t\t\t<div class=\"elementor-column elementor-col-50 elementor-inner-column elementor-element elementor-element-d9daa74\" data-id=\"d9daa74\" data-element_type=\"column\">\n\t\t\t<div class=\"elementor-widget-wrap elementor-element-populated\">\n\t\t\t\t\t\t\t\t<div class=\"elementor-element elementor-element-3266d8e elementor-widget elementor-widget-heading\" data-id=\"3266d8e\" data-element_type=\"widget\" data-widget_type=\"heading.default\">\n\t\t\t\t<div class=\"elementor-widget-container\">\n\t\t\t<h2 class=\"elementor-heading-title elementor-size-default\">Polskie Forum Migracyjne<\/h2>\t\t<\/div>\n\t\t\t\t<\/div>\n\t\t\t\t<div class=\"elementor-element elementor-element-81f33cd elementor-widget elementor-widget-heading\" data-id=\"81f33cd\" data-element_type=\"widget\" data-widget_type=\"heading.default\">\n\t\t\t\t<div class=\"elementor-widget-container\">\n\t\t\t<p class=\"elementor-heading-title elementor-size-default\">Fundacja Polskie Forum Migracyjne (PFM) powsta\u0142a w 2007 roku, aby dzia\u0142a\u0107 na rzecz praw migrant\u00f3w w Polsce. W PFM chcemy, aby Polska by\u0142a krajem, w kt\u00f3rym ludzie r\u00f3\u017cnych ras, religii i kultur \u017cyj\u0105 w zgodzie i szacunku, d\u0105\u017c\u0105c do porozumienia i wsp\u00f3\u0142pracy. Nasz\u0105 misj\u0105 jest wspieranie integracji os\u00f3b migruj\u0105cych do Polski - tak, aby sta\u0142a si\u0119 ona ich drug\u0105 ojczyzn\u0105. PFM oferuje kompleksowe i profesjonalne wsparcie uchod\u017acom i migrantom mieszkaj\u0105cym w Polsce.<\/p>\t\t<\/div>\n\t\t\t\t<\/div>\n\t\t\t\t<div class=\"elementor-element elementor-element-9f7fe25 elementor-widget elementor-widget-heading\" data-id=\"9f7fe25\" data-element_type=\"widget\" data-widget_type=\"heading.default\">\n\t\t\t\t<div class=\"elementor-widget-container\">\n\t\t\t<p class=\"elementor-heading-title elementor-size-default\">Rozwijamy inicjatywy i wspieramy dzia\u0142ania, kt\u00f3re prowadz\u0105 do dialogu mi\u0119dzy lud\u017ami reprezentuj\u0105cymi r\u00f3\u017cne kultury. Fundacja specjalizuje si\u0119 w dzia\u0142aniach informacyjnych, zapewniaj\u0105c: bezpo\u015brednie wsparcie dla cudzoziemc\u00f3w (psychologiczne, dotycz\u0105ce rynku pracy, legalizacji pobytu), szkolenia (dla nauczycieli, psycholog\u00f3w, urz\u0119dnik\u00f3w pa\u0144stwowych) oraz dzia\u0142ania z pogranicza edukacji formalnej i nieformalnej (warsztaty, gry miejskie). Dodatkowo PFM wspiera kobiety-migrantki organizuj\u0105c szko\u0142y rodzenia i grupy wsparcia dla matek-migrantek.<\/p>\t\t<\/div>\n\t\t\t\t<\/div>\n\t\t\t\t<div class=\"elementor-element elementor-element-c31dffb elementor-widget elementor-widget-heading\" data-id=\"c31dffb\" data-element_type=\"widget\" data-widget_type=\"heading.default\">\n\t\t\t\t<div class=\"elementor-widget-container\">\n\t\t\t<p class=\"elementor-heading-title elementor-size-default\">Nasza etyka pracy - innowacyjno\u015b\u0107, zaanga\u017cowanie, dba\u0142o\u015b\u0107 o jako\u015b\u0107. Innowacyjno\u015b\u0107: Zawsze szukamy nowych sposob\u00f3w dzia\u0142ania. Analizujemy potrzeby migrant\u00f3w i elastycznie na nie reagujemy. Wykorzystujemy interdyscyplinarn\u0105 wiedz\u0119 naszego zespo\u0142u w rozwijaniu naszych dzia\u0142a\u0144<\/p>\t\t<\/div>\n\t\t\t\t<\/div>\n\t\t\t\t<div class=\"elementor-element elementor-element-a33e7f6 elementor-widget elementor-widget-heading\" data-id=\"a33e7f6\" data-element_type=\"widget\" data-widget_type=\"heading.default\">\n\t\t\t\t<div class=\"elementor-widget-container\">\n\t\t\t<p class=\"elementor-heading-title elementor-size-default\">Zaanga\u017cowanie: W ka\u017cde z naszych spotka\u0144 z beneficjentami wk\u0142adamy du\u017co serca i zaanga\u017cowania. Jeste\u015bmy zespo\u0142em aktywist\u00f3w - dzia\u0142ania wspieraj\u0105ce cudzoziemc\u00f3w s\u0105 dla nas osobi\u015bcie wa\u017cne. Aktywnie anga\u017cujemy wolontariuszy w nasz\u0105 prac\u0119.<\/p>\t\t<\/div>\n\t\t\t\t<\/div>\n\t\t\t\t<div class=\"elementor-element elementor-element-a285dcb elementor-widget elementor-widget-heading\" data-id=\"a285dcb\" data-element_type=\"widget\" data-widget_type=\"heading.default\">\n\t\t\t\t<div class=\"elementor-widget-container\">\n\t\t\t<p class=\"elementor-heading-title elementor-size-default\">Dba\u0142o\u015b\u0107 o jako\u015b\u0107: Dzia\u0142amy kompleksowo. Dbamy o to, by cudzoziemcy mogli otrzyma\u0107 od nas wsparcie w r\u00f3\u017cnych aspektach swojego \u017cycia. Wa\u017cne jest dla nas sta\u0142e podnoszenie kompetencji naszego zespo\u0142u. Uczestniczymy w szkoleniach, seminariach i wizytach studyjnych.<\/p>\t\t<\/div>\n\t\t\t\t<\/div>\n\t\t\t\t<div class=\"elementor-element elementor-element-dd34850 elementor-align-right elementor-widget elementor-widget-button\" data-id=\"dd34850\" data-element_type=\"widget\" data-widget_type=\"button.default\">\n\t\t\t\t<div class=\"elementor-widget-container\">\n\t\t\t\t\t<div class=\"elementor-button-wrapper\">\n\t\t\t<a class=\"elementor-button elementor-button-link elementor-size-sm\" href=\"https:\/\/forummigracyjne.org\/\" target=\"_blank\">\n\t\t\t\t\t\t<span class=\"elementor-button-content-wrapper\">\n\t\t\t\t\t\t<span class=\"elementor-button-icon elementor-align-icon-right\">\n\t\t\t\t<i aria-hidden=\"true\" class=\"fas fa-angle-right\"><\/i>\t\t\t<\/span>\n\t\t\t\t\t\t<span class=\"elementor-button-text\"> Wi\u0119cej informacji<\/span>\n\t\t<\/span>\n\t\t\t\t\t<\/a>\n\t\t<\/div>\n\t\t\t\t<\/div>\n\t\t\t\t<\/div>\n\t\t\t\t\t<\/div>\n\t\t<\/div>\n\t\t\t\t\t\t\t<\/div>\n\t\t<\/section>\n\t\t\t\t<section class=\"elementor-section elementor-inner-section elementor-element elementor-element-6816407 elementor-section-content-middle elementor-section-boxed elementor-section-height-default elementor-section-height-default\" data-id=\"6816407\" data-element_type=\"section\">\n\t\t\t\t\t\t<div class=\"elementor-container elementor-column-gap-no\">\n\t\t\t\t\t<div class=\"elementor-column elementor-col-50 elementor-inner-column elementor-element elementor-element-e136d65\" data-id=\"e136d65\" data-element_type=\"column\">\n\t\t\t<div class=\"elementor-widget-wrap elementor-element-populated\">\n\t\t\t\t\t\t\t\t<div class=\"elementor-element elementor-element-64ff0bd elementor-widget elementor-widget-image\" data-id=\"64ff0bd\" data-element_type=\"widget\" data-widget_type=\"image.default\">\n\t\t\t\t<div class=\"elementor-widget-container\">\n\t\t\t\t\t\t\t\t\t\t\t\t\t\t\t<img loading=\"lazy\" decoding=\"async\" width=\"147\" height=\"150\" src=\"https:\/\/digitsproject.eu\/wp-content\/uploads\/2023\/06\/Hip-150.jpg\" class=\"attachment-full size-full wp-image-1423\" alt=\"\" \/>\t\t\t\t\t\t\t\t\t\t\t\t\t\t\t<\/div>\n\t\t\t\t<\/div>\n\t\t\t\t\t<\/div>\n\t\t<\/div>\n\t\t\t\t<div class=\"elementor-column elementor-col-50 elementor-inner-column elementor-element elementor-element-b259fc6\" data-id=\"b259fc6\" data-element_type=\"column\">\n\t\t\t<div class=\"elementor-widget-wrap elementor-element-populated\">\n\t\t\t\t\t\t\t\t<div class=\"elementor-element elementor-element-3d2bebd elementor-widget elementor-widget-heading\" data-id=\"3d2bebd\" data-element_type=\"widget\" data-widget_type=\"heading.default\">\n\t\t\t\t<div class=\"elementor-widget-container\">\n\t\t\t<h2 class=\"elementor-heading-title elementor-size-default\">Hub for Innovation Policy<\/h2>\t\t<\/div>\n\t\t\t\t<\/div>\n\t\t\t\t<div class=\"elementor-element elementor-element-ff167ae elementor-widget elementor-widget-heading\" data-id=\"ff167ae\" data-element_type=\"widget\" data-widget_type=\"heading.default\">\n\t\t\t\t<div class=\"elementor-widget-container\">\n\t\t\t<p class=\"elementor-heading-title elementor-size-default\">Hub for Innovation Policy (HIP) to firma typu start-up, kt\u00f3rej misj\u0105 jest wykorzystywanie innowacji i technologii do rozwijania i wzmacniania us\u0142ug podmiot\u00f3w biznesowych i spo\u0142ecznych. G\u0142\u00f3wne narz\u0119dzia, kt\u00f3re wykorzystujemy w tym celu, obejmuj\u0105 narz\u0119dzia ICT, programy budowania potencja\u0142u i us\u0142ugi konsultingowe.\n<\/p>\t\t<\/div>\n\t\t\t\t<\/div>\n\t\t\t\t<div class=\"elementor-element elementor-element-43c5a70 elementor-widget elementor-widget-heading\" data-id=\"43c5a70\" data-element_type=\"widget\" data-widget_type=\"heading.default\">\n\t\t\t\t<div class=\"elementor-widget-container\">\n\t\t\t<p class=\"elementor-heading-title elementor-size-default\">Nasz zesp\u00f3\u0142 sk\u0142ada si\u0119 z ekspert\u00f3w wywodz\u0105cych si\u0119 z r\u00f3\u017cnych dziedzin, ale posiadaj\u0105cych solidne do\u015bwiadczenie w pracy z interesariuszami rynkowymi i trzecim sektorem na poziomie mi\u0119dzynarodowym. Nasze \u0142\u0105czne do\u015bwiadczenie i osi\u0105gni\u0119cia obejmuj\u0105 udan\u0105 wsp\u00f3\u0142prac\u0119 z firmami z r\u00f3\u017cnych bran\u017c i sektor\u00f3w gospodarki, instytucjami i w\u0142adzami lokalnymi w r\u00f3\u017cnych krajach UE, Komisj\u0105 Europejsk\u0105 oraz organizacjami pozarz\u0105dowymi i organizacjami dzia\u0142aj\u0105cymi w dziedzinie praw cz\u0142owieka.\n<\/p>\t\t<\/div>\n\t\t\t\t<\/div>\n\t\t\t\t<div class=\"elementor-element elementor-element-bd24ec0 elementor-widget elementor-widget-heading\" data-id=\"bd24ec0\" data-element_type=\"widget\" data-widget_type=\"heading.default\">\n\t\t\t\t<div class=\"elementor-widget-container\">\n\t\t\t<p class=\"elementor-heading-title elementor-size-default\">Nasze podej\u015bcie jest zorientowane na klienta, oparte na \u015bcis\u0142ej i regularnej wsp\u00f3\u0142pracy i interakcji z naszymi klientami i partnerami, w celu osi\u0105gni\u0119cia rozwi\u0105za\u0144 dostosowanych do ich konkretnych potrzeb i wyzwa\u0144.<\/p>\t\t<\/div>\n\t\t\t\t<\/div>\n\t\t\t\t<div class=\"elementor-element elementor-element-f98a1bf elementor-align-right elementor-widget elementor-widget-button\" data-id=\"f98a1bf\" data-element_type=\"widget\" data-widget_type=\"button.default\">\n\t\t\t\t<div class=\"elementor-widget-container\">\n\t\t\t\t\t<div class=\"elementor-button-wrapper\">\n\t\t\t<a class=\"elementor-button elementor-button-link elementor-size-sm\" href=\"https:\/\/hubinno.eu\" target=\"_blank\">\n\t\t\t\t\t\t<span class=\"elementor-button-content-wrapper\">\n\t\t\t\t\t\t<span class=\"elementor-button-icon elementor-align-icon-right\">\n\t\t\t\t<i aria-hidden=\"true\" class=\"fas fa-angle-right\"><\/i>\t\t\t<\/span>\n\t\t\t\t\t\t<span class=\"elementor-button-text\"> Wi\u0119cej informacji<\/span>\n\t\t<\/span>\n\t\t\t\t\t<\/a>\n\t\t<\/div>\n\t\t\t\t<\/div>\n\t\t\t\t<\/div>\n\t\t\t\t\t<\/div>\n\t\t<\/div>\n\t\t\t\t\t\t\t<\/div>\n\t\t<\/section>\n\t\t\t\t<section class=\"elementor-section elementor-inner-section elementor-element elementor-element-f1bee97 elementor-section-content-middle elementor-section-boxed elementor-section-height-default elementor-section-height-default\" data-id=\"f1bee97\" data-element_type=\"section\">\n\t\t\t\t\t\t<div class=\"elementor-container elementor-column-gap-no\">\n\t\t\t\t\t<div class=\"elementor-column elementor-col-50 elementor-inner-column elementor-element elementor-element-1c84ff6\" data-id=\"1c84ff6\" data-element_type=\"column\">\n\t\t\t<div class=\"elementor-widget-wrap elementor-element-populated\">\n\t\t\t\t\t\t\t\t<div class=\"elementor-element elementor-element-4c5cdd4 elementor-widget elementor-widget-image\" data-id=\"4c5cdd4\" data-element_type=\"widget\" data-widget_type=\"image.default\">\n\t\t\t\t<div class=\"elementor-widget-container\">\n\t\t\t\t\t\t\t\t\t\t\t\t\t\t\t<img loading=\"lazy\" decoding=\"async\" width=\"150\" height=\"150\" src=\"https:\/\/digitsproject.eu\/wp-content\/uploads\/2023\/06\/LOGO_GFM150.png\" class=\"attachment-full size-full wp-image-1531\" alt=\"\" \/>\t\t\t\t\t\t\t\t\t\t\t\t\t\t\t<\/div>\n\t\t\t\t<\/div>\n\t\t\t\t\t<\/div>\n\t\t<\/div>\n\t\t\t\t<div class=\"elementor-column elementor-col-50 elementor-inner-column elementor-element elementor-element-16d54e8\" data-id=\"16d54e8\" data-element_type=\"column\">\n\t\t\t<div class=\"elementor-widget-wrap elementor-element-populated\">\n\t\t\t\t\t\t\t\t<div class=\"elementor-element elementor-element-8e55cda elementor-widget elementor-widget-heading\" data-id=\"8e55cda\" data-element_type=\"widget\" data-widget_type=\"heading.default\">\n\t\t\t\t<div class=\"elementor-widget-container\">\n\t\t\t<h2 class=\"elementor-heading-title elementor-size-default\">GREEK FORUM OF MIGRANTS - Elliniko Forum Metanaston<\/h2>\t\t<\/div>\n\t\t\t\t<\/div>\n\t\t\t\t<div class=\"elementor-element elementor-element-d5cf109 elementor-widget elementor-widget-heading\" data-id=\"d5cf109\" data-element_type=\"widget\" data-widget_type=\"heading.default\">\n\t\t\t\t<div class=\"elementor-widget-container\">\n\t\t\t<p class=\"elementor-heading-title elementor-size-default\">Greckie Forum Migrant\u00f3w (GFM) to sie\u0107 organizacji i spo\u0142eczno\u015bci migrant\u00f3w w Grecji. Zosta\u0142o za\u0142o\u017cone we wrze\u015bniu 2002 r., dzia\u0142a jako zwi\u0105zek - organ, a jego cz\u0142onkowie licz\u0105 obecnie oko\u0142o 40 spo\u0142eczno\u015bci - organizacji.\n<\/p>\t\t<\/div>\n\t\t\t\t<\/div>\n\t\t\t\t<div class=\"elementor-element elementor-element-2f5f4ce elementor-widget elementor-widget-heading\" data-id=\"2f5f4ce\" data-element_type=\"widget\" data-widget_type=\"heading.default\">\n\t\t\t\t<div class=\"elementor-widget-container\">\n\t\t\t<p class=\"elementor-heading-title elementor-size-default\">Ich misj\u0105 jest promowanie integracji i w\u0142\u0105czenia migrant\u00f3w poprzez zwi\u0119kszanie ich indywidualnej i zbiorowej odpowiedzialno\u015bci i uczestnictwa, poprzez wsp\u00f3\u0142prac\u0119 z instytucjami, organizacjami pozarz\u0105dowymi i spo\u0142ecze\u0144stwem - na poziomie krajowym i europejskim.\n<\/p>\t\t<\/div>\n\t\t\t\t<\/div>\n\t\t\t\t<div class=\"elementor-element elementor-element-4924a76 elementor-widget elementor-widget-heading\" data-id=\"4924a76\" data-element_type=\"widget\" data-widget_type=\"heading.default\">\n\t\t\t\t<div class=\"elementor-widget-container\">\n\t\t\t<p class=\"elementor-heading-title elementor-size-default\">Ich g\u0142\u00f3wnym celem jest obrona praw migrant\u00f3w oraz ich r\u00f3wnej integracji zawodowej i spo\u0142ecznej..<br\/>\n\nAby wdro\u017cy\u0107 swoj\u0105 prac\u0119 i dzia\u0142ania, s\u0105 one aktywowane w trzech r\u00f3\u017cnych, ale wsp\u00f3\u0142zale\u017cnych obszarach: ze spo\u0142eczno\u015bciami samych migrant\u00f3w, ze spo\u0142ecze\u0144stwem greckim oraz z pa\u0144stwem greckim, z jego organizacjami i instytucjami.<\/p>\t\t<\/div>\n\t\t\t\t<\/div>\n\t\t\t\t<div class=\"elementor-element elementor-element-52c1de6 elementor-align-right elementor-widget elementor-widget-button\" data-id=\"52c1de6\" data-element_type=\"widget\" data-widget_type=\"button.default\">\n\t\t\t\t<div class=\"elementor-widget-container\">\n\t\t\t\t\t<div class=\"elementor-button-wrapper\">\n\t\t\t<a class=\"elementor-button elementor-button-link elementor-size-sm\" href=\"https:\/\/www.migrant.gr\/\" target=\"_blank\">\n\t\t\t\t\t\t<span class=\"elementor-button-content-wrapper\">\n\t\t\t\t\t\t<span class=\"elementor-button-icon elementor-align-icon-right\">\n\t\t\t\t<i aria-hidden=\"true\" class=\"fas fa-angle-right\"><\/i>\t\t\t<\/span>\n\t\t\t\t\t\t<span class=\"elementor-button-text\"> Wi\u0119cej informacji<\/span>\n\t\t<\/span>\n\t\t\t\t\t<\/a>\n\t\t<\/div>\n\t\t\t\t<\/div>\n\t\t\t\t<\/div>\n\t\t\t\t\t<\/div>\n\t\t<\/div>\n\t\t\t\t\t\t\t<\/div>\n\t\t<\/section>\n\t\t\t\t\t<\/div>\n\t\t<\/div>\n\t\t\t\t\t\t\t<\/div>\n\t\t<\/section>\n\t\t\t\t\t\t\t<\/div>\n\t\t","protected":false},"excerpt":{"rendered":"<p>Jeste\u015bmy tutaj, by pom\u00f3c w budowaniu kompetencji cyfrowych migrantek. DIGITS: Soft DIGITal Skills building for TCN women to dwuletni projekt wsp\u00f3\u0142finansowany przez Uni\u0119 Europejsk\u0105 w ramach programu ERASMUS+. Projekt jest realizowany przez partner\u00f3w w Polsce, Grecji, Rumunii, Belgii, Austrii i Niemczech. Projekt ma na celu popraw\u0119 integracji cyfrowej kobiet z kraj\u00f3w trzecich (TCN) poprzez praktyczne &hellip;<\/p>\n<p class=\"read-more\"> <a class=\"\" href=\"https:\/\/digitsproject.eu\/?page_id=2014&#038;lang=pl\"> <span class=\"screen-reader-text\">O nas<\/span> Read More &raquo;<\/a><\/p>\n","protected":false},"author":1,"featured_media":0,"parent":0,"menu_order":0,"comment_status":"closed","ping_status":"closed","template":"","meta":{"om_disable_all_campaigns":false,"_monsterinsights_skip_tracking":false,"_monsterinsights_sitenote_active":false,"_monsterinsights_sitenote_note":"","_monsterinsights_sitenote_category":0,"_uf_show_specific_survey":0,"_uf_disable_surveys":false,"site-sidebar-layout":"no-sidebar","site-content-layout":"page-builder","ast-global-header-display":"","ast-banner-title-visibility":"","ast-main-header-display":"","ast-hfb-above-header-display":"","ast-hfb-below-header-display":"","ast-hfb-mobile-header-display":"","site-post-title":"disabled","ast-breadcrumbs-content":"","ast-featured-img":"disabled","footer-sml-layout":"","theme-transparent-header-meta":"enabled","adv-header-id-meta":"","stick-header-meta":"","header-above-stick-meta":"","header-main-stick-meta":"","header-below-stick-meta":"","footnotes":""},"class_list":["post-2014","page","type-page","status-publish","hentry"],"aioseo_notices":[],"rttpg_featured_image_url":null,"rttpg_author":{"display_name":"alinfordon","author_link":"https:\/\/digitsproject.eu\/?author=1"},"rttpg_comment":0,"rttpg_category":" <a href=\"https:\/\/digitsproject.eu\/?lang=pl\" rel=\"tag\">Polski<\/a>","rttpg_excerpt":"Jeste\u015bmy tutaj, by pom\u00f3c w budowaniu kompetencji cyfrowych migrantek. DIGITS: Soft DIGITal Skills building for TCN women to dwuletni projekt wsp\u00f3\u0142finansowany przez Uni\u0119 Europejsk\u0105 w ramach programu ERASMUS+. Projekt jest realizowany przez partner\u00f3w w Polsce, Grecji, Rumunii, Belgii, Austrii i Niemczech. Projekt ma na celu popraw\u0119 integracji cyfrowej kobiet z kraj\u00f3w trzecich (TCN) poprzez praktyczne&hellip;","_links":{"self":[{"href":"https:\/\/digitsproject.eu\/index.php?rest_route=\/wp\/v2\/pages\/2014","targetHints":{"allow":["GET"]}}],"collection":[{"href":"https:\/\/digitsproject.eu\/index.php?rest_route=\/wp\/v2\/pages"}],"about":[{"href":"https:\/\/digitsproject.eu\/index.php?rest_route=\/wp\/v2\/types\/page"}],"author":[{"embeddable":true,"href":"https:\/\/digitsproject.eu\/index.php?rest_route=\/wp\/v2\/users\/1"}],"replies":[{"embeddable":true,"href":"https:\/\/digitsproject.eu\/index.php?rest_route=%2Fwp%2Fv2%2Fcomments&post=2014"}],"version-history":[{"count":13,"href":"https:\/\/digitsproject.eu\/index.php?rest_route=\/wp\/v2\/pages\/2014\/revisions"}],"predecessor-version":[{"id":2284,"href":"https:\/\/digitsproject.eu\/index.php?rest_route=\/wp\/v2\/pages\/2014\/revisions\/2284"}],"wp:attachment":[{"href":"https:\/\/digitsproject.eu\/index.php?rest_route=%2Fwp%2Fv2%2Fmedia&parent=2014"}],"curies":[{"name":"wp","href":"https:\/\/api.w.org\/{rel}","templated":true}]}}